{"id":57,"date":"2024-08-13T09:08:20","date_gmt":"2024-08-13T09:08:20","guid":{"rendered":"https:\/\/www.mp-berufsbekleidung.de\/?page_id=57"},"modified":"2025-09-24T14:47:38","modified_gmt":"2025-09-24T14:47:38","slug":"berufsbekleidung","status":"publish","type":"page","link":"https:\/\/www.mp-berufsbekleidung.de\/?page_id=57","title":{"rendered":"Berufsbekleidung"},"content":{"rendered":"\t\t<div data-elementor-type=\"wp-page\" data-elementor-id=\"57\" class=\"elementor elementor-57\" data-elementor-post-type=\"page\">\n\t\t\t\t<div class=\"elementor-element elementor-element-1ec7f7c e-flex e-con-boxed wpr-particle-no wpr-jarallax-no wpr-parallax-no wpr-sticky-section-no e-con e-parent\" data-id=\"1ec7f7c\" data-element_type=\"container\" data-settings=\"{&quot;background_background&quot;:&quot;classic&quot;}\">\n\t\t\t\t\t<div class=\"e-con-inner\">\n\t\t<div class=\"elementor-element elementor-element-8dd9aa2 e-con-full e-flex wpr-particle-no wpr-jarallax-no wpr-parallax-no wpr-sticky-section-no e-con e-child\" data-id=\"8dd9aa2\" data-element_type=\"container\">\n\t\t\t\t<div class=\"elementor-element elementor-element-8fb652f elementor-widget elementor-widget-heading\" data-id=\"8fb652f\" data-element_type=\"widget\" data-widget_type=\"heading.default\">\n\t\t\t\t<div class=\"elementor-widget-container\">\n\t\t\t\t\t<h1 class=\"elementor-heading-title elementor-size-default\">BerufsBEkleidung<\/h1>\t\t\t\t<\/div>\n\t\t\t\t<\/div>\n\t\t\t\t<\/div>\n\t\t\t\t\t<\/div>\n\t\t\t\t<\/div>\n\t\t<div class=\"elementor-element elementor-element-e4a3e04 e-flex e-con-boxed wpr-particle-no wpr-jarallax-no wpr-parallax-no wpr-sticky-section-no e-con e-parent\" data-id=\"e4a3e04\" data-element_type=\"container\">\n\t\t\t\t\t<div class=\"e-con-inner\">\n\t\t<div class=\"elementor-element elementor-element-df5b75d e-con-full e-flex wpr-particle-no wpr-jarallax-no wpr-parallax-no wpr-sticky-section-no e-con e-child\" data-id=\"df5b75d\" data-element_type=\"container\">\n\t\t<div class=\"elementor-element elementor-element-4cffb46 e-con-full e-flex wpr-particle-no wpr-jarallax-no wpr-parallax-no wpr-sticky-section-no e-con e-child\" data-id=\"4cffb46\" data-element_type=\"container\">\n\t\t<div class=\"elementor-element elementor-element-0f9cd26 e-con-full e-flex wpr-particle-no wpr-jarallax-no wpr-parallax-no wpr-sticky-section-no elementor-invisible e-con e-child\" data-id=\"0f9cd26\" data-element_type=\"container\" data-settings=\"{&quot;animation&quot;:&quot;bounceIn&quot;,&quot;background_background&quot;:&quot;classic&quot;}\">\n\t\t\t\t\t\t\t<div data-eael_duration=\"{&quot;transitionDuration&quot;:1000}\" data-eael_easing=\"{&quot;transitionEasing&quot;:&quot;ease&quot;}\" data-eael_hover_duration=\"{&quot;transitionDuration&quot;:1000}\" data-eael_hover_easing=\"{&quot;transitionEasing&quot;:&quot;ease&quot;}\" data-eaeltilt=\"eael_tilt\" class=\"eael_hover_effect elementor-element elementor-element-c6ca091 elementor-position-right elementor-view-default elementor-mobile-position-top elementor-widget elementor-widget-icon-box\" data-id=\"c6ca091\" data-element_type=\"widget\" data-settings=\"{&quot;eael_hover_effect_general_settings_easing&quot;:&quot;ease&quot;,&quot;eael_hover_effect_general_settings_hover_easing&quot;:&quot;ease&quot;}\" data-widget_type=\"icon-box.default\">\n\t\t\t\t<div class=\"elementor-widget-container\">\n\t\t\t\t\t\t\t<div class=\"elementor-icon-box-wrapper\">\n\n\t\t\t\t\t\t<div class=\"elementor-icon-box-icon\">\n\t\t\t\t<a href=\"https:\/\/www.mp-berufsbekleidung.de\/?page_id=90\" class=\"elementor-icon\" tabindex=\"-1\" aria-label=\"normale Berufskleidung\">\n\t\t\t\t<i aria-hidden=\"true\" class=\"icon icon-building\"><\/i>\t\t\t\t<\/a>\n\t\t\t<\/div>\n\t\t\t\n\t\t\t\t\t\t<div class=\"elementor-icon-box-content\">\n\n\t\t\t\t\t\t\t\t\t<h2 class=\"elementor-icon-box-title\">\n\t\t\t\t\t\t<a href=\"https:\/\/www.mp-berufsbekleidung.de\/?page_id=90\" >\n\t\t\t\t\t\t\tnormale Berufskleidung\t\t\t\t\t\t<\/a>\n\t\t\t\t\t<\/h2>\n\t\t\t\t\n\t\t\t\t\n\t\t\t<\/div>\n\t\t\t\n\t\t<\/div>\n\t\t\t\t\t\t<\/div>\n\t\t\t\t<\/div>\n\t\t\t\t<\/div>\n\t\t<div class=\"elementor-element elementor-element-3396a62 e-con-full e-flex wpr-particle-no wpr-jarallax-no wpr-parallax-no wpr-sticky-section-no elementor-invisible e-con e-child\" data-id=\"3396a62\" data-element_type=\"container\" data-settings=\"{&quot;animation&quot;:&quot;bounceIn&quot;,&quot;animation_delay&quot;:240}\">\n\t\t\t\t\t\t\t<div data-eael_duration=\"{&quot;transitionDuration&quot;:1000}\" data-eael_easing=\"{&quot;transitionEasing&quot;:&quot;ease&quot;}\" data-eael_hover_duration=\"{&quot;transitionDuration&quot;:1000}\" data-eael_hover_easing=\"{&quot;transitionEasing&quot;:&quot;ease&quot;}\" data-eaeltilt=\"eael_tilt\" class=\"eael_hover_effect elementor-element elementor-element-e645a1f elementor-position-right elementor-view-default elementor-mobile-position-top elementor-widget elementor-widget-icon-box\" data-id=\"e645a1f\" data-element_type=\"widget\" data-settings=\"{&quot;eael_hover_effect_general_settings_easing&quot;:&quot;ease&quot;,&quot;eael_hover_effect_general_settings_hover_easing&quot;:&quot;ease&quot;}\" data-widget_type=\"icon-box.default\">\n\t\t\t\t<div class=\"elementor-widget-container\">\n\t\t\t\t\t\t\t<div class=\"elementor-icon-box-wrapper\">\n\n\t\t\t\t\t\t<div class=\"elementor-icon-box-icon\">\n\t\t\t\t<a href=\"https:\/\/www.mp-berufsbekleidung.de\/?page_id=92\" class=\"elementor-icon\" tabindex=\"-1\" aria-label=\"Sicherheits-kleidung\">\n\t\t\t\t<i aria-hidden=\"true\" class=\"icon icon-apartment1\"><\/i>\t\t\t\t<\/a>\n\t\t\t<\/div>\n\t\t\t\n\t\t\t\t\t\t<div class=\"elementor-icon-box-content\">\n\n\t\t\t\t\t\t\t\t\t<h2 class=\"elementor-icon-box-title\">\n\t\t\t\t\t\t<a href=\"https:\/\/www.mp-berufsbekleidung.de\/?page_id=92\" >\n\t\t\t\t\t\t\tSicherheits-kleidung\t\t\t\t\t\t<\/a>\n\t\t\t\t\t<\/h2>\n\t\t\t\t\n\t\t\t\t\n\t\t\t<\/div>\n\t\t\t\n\t\t<\/div>\n\t\t\t\t\t\t<\/div>\n\t\t\t\t<\/div>\n\t\t\t\t<\/div>\n\t\t\t\t<\/div>\n\t\t<div class=\"elementor-element elementor-element-0206d5c e-con-full e-flex wpr-particle-no wpr-jarallax-no wpr-parallax-no wpr-sticky-section-no e-con e-child\" data-id=\"0206d5c\" data-element_type=\"container\">\n\t\t<div class=\"elementor-element elementor-element-b3032d6 e-con-full e-flex wpr-particle-no wpr-jarallax-no wpr-parallax-no wpr-sticky-section-no elementor-invisible e-con e-child\" data-id=\"b3032d6\" data-element_type=\"container\" data-settings=\"{&quot;animation&quot;:&quot;bounceIn&quot;,&quot;animation_delay&quot;:480}\">\n\t\t\t\t\t\t\t<div data-eael_duration=\"{&quot;transitionDuration&quot;:1000}\" data-eael_easing=\"{&quot;transitionEasing&quot;:&quot;ease&quot;}\" data-eael_hover_duration=\"{&quot;transitionDuration&quot;:1000}\" data-eael_hover_easing=\"{&quot;transitionEasing&quot;:&quot;ease&quot;}\" data-eaeltilt=\"eael_tilt\" class=\"eael_hover_effect elementor-element elementor-element-c49b8a2 elementor-position-right elementor-view-default elementor-mobile-position-top elementor-widget elementor-widget-icon-box\" data-id=\"c49b8a2\" data-element_type=\"widget\" data-settings=\"{&quot;eael_hover_effect_general_settings_easing&quot;:&quot;ease&quot;,&quot;eael_hover_effect_general_settings_hover_easing&quot;:&quot;ease&quot;}\" data-widget_type=\"icon-box.default\">\n\t\t\t\t<div class=\"elementor-widget-container\">\n\t\t\t\t\t\t\t<div class=\"elementor-icon-box-wrapper\">\n\n\t\t\t\t\t\t<div class=\"elementor-icon-box-icon\">\n\t\t\t\t<a href=\"https:\/\/www.mp-berufsbekleidung.de\/?page_id=94\" class=\"elementor-icon\" tabindex=\"-1\" aria-label=\"Kleidung f\u00fcrs Handwerk\">\n\t\t\t\t<i aria-hidden=\"true\" class=\"icon icon-commerce-2\"><\/i>\t\t\t\t<\/a>\n\t\t\t<\/div>\n\t\t\t\n\t\t\t\t\t\t<div class=\"elementor-icon-box-content\">\n\n\t\t\t\t\t\t\t\t\t<h2 class=\"elementor-icon-box-title\">\n\t\t\t\t\t\t<a href=\"https:\/\/www.mp-berufsbekleidung.de\/?page_id=94\" >\n\t\t\t\t\t\t\tKleidung f\u00fcrs Handwerk\t\t\t\t\t\t<\/a>\n\t\t\t\t\t<\/h2>\n\t\t\t\t\n\t\t\t\t\n\t\t\t<\/div>\n\t\t\t\n\t\t<\/div>\n\t\t\t\t\t\t<\/div>\n\t\t\t\t<\/div>\n\t\t\t\t<\/div>\n\t\t<div class=\"elementor-element elementor-element-6a85d0d e-con-full e-flex wpr-particle-no wpr-jarallax-no wpr-parallax-no wpr-sticky-section-no elementor-invisible e-con e-child\" data-id=\"6a85d0d\" data-element_type=\"container\" data-settings=\"{&quot;animation&quot;:&quot;bounceIn&quot;,&quot;animation_delay&quot;:600}\">\n\t\t\t\t\t\t\t<div data-eael_duration=\"{&quot;transitionDuration&quot;:1000}\" data-eael_easing=\"{&quot;transitionEasing&quot;:&quot;ease&quot;}\" data-eael_hover_duration=\"{&quot;transitionDuration&quot;:1000}\" data-eael_hover_easing=\"{&quot;transitionEasing&quot;:&quot;ease&quot;}\" data-eaeltilt=\"eael_tilt\" class=\"eael_hover_effect elementor-element elementor-element-331e1ae elementor-position-right elementor-view-default elementor-mobile-position-top elementor-widget elementor-widget-icon-box\" data-id=\"331e1ae\" data-element_type=\"widget\" data-settings=\"{&quot;eael_hover_effect_general_settings_easing&quot;:&quot;ease&quot;,&quot;eael_hover_effect_general_settings_hover_easing&quot;:&quot;ease&quot;}\" data-widget_type=\"icon-box.default\">\n\t\t\t\t<div class=\"elementor-widget-container\">\n\t\t\t\t\t\t\t<div class=\"elementor-icon-box-wrapper\">\n\n\t\t\t\t\t\t<div class=\"elementor-icon-box-icon\">\n\t\t\t\t<a href=\"https:\/\/www.mp-berufsbekleidung.de\/?page_id=96\" class=\"elementor-icon\" tabindex=\"-1\" aria-label=\"Kleidung Medizinbranche\">\n\t\t\t\t<i aria-hidden=\"true\" class=\"icon icon-apartment\"><\/i>\t\t\t\t<\/a>\n\t\t\t<\/div>\n\t\t\t\n\t\t\t\t\t\t<div class=\"elementor-icon-box-content\">\n\n\t\t\t\t\t\t\t\t\t<h3 class=\"elementor-icon-box-title\">\n\t\t\t\t\t\t<a href=\"https:\/\/www.mp-berufsbekleidung.de\/?page_id=96\" >\n\t\t\t\t\t\t\tKleidung Medizinbranche\t\t\t\t\t\t<\/a>\n\t\t\t\t\t<\/h3>\n\t\t\t\t\n\t\t\t\t\n\t\t\t<\/div>\n\t\t\t\n\t\t<\/div>\n\t\t\t\t\t\t<\/div>\n\t\t\t\t<\/div>\n\t\t\t\t<\/div>\n\t\t\t\t<\/div>\n\t\t\t\t<\/div>\n\t\t<div class=\"elementor-element elementor-element-b08caeb e-con-full e-flex wpr-particle-no wpr-jarallax-no wpr-parallax-no wpr-sticky-section-no elementor-invisible e-con e-child\" data-id=\"b08caeb\" data-element_type=\"container\" data-settings=\"{&quot;background_background&quot;:&quot;classic&quot;,&quot;animation&quot;:&quot;fadeInUp&quot;}\">\n\t\t<div class=\"elementor-element elementor-element-0566ec2 e-con-full e-flex wpr-particle-no wpr-jarallax-no wpr-parallax-no wpr-sticky-section-no e-con e-child\" data-id=\"0566ec2\" data-element_type=\"container\" data-settings=\"{&quot;background_background&quot;:&quot;classic&quot;}\">\n\t\t<div class=\"elementor-element elementor-element-851de10 e-con-full e-flex wpr-particle-no wpr-jarallax-no wpr-parallax-no wpr-sticky-section-no e-con e-child\" data-id=\"851de10\" data-element_type=\"container\">\n\t\t\t\t<div class=\"elementor-element elementor-element-0cee4d1 elementor-widget elementor-widget-heading\" data-id=\"0cee4d1\" data-element_type=\"widget\" data-widget_type=\"heading.default\">\n\t\t\t\t<div class=\"elementor-widget-container\">\n\t\t\t\t\t<h3 class=\"elementor-heading-title elementor-size-default\">Kontaktiere uns f\u00fcr ein unverbindliches Beratungsgespr\u00e4ch!<\/h3>\t\t\t\t<\/div>\n\t\t\t\t<\/div>\n\t\t\t\t<div class=\"elementor-element elementor-element-55469fb elementor-button-align-stretch elementor-widget elementor-widget-form\" data-id=\"55469fb\" data-element_type=\"widget\" data-settings=\"{&quot;step_next_label&quot;:&quot;Next&quot;,&quot;step_previous_label&quot;:&quot;Previous&quot;,&quot;button_width&quot;:&quot;100&quot;,&quot;step_type&quot;:&quot;number_text&quot;,&quot;step_icon_shape&quot;:&quot;circle&quot;}\" data-widget_type=\"form.default\">\n\t\t\t\t<div class=\"elementor-widget-container\">\n\t\t\t\t\t\t\t<form class=\"elementor-form\" method=\"post\" name=\"New Form\" aria-label=\"New Form\">\n\t\t\t<input type=\"hidden\" name=\"post_id\" value=\"57\"\/>\n\t\t\t<input type=\"hidden\" name=\"form_id\" value=\"55469fb\"\/>\n\t\t\t<input type=\"hidden\" name=\"referer_title\" value=\"Berufsbekleidung - M.P. Berufsbekleidung\" \/>\n\n\t\t\t\t\t\t\t<input type=\"hidden\" name=\"queried_id\" value=\"57\"\/>\n\t\t\t\n\t\t\t<div class=\"elementor-form-fields-wrapper elementor-labels-above\">\n\t\t\t\t\t\t\t\t<div class=\"elementor-field-type-text elementor-field-group elementor-column elementor-field-group-name elementor-col-100\">\n\t\t\t\t\t\t\t\t\t\t\t\t<label for=\"form-field-name\" class=\"elementor-field-label\">\n\t\t\t\t\t\t\t\tName\t\t\t\t\t\t\t<\/label>\n\t\t\t\t\t\t\t\t\t\t\t\t\t\t<input size=\"1\" type=\"text\" name=\"form_fields[name]\" id=\"form-field-name\" class=\"elementor-field elementor-size-sm  elementor-field-textual\" placeholder=\"Name\">\n\t\t\t\t\t\t\t\t\t\t\t<\/div>\n\t\t\t\t\t\t\t\t<div class=\"elementor-field-type-email elementor-field-group elementor-column elementor-field-group-email elementor-col-100 elementor-field-required\">\n\t\t\t\t\t\t\t\t\t\t\t\t<label for=\"form-field-email\" class=\"elementor-field-label\">\n\t\t\t\t\t\t\t\tEmail\t\t\t\t\t\t\t<\/label>\n\t\t\t\t\t\t\t\t\t\t\t\t\t\t<input size=\"1\" type=\"email\" name=\"form_fields[email]\" id=\"form-field-email\" class=\"elementor-field elementor-size-sm  elementor-field-textual\" placeholder=\"Email\" required=\"required\">\n\t\t\t\t\t\t\t\t\t\t\t<\/div>\n\t\t\t\t\t\t\t\t<div class=\"elementor-field-type-tel elementor-field-group elementor-column elementor-field-group-message elementor-col-100\">\n\t\t\t\t\t\t\t\t\t\t\t\t<label for=\"form-field-message\" class=\"elementor-field-label\">\n\t\t\t\t\t\t\t\tTel\t\t\t\t\t\t\t<\/label>\n\t\t\t\t\t\t\t\t<input size=\"1\" type=\"tel\" name=\"form_fields[message]\" id=\"form-field-message\" class=\"elementor-field elementor-size-sm  elementor-field-textual\" placeholder=\"Telefon\" pattern=\"[0-9()#&amp;+*-=.]+\" title=\"Only numbers and phone characters (#, -, *, etc) are accepted.\">\n\n\t\t\t\t\t\t<\/div>\n\t\t\t\t\t\t\t\t<div class=\"elementor-field-group elementor-column elementor-field-type-submit elementor-col-100 e-form__buttons\">\n\t\t\t\t\t<button class=\"elementor-button elementor-size-sm\" type=\"submit\">\n\t\t\t\t\t\t<span class=\"elementor-button-content-wrapper\">\n\t\t\t\t\t\t\t\t\t\t\t\t\t\t\t\t\t\t\t\t\t\t<span class=\"elementor-button-text\">Nachricht absenden<\/span>\n\t\t\t\t\t\t\t\t\t\t\t\t\t<\/span>\n\t\t\t\t\t<\/button>\n\t\t\t\t<\/div>\n\t\t\t<\/div>\n\t\t<\/form>\n\t\t\t\t\t\t<\/div>\n\t\t\t\t<\/div>\n\t\t\t\t<\/div>\n\t\t\t\t<\/div>\n\t\t\t\t<\/div>\n\t\t\t\t\t<\/div>\n\t\t\t\t<\/div>\n\t\t<div class=\"elementor-element elementor-element-29cb213 e-flex e-con-boxed wpr-particle-no wpr-jarallax-no wpr-parallax-no wpr-sticky-section-no e-con e-parent\" data-id=\"29cb213\" data-element_type=\"container\">\n\t\t\t\t\t<div class=\"e-con-inner\">\n\t\t<div class=\"elementor-element elementor-element-4c67706 e-con-full e-flex wpr-particle-no wpr-jarallax-no wpr-parallax-no wpr-sticky-section-no e-con e-child\" data-id=\"4c67706\" data-element_type=\"container\">\n\t\t\t\t<div class=\"elementor-element elementor-element-fef6c37 elementor-widget elementor-widget-image\" data-id=\"fef6c37\" data-element_type=\"widget\" data-widget_type=\"image.default\">\n\t\t\t\t<div class=\"elementor-widget-container\">\n\t\t\t\t\t\t\t\t\t\t\t\t\t\t\t<img decoding=\"async\" src=\"https:\/\/www.mp-berufsbekleidung.de\/wp-content\/uploads\/elementor\/thumbs\/DSC05680-scaled-ra7jac6utuziwq66f5w47ex5efc7cjp3hg42z7n240.jpg\" title=\"Sicherheitsschuhe und Zunftkleidung \u2013 robust &#038; traditionsbewusst bei MP Berufsbekleidung.\" alt=\"Regal mit Sicherheitsschuhen und traditioneller Zunftbekleidung bei MP Berufsbekleidung.\" loading=\"lazy\" \/>\t\t\t\t\t\t\t\t\t\t\t\t\t\t\t<\/div>\n\t\t\t\t<\/div>\n\t\t\t\t<\/div>\n\t\t<div class=\"elementor-element elementor-element-5eca78e e-con-full e-flex wpr-particle-no wpr-jarallax-no wpr-parallax-no wpr-sticky-section-no e-con e-child\" data-id=\"5eca78e\" data-element_type=\"container\">\n\t\t\t\t<div class=\"elementor-element elementor-element-7b18cce elementor-widget elementor-widget-heading\" data-id=\"7b18cce\" data-element_type=\"widget\" data-widget_type=\"heading.default\">\n\t\t\t\t<div class=\"elementor-widget-container\">\n\t\t\t\t\t<h3 class=\"elementor-heading-title elementor-size-default\">Schluss mit sparen am falschen ende!<\/h3>\t\t\t\t<\/div>\n\t\t\t\t<\/div>\n\t\t\t\t<div class=\"elementor-element elementor-element-8a61fab elementor-widget elementor-widget-heading\" data-id=\"8a61fab\" data-element_type=\"widget\" data-widget_type=\"heading.default\">\n\t\t\t\t<div class=\"elementor-widget-container\">\n\t\t\t\t\t<h3 class=\"elementor-heading-title elementor-size-default\">Deine Berufsbekleidung tr\u00e4gst du oder deine Mitarbeiter fast t\u00e4glich. <\/h3>\t\t\t\t<\/div>\n\t\t\t\t<\/div>\n\t\t\t\t<div class=\"elementor-element elementor-element-7f99c72 elementor-widget elementor-widget-text-editor\" data-id=\"7f99c72\" data-element_type=\"widget\" data-widget_type=\"text-editor.default\">\n\t\t\t\t<div class=\"elementor-widget-container\">\n\t\t\t\t\t\t\t\t\t<p>Deine Berufsbekleidung wird fast t\u00e4glich getragen und muss dabei viel aushalten. G\u00fcnstige Kleidung mag verlockend wirken, doch minderwertige Materialien und schlechte Verarbeitung verschlei\u00dfen schnell und bieten nicht den n\u00f6tigen Komfort oder Schutz. Das Ergebnis: Du musst \u00f6fter nachkaufen und hast letztlich h\u00f6here Kosten.<\/p><p>Investiere stattdessen in hochwertige Berufsbekleidung, die robust, langlebig und bequem ist. Durch gute Qualit\u00e4t sparst du langfristig, da die Kleidung l\u00e4nger h\u00e4lt und dein Team immer professionell aussieht \u2013 selbst nach intensiver Nutzung.<\/p>\t\t\t\t\t\t\t\t<\/div>\n\t\t\t\t<\/div>\n\t\t\t\t<\/div>\n\t\t\t\t\t<\/div>\n\t\t\t\t<\/div>\n\t\t<div class=\"elementor-element elementor-element-5ab5b22 e-flex e-con-boxed wpr-particle-no wpr-jarallax-no wpr-parallax-no wpr-sticky-section-no e-con e-parent\" data-id=\"5ab5b22\" data-element_type=\"container\" data-settings=\"{&quot;background_background&quot;:&quot;classic&quot;}\">\n\t\t\t\t\t<div class=\"e-con-inner\">\n\t\t<div class=\"elementor-element elementor-element-52ed0ff e-con-full e-flex wpr-particle-no wpr-jarallax-no wpr-parallax-no wpr-sticky-section-no e-con e-child\" data-id=\"52ed0ff\" data-element_type=\"container\">\n\t\t\t\t<div class=\"elementor-element elementor-element-d565fb3 elementor-widget elementor-widget-heading\" data-id=\"d565fb3\" data-element_type=\"widget\" data-widget_type=\"heading.default\">\n\t\t\t\t<div class=\"elementor-widget-container\">\n\t\t\t\t\t<h4 class=\"elementor-heading-title elementor-size-default\">Berufsbekleidung tr\u00e4gst du \u00fcber 8 stunden am tag.<\/h4>\t\t\t\t<\/div>\n\t\t\t\t<\/div>\n\t\t\t\t<\/div>\n\t\t\t\t\t<\/div>\n\t\t\t\t<\/div>\n\t\t<div class=\"elementor-element elementor-element-7678250 e-flex e-con-boxed wpr-particle-no wpr-jarallax-no wpr-parallax-no wpr-sticky-section-no e-con e-parent\" data-id=\"7678250\" data-element_type=\"container\">\n\t\t\t\t\t<div class=\"e-con-inner\">\n\t\t<div class=\"elementor-element elementor-element-730cafa e-con-full e-flex wpr-particle-no wpr-jarallax-no wpr-parallax-no wpr-sticky-section-no e-con e-child\" data-id=\"730cafa\" data-element_type=\"container\">\n\t\t\t\t<div class=\"elementor-element elementor-element-d7e46e1 elementor-widget elementor-widget-heading\" data-id=\"d7e46e1\" data-element_type=\"widget\" data-widget_type=\"heading.default\">\n\t\t\t\t<div class=\"elementor-widget-container\">\n\t\t\t\t\t<h4 class=\"elementor-heading-title elementor-size-default\">Unsere Hersteller<\/h4>\t\t\t\t<\/div>\n\t\t\t\t<\/div>\n\t\t\t\t<div class=\"elementor-element elementor-element-03703b4 elementor-widget-divider--view-line elementor-widget elementor-widget-divider\" data-id=\"03703b4\" data-element_type=\"widget\" data-widget_type=\"divider.default\">\n\t\t\t\t<div class=\"elementor-widget-container\">\n\t\t\t\t\t\t\t<div class=\"elementor-divider\">\n\t\t\t<span class=\"elementor-divider-separator\">\n\t\t\t\t\t\t<\/span>\n\t\t<\/div>\n\t\t\t\t\t\t<\/div>\n\t\t\t\t<\/div>\n\t\t\t\t<div class=\"elementor-element elementor-element-5b69d1f elementor-pagination-position-inside elementor-invisible elementor-widget elementor-widget-image-carousel\" data-id=\"5b69d1f\" data-element_type=\"widget\" data-settings=\"{&quot;slides_to_show&quot;:&quot;5&quot;,&quot;slides_to_scroll&quot;:&quot;5&quot;,&quot;navigation&quot;:&quot;dots&quot;,&quot;slides_to_show_tablet&quot;:&quot;3&quot;,&quot;slides_to_show_mobile&quot;:&quot;3&quot;,&quot;_animation&quot;:&quot;fadeInUp&quot;,&quot;_animation_delay&quot;:50,&quot;autoplay&quot;:&quot;yes&quot;,&quot;pause_on_hover&quot;:&quot;yes&quot;,&quot;pause_on_interaction&quot;:&quot;yes&quot;,&quot;autoplay_speed&quot;:5000,&quot;infinite&quot;:&quot;yes&quot;,&quot;speed&quot;:500}\" data-widget_type=\"image-carousel.default\">\n\t\t\t\t<div class=\"elementor-widget-container\">\n\t\t\t\t\t\t\t<div class=\"elementor-image-carousel-wrapper swiper\" role=\"region\" aria-roledescription=\"carousel\" aria-label=\"Image Carousel\" dir=\"ltr\">\n\t\t\t<div class=\"elementor-image-carousel swiper-wrapper\" aria-live=\"off\">\n\t\t\t\t\t\t\t\t<div class=\"swiper-slide\" role=\"group\" aria-roledescription=\"slide\" aria-label=\"1 of 11\"><figure class=\"swiper-slide-inner\"><img decoding=\"async\" class=\"swiper-slide-image\" src=\"https:\/\/www.mp-berufsbekleidung.de\/wp-content\/uploads\/2024\/12\/16.png\" alt=\"Leiber Berufsmode-Logo in Blau mit wei\u00dfer Schrift, umrahmt von einem Rechteck und einem roten Punkt als markantes Designelement.\" \/><\/figure><\/div><div class=\"swiper-slide\" role=\"group\" aria-roledescription=\"slide\" aria-label=\"2 of 11\"><figure class=\"swiper-slide-inner\"><img decoding=\"async\" class=\"swiper-slide-image\" src=\"https:\/\/www.mp-berufsbekleidung.de\/wp-content\/uploads\/2024\/12\/17.png\" alt=\"Elten-Logo in wei\u00dfer, fettgedruckter Schrift auf einem schr\u00e4gen roten Rechteck, das Dynamik und Kraft symbolisiert.\" \/><\/figure><\/div><div class=\"swiper-slide\" role=\"group\" aria-roledescription=\"slide\" aria-label=\"3 of 11\"><figure class=\"swiper-slide-inner\"><img decoding=\"async\" class=\"swiper-slide-image\" src=\"https:\/\/www.mp-berufsbekleidung.de\/wp-content\/uploads\/2024\/12\/18.png\" alt=\"FaPak Collection-Logo mit geschwungenen roten und blauen Linien sowie eleganter schwarzer Schrift, erg\u00e4nzt durch den Slogan \u201aby MS Textilhandel\u2018.\" \/><\/figure><\/div><div class=\"swiper-slide\" role=\"group\" aria-roledescription=\"slide\" aria-label=\"4 of 11\"><figure class=\"swiper-slide-inner\"><img decoding=\"async\" class=\"swiper-slide-image\" src=\"https:\/\/www.mp-berufsbekleidung.de\/wp-content\/uploads\/2024\/12\/19.png\" alt=\"Uneek Clothing Europe-Logo in einem modernen, orangefarbenen Schriftstil mit Spiegelungseffekt.\" \/><\/figure><\/div><div class=\"swiper-slide\" role=\"group\" aria-roledescription=\"slide\" aria-label=\"5 of 11\"><figure class=\"swiper-slide-inner\"><img decoding=\"async\" class=\"swiper-slide-image\" src=\"https:\/\/www.mp-berufsbekleidung.de\/wp-content\/uploads\/2024\/12\/20.png\" alt=\"HAKRO-Logo mit dem Slogan \u201aH\u00c4LT. SEIT 1969\u2018 in schwarzer Schrift und einem roten, kreisf\u00f6rmigen Markenzeichen auf der rechten Seite.\" \/><\/figure><\/div><div class=\"swiper-slide\" role=\"group\" aria-roledescription=\"slide\" aria-label=\"6 of 11\"><figure class=\"swiper-slide-inner\"><img decoding=\"async\" class=\"swiper-slide-image\" src=\"https:\/\/www.mp-berufsbekleidung.de\/wp-content\/uploads\/2024\/12\/22.png\" alt=\"Logo der Marke U-Power mit einem stilisierten roten L\u00f6wenkopf auf der linken Seite, gefolgt vom Schriftzug \u201aU-Power\u2018 in grauer und schwarzer Schrift mit einer roten Unterstreichung.\" \/><\/figure><\/div><div class=\"swiper-slide\" role=\"group\" aria-roledescription=\"slide\" aria-label=\"7 of 11\"><figure class=\"swiper-slide-inner\"><img decoding=\"async\" class=\"swiper-slide-image\" src=\"https:\/\/www.mp-berufsbekleidung.de\/wp-content\/uploads\/2024\/12\/23.png\" alt=\"Logo von FHB\u00ae mit einer Illustration zweier Handwerker in traditioneller Zunftkleidung, die sich die Hand reichen, darunter der Schriftzug \u201aFHB\u2018 in roter, fetter Schrift.\" \/><\/figure><\/div><div class=\"swiper-slide\" role=\"group\" aria-roledescription=\"slide\" aria-label=\"8 of 11\"><figure class=\"swiper-slide-inner\"><img decoding=\"async\" class=\"swiper-slide-image\" src=\"https:\/\/www.mp-berufsbekleidung.de\/wp-content\/uploads\/2024\/12\/24.png\" alt=\"Schlichtes Logo mit der Aufschrift \u201aFHB\u00ae\u2018 in schwarzer, fetter Schrift.\" \/><\/figure><\/div><div class=\"swiper-slide\" role=\"group\" aria-roledescription=\"slide\" aria-label=\"9 of 11\"><figure class=\"swiper-slide-inner\"><img decoding=\"async\" class=\"swiper-slide-image\" src=\"https:\/\/www.mp-berufsbekleidung.de\/wp-content\/uploads\/2025\/01\/neu-2.png\" alt=\"Logo von workwear by brams mit einem gro\u00dfen, abgenutzten wei\u00dfen &#039;b&#039; auf schwarzem Hintergrund und gelber sowie wei\u00dfer Schrift.\" \/><\/figure><\/div><div class=\"swiper-slide\" role=\"group\" aria-roledescription=\"slide\" aria-label=\"10 of 11\"><figure class=\"swiper-slide-inner\"><img decoding=\"async\" class=\"swiper-slide-image\" src=\"https:\/\/www.mp-berufsbekleidung.de\/wp-content\/uploads\/2025\/01\/neu.png\" alt=\"Logo von HEROCK mit fetter schwarzer Schrift und einem orangefarbenen Fingerabdruck als Buchstabe &#039;O&#039;.\" \/><\/figure><\/div><div class=\"swiper-slide\" role=\"group\" aria-roledescription=\"slide\" aria-label=\"11 of 11\"><figure class=\"swiper-slide-inner\"><img decoding=\"async\" class=\"swiper-slide-image\" src=\"https:\/\/www.mp-berufsbekleidung.de\/wp-content\/uploads\/2025\/01\/33.png\" alt=\"Logo von abeba mit moderner, abgerundeter blauer Schrift in unterschiedlichen Blaut\u00f6nen.\" \/><\/figure><\/div>\t\t\t<\/div>\n\t\t\t\t\t\t\t\n\t\t\t\t\t\t\t\t\t<div class=\"swiper-pagination\"><\/div>\n\t\t\t\t\t\t\t\t\t<\/div>\n\t\t\t\t\t\t<\/div>\n\t\t\t\t<\/div>\n\t\t\t\t<\/div>\n\t\t\t\t\t<\/div>\n\t\t\t\t<\/div>\n\t\t<div class=\"elementor-element elementor-element-8b9a720 e-flex e-con-boxed wpr-particle-no wpr-jarallax-no wpr-parallax-no wpr-sticky-section-no e-con e-parent\" data-id=\"8b9a720\" data-element_type=\"container\">\n\t\t\t\t\t<div class=\"e-con-inner\">\n\t\t<div class=\"elementor-element elementor-element-ab75f75 e-con-full e-flex wpr-particle-no wpr-jarallax-no wpr-parallax-no wpr-sticky-section-no e-con e-child\" data-id=\"ab75f75\" data-element_type=\"container\">\n\t\t\t\t<div class=\"elementor-element elementor-element-f9dd9b6 elementor-widget elementor-widget-heading\" data-id=\"f9dd9b6\" data-element_type=\"widget\" data-widget_type=\"heading.default\">\n\t\t\t\t<div class=\"elementor-widget-container\">\n\t\t\t\t\t<h4 class=\"elementor-heading-title elementor-size-default\">Darum unsere hochwertige Berufskleidung und individuelle Beratung<\/h4>\t\t\t\t<\/div>\n\t\t\t\t<\/div>\n\t\t\t\t<div class=\"elementor-element elementor-element-1e8c8dd elementor-widget elementor-widget-text-editor\" data-id=\"1e8c8dd\" data-element_type=\"widget\" data-widget_type=\"text-editor.default\">\n\t\t\t\t<div class=\"elementor-widget-container\">\n\t\t\t\t\t\t\t\t\t<p>Unsere hochwertige Berufsbekleidung zeichnet sich durch Langlebigkeit, Komfort und eine professionelle Optik aus \u2013 genau das, was du und dein Team im Arbeitsalltag brauchen. Mit strapazierf\u00e4higen Materialien und pr\u00e4ziser Verarbeitung sorgen wir daf\u00fcr, dass deine Kleidung auch bei starker Beanspruchung lange in Form bleibt und dabei stets gut aussieht.<\/p>\t\t\t\t\t\t\t\t<\/div>\n\t\t\t\t<\/div>\n\t\t\t\t<div class=\"elementor-element elementor-element-115b81e elementor-tablet-align-center elementor-icon-list--layout-traditional elementor-list-item-link-full_width elementor-widget elementor-widget-icon-list\" data-id=\"115b81e\" data-element_type=\"widget\" data-widget_type=\"icon-list.default\">\n\t\t\t\t<div class=\"elementor-widget-container\">\n\t\t\t\t\t\t\t<ul class=\"elementor-icon-list-items\">\n\t\t\t\t\t\t\t<li class=\"elementor-icon-list-item\">\n\t\t\t\t\t\t\t\t\t\t\t<span class=\"elementor-icon-list-icon\">\n\t\t\t\t\t\t\t<i aria-hidden=\"true\" class=\"fas fa-check\"><\/i>\t\t\t\t\t\t<\/span>\n\t\t\t\t\t\t\t\t\t\t<span class=\"elementor-icon-list-text\">Langlebige Qualit\u00e4t<\/span>\n\t\t\t\t\t\t\t\t\t<\/li>\n\t\t\t\t\t\t\t\t<li class=\"elementor-icon-list-item\">\n\t\t\t\t\t\t\t\t\t\t\t<span class=\"elementor-icon-list-icon\">\n\t\t\t\t\t\t\t<i aria-hidden=\"true\" class=\"fas fa-check\"><\/i>\t\t\t\t\t\t<\/span>\n\t\t\t\t\t\t\t\t\t\t<span class=\"elementor-icon-list-text\">Individuelle Veredelung<\/span>\n\t\t\t\t\t\t\t\t\t<\/li>\n\t\t\t\t\t\t\t\t<li class=\"elementor-icon-list-item\">\n\t\t\t\t\t\t\t\t\t\t\t<span class=\"elementor-icon-list-icon\">\n\t\t\t\t\t\t\t<i aria-hidden=\"true\" class=\"fas fa-check\"><\/i>\t\t\t\t\t\t<\/span>\n\t\t\t\t\t\t\t\t\t\t<span class=\"elementor-icon-list-text\">Ma\u00dfgeschneiderte Beratung<\/span>\n\t\t\t\t\t\t\t\t\t<\/li>\n\t\t\t\t\t\t\t\t<li class=\"elementor-icon-list-item\">\n\t\t\t\t\t\t\t\t\t\t\t<span class=\"elementor-icon-list-icon\">\n\t\t\t\t\t\t\t<i aria-hidden=\"true\" class=\"fas fa-check\"><\/i>\t\t\t\t\t\t<\/span>\n\t\t\t\t\t\t\t\t\t\t<span class=\"elementor-icon-list-text\">Schnelle Lieferung<\/span>\n\t\t\t\t\t\t\t\t\t<\/li>\n\t\t\t\t\t\t<\/ul>\n\t\t\t\t\t\t<\/div>\n\t\t\t\t<\/div>\n\t\t\t\t<div class=\"elementor-element elementor-element-b869348 elementor-widget elementor-widget-text-editor\" data-id=\"b869348\" data-element_type=\"widget\" data-widget_type=\"text-editor.default\">\n\t\t\t\t<div class=\"elementor-widget-container\">\n\t\t\t\t\t\t\t\t\t<p>Doch es geht nicht nur um die Kleidung: Unsere individuelle Beratung hilft dir, die perfekte L\u00f6sung f\u00fcr deine speziellen Anforderungen zu finden. Ob Design, Materialwahl oder Veredelung \u2013 wir h\u00f6ren dir zu und bieten ma\u00dfgeschneiderte Vorschl\u00e4ge, die dein Unternehmen optimal repr\u00e4sentieren.<\/p>\t\t\t\t\t\t\t\t<\/div>\n\t\t\t\t<\/div>\n\t\t\t\t<\/div>\n\t\t<div class=\"elementor-element elementor-element-2e6e7c3 e-con-full e-flex wpr-particle-no wpr-jarallax-no wpr-parallax-no wpr-sticky-section-no e-con e-child\" data-id=\"2e6e7c3\" data-element_type=\"container\">\n\t\t\t\t<div class=\"elementor-element elementor-element-76e9b5c elementor-widget elementor-widget-image\" data-id=\"76e9b5c\" data-element_type=\"widget\" data-widget_type=\"image.default\">\n\t\t\t\t<div class=\"elementor-widget-container\">\n\t\t\t\t\t\t\t\t\t\t\t\t\t\t\t<img decoding=\"async\" src=\"https:\/\/www.mp-berufsbekleidung.de\/wp-content\/uploads\/elementor\/thumbs\/DSC05658-scaled-ra7jbstuofscuum0wcpvbdzbxnewqvwhskj57vv7w0.jpg\" title=\"MP Berufsbekleidung \u2013 Gro\u00dfe Auswahl an Warnschutzkleidung und Arbeitsmode.\" alt=\"Innenansicht eines Bekleidungsgesch\u00e4fts mit Warnschutzkleidung, T-Shirts, Rucks\u00e4cken und Arbeitshosen bei MP Berufsbekleidung\" loading=\"lazy\" \/>\t\t\t\t\t\t\t\t\t\t\t\t\t\t\t<\/div>\n\t\t\t\t<\/div>\n\t\t\t\t<\/div>\n\t\t\t\t\t<\/div>\n\t\t\t\t<\/div>\n\t\t<div class=\"elementor-element elementor-element-01d34e2 e-flex e-con-boxed wpr-particle-no wpr-jarallax-no wpr-parallax-no wpr-sticky-section-no e-con e-parent\" data-id=\"01d34e2\" data-element_type=\"container\" data-settings=\"{&quot;background_background&quot;:&quot;classic&quot;}\">\n\t\t\t\t\t<div class=\"e-con-inner\">\n\t\t<div class=\"elementor-element elementor-element-b205894 e-con-full e-flex wpr-particle-no wpr-jarallax-no wpr-parallax-no wpr-sticky-section-no e-con e-child\" data-id=\"b205894\" data-element_type=\"container\">\n\t\t<div class=\"elementor-element elementor-element-72389f5 e-con-full e-flex wpr-particle-no wpr-jarallax-no wpr-parallax-no wpr-sticky-section-no e-con e-child\" data-id=\"72389f5\" data-element_type=\"container\">\n\t\t<div class=\"elementor-element elementor-element-2bf783c e-con-full e-flex wpr-particle-no wpr-jarallax-no wpr-parallax-no wpr-sticky-section-no elementor-invisible e-con e-child\" data-id=\"2bf783c\" data-element_type=\"container\" data-settings=\"{&quot;animation&quot;:&quot;fadeInUp&quot;}\">\n\t\t\t\t<div class=\"elementor-element elementor-element-312de53 elementor-widget elementor-widget-heading\" data-id=\"312de53\" data-element_type=\"widget\" data-widget_type=\"heading.default\">\n\t\t\t\t<div class=\"elementor-widget-container\">\n\t\t\t\t\t<h5 class=\"elementor-heading-title elementor-size-default\">Das sagen unsere Kunden<\/h5>\t\t\t\t<\/div>\n\t\t\t\t<\/div>\n\t\t\t\t<div class=\"elementor-element elementor-element-fa99599 elementor--star-style-star_unicode elementor-star-rating--align-center elementor-widget elementor-widget-star-rating\" data-id=\"fa99599\" data-element_type=\"widget\" data-widget_type=\"star-rating.default\">\n\t\t\t\t<div class=\"elementor-widget-container\">\n\t\t\t\t\t\t\t<div class=\"elementor-star-rating__wrapper\">\n\t\t\t\t\t\t\t<div class=\"elementor-star-rating__title\">5,0<\/div>\n\t\t\t\t\t\t<div class=\"elementor-star-rating\" itemtype=\"http:\/\/schema.org\/Rating\" itemscope=\"\" itemprop=\"reviewRating\">\n\t\t\t\t<i class=\"elementor-star-full\" aria-hidden=\"true\">&#9733;<\/i><i class=\"elementor-star-full\" aria-hidden=\"true\">&#9733;<\/i><i class=\"elementor-star-full\" aria-hidden=\"true\">&#9733;<\/i><i class=\"elementor-star-full\" aria-hidden=\"true\">&#9733;<\/i><i class=\"elementor-star-full\" aria-hidden=\"true\">&#9733;<\/i>\t\t\t\t<span itemprop=\"ratingValue\" class=\"elementor-screen-only\">Rated 5 out of 5<\/span>\n\t\t\t<\/div>\n\t\t<\/div>\n\t\t\t\t\t\t<\/div>\n\t\t\t\t<\/div>\n\t\t\t\t<\/div>\n\t\t\t\t<\/div>\n\t\t\t\t<div class=\"elementor-element elementor-element-b9ca08e elementor--star-style-star_unicode elementor-arrows-yes elementor-pagination-type-bullets elementor-review--has-separator elementor-invisible elementor-widget elementor-widget-reviews\" data-id=\"b9ca08e\" data-element_type=\"widget\" data-settings=\"{&quot;slides_per_view&quot;:&quot;2&quot;,&quot;slides_per_view_tablet&quot;:&quot;2&quot;,&quot;slides_to_scroll&quot;:&quot;2&quot;,&quot;space_between&quot;:{&quot;unit&quot;:&quot;px&quot;,&quot;size&quot;:28,&quot;sizes&quot;:[]},&quot;_animation&quot;:&quot;fadeInRight&quot;,&quot;show_arrows&quot;:&quot;yes&quot;,&quot;pagination&quot;:&quot;bullets&quot;,&quot;speed&quot;:500,&quot;autoplay&quot;:&quot;yes&quot;,&quot;autoplay_speed&quot;:5000,&quot;loop&quot;:&quot;yes&quot;,&quot;pause_on_hover&quot;:&quot;yes&quot;,&quot;pause_on_interaction&quot;:&quot;yes&quot;,&quot;space_between_tablet&quot;:{&quot;unit&quot;:&quot;px&quot;,&quot;size&quot;:10,&quot;sizes&quot;:[]},&quot;space_between_mobile&quot;:{&quot;unit&quot;:&quot;px&quot;,&quot;size&quot;:10,&quot;sizes&quot;:[]}}\" data-widget_type=\"reviews.default\">\n\t\t\t\t<div class=\"elementor-widget-container\">\n\t\t\t\t\t\t\t\t\t<div class=\"elementor-swiper\">\n\t\t\t\t\t<div class=\"elementor-main-swiper swiper\" role=\"region\" aria-roledescription=\"carousel\" aria-label=\"Slides\">\n\t\t\t\t<div class=\"swiper-wrapper\">\n\t\t\t\t\t\t\t\t\t\t\t<div class=\"swiper-slide\" role=\"group\" aria-roledescription=\"slide\">\n\t\t\t\t\t\t\t\t\t<div class=\"elementor-testimonial elementor-repeater-item-8ae36df\">\n\t\t\t\t\t\t\t<div class=\"elementor-testimonial__header\">\n\t\t\t\t\t\t\t\t\t\t<cite class=\"elementor-testimonial__cite\"><span class=\"elementor-testimonial__name\">M. Bruns<\/span><div class=\"elementor-star-rating\"><i class=\"elementor-star-full\">&#9733;<\/i><i class=\"elementor-star-full\">&#9733;<\/i><i class=\"elementor-star-full\">&#9733;<\/i><i class=\"elementor-star-full\">&#9733;<\/i><i class=\"elementor-star-full\">&#9733;<\/i><\/div><span class=\"elementor-testimonial__title\">Kunde<\/span><\/cite>\t\t\t\t\t<div class=\"elementor-testimonial__icon elementor-icon elementor-icon-icon-quote2\" aria-label=\"Read More\"><i aria-hidden=\"true\" class=\"icon icon-quote2\"><\/i><\/div>\t\t\t\t<\/div>\n\t\t\t\t\t\t\t\t\t\t<div class=\"elementor-testimonial__content\">\n\t\t\t\t\t<div class=\"elementor-testimonial__text\">\n\t\t\t\t\t\tIch bestelle hier h\u00e4ufiger individuell bestickte und bedruckte Textilien, und die Beratung ist stets 1A. Die Umsetzung der Auftr\u00e4ge erfolgt wie gew\u00fcnscht und meist sehr schnell und zu guten Preisen. Ich wei\u00df, dass ich auch in Zukunft hier einkaufen werde.\n\t\t\t\t\t<\/div>\n\t\t\t\t<\/div>\n\t\t\t\t\t<\/div>\n\t\t\t\t\t\t\t\t<\/div>\n\t\t\t\t\t\t\t\t\t\t\t<div class=\"swiper-slide\" role=\"group\" aria-roledescription=\"slide\">\n\t\t\t\t\t\t\t\t\t<div class=\"elementor-testimonial elementor-repeater-item-e82629a\">\n\t\t\t\t\t\t\t<div class=\"elementor-testimonial__header\">\n\t\t\t\t\t\t\t\t\t\t<cite class=\"elementor-testimonial__cite\"><span class=\"elementor-testimonial__name\">L. Weerts<\/span><div class=\"elementor-star-rating\"><i class=\"elementor-star-full\">&#9733;<\/i><i class=\"elementor-star-full\">&#9733;<\/i><i class=\"elementor-star-full\">&#9733;<\/i><i class=\"elementor-star-full\">&#9733;<\/i><i class=\"elementor-star-full\">&#9733;<\/i><\/div><span class=\"elementor-testimonial__title\">Inh. WerbeWeltWeerts<\/span><\/cite>\t\t\t\t\t<div class=\"elementor-testimonial__icon elementor-icon elementor-icon-icon-quote2\" aria-label=\"Read More\"><i aria-hidden=\"true\" class=\"icon icon-quote2\"><\/i><\/div>\t\t\t\t<\/div>\n\t\t\t\t\t\t\t\t\t\t<div class=\"elementor-testimonial__content\">\n\t\t\t\t\t<div class=\"elementor-testimonial__text\">\n\t\t\t\t\t\tHabe hier schon Polo-Shirts, Pullover oder auch Strickjacken mit Firmenlogo bedrucken lassen. Immer sehr zufrieden gewesen. Letztens habe ich Schabracken f\u00fcr ein Reitturnier gesponsert und selbst dieser un\u00fcbliche Auftrag ist innerhalb k\u00fcrzester Zeit zu meiner vollsten Zufriedenheit umgesetzt worden. Preislich mehr als fair. Man f\u00fchlt sich hier top aufgehoben und beraten zum Thema Berufsbekleidung. Habe f\u00fcr meine Auszubildende auch direkt etwas bestellt. Nur empfehlenswert!\t\t\t\t\t<\/div>\n\t\t\t\t<\/div>\n\t\t\t\t\t<\/div>\n\t\t\t\t\t\t\t\t<\/div>\n\t\t\t\t\t\t\t\t\t\t\t<div class=\"swiper-slide\" role=\"group\" aria-roledescription=\"slide\">\n\t\t\t\t\t\t\t\t\t<div class=\"elementor-testimonial elementor-repeater-item-7b7777b\">\n\t\t\t\t\t\t\t<div class=\"elementor-testimonial__header\">\n\t\t\t\t\t\t\t\t\t\t<cite class=\"elementor-testimonial__cite\"><span class=\"elementor-testimonial__name\">P. Jobs<\/span><div class=\"elementor-star-rating\"><i class=\"elementor-star-full\">&#9733;<\/i><i class=\"elementor-star-full\">&#9733;<\/i><i class=\"elementor-star-full\">&#9733;<\/i><i class=\"elementor-star-full\">&#9733;<\/i><i class=\"elementor-star-full\">&#9733;<\/i><\/div><span class=\"elementor-testimonial__title\">Kunde<\/span><\/cite>\t\t\t\t\t<div class=\"elementor-testimonial__icon elementor-icon elementor-icon-icon-quote2\" aria-label=\"Read More\"><i aria-hidden=\"true\" class=\"icon icon-quote2\"><\/i><\/div>\t\t\t\t<\/div>\n\t\t\t\t\t\t\t\t\t\t<div class=\"elementor-testimonial__content\">\n\t\t\t\t\t<div class=\"elementor-testimonial__text\">\n\t\t\t\t\t\tEin Super Gesch\u00e4ft, man wird sofort empfangen und begr\u00fc\u00dft sowie beraten. Sie sind auch nicht Scheu im Lager nach anderen Gr\u00f6\u00dfen zu schauen oder sofort die Verf\u00fcgbarkeit zu pr\u00fcfen. Preise sind gut, sogar teilweise besser als bei manchen Websites. Dazu noch ein gro\u00dfer Lagerbestand und die langen und Flexiblen \u00d6ffnungszeiten. Ich geh nur noch hierher. \u270c\ufe0f\t\t\t\t\t<\/div>\n\t\t\t\t<\/div>\n\t\t\t\t\t<\/div>\n\t\t\t\t\t\t\t\t<\/div>\n\t\t\t\t\t\t\t\t\t<\/div>\n\t\t\t\t\t\t\t\t\t\t\t\t\t\t\t<div class=\"elementor-swiper-button elementor-swiper-button-prev\" role=\"button\" tabindex=\"0\" aria-label=\"Previous\">\n\t\t\t\t\t\t\t<i aria-hidden=\"true\" class=\"eicon-chevron-left\"><\/i>\t\t\t\t\t\t<\/div>\n\t\t\t\t\t\t<div class=\"elementor-swiper-button elementor-swiper-button-next\" role=\"button\" tabindex=\"0\" aria-label=\"Next\">\n\t\t\t\t\t\t\t<i aria-hidden=\"true\" class=\"eicon-chevron-right\"><\/i>\t\t\t\t\t\t<\/div>\n\t\t\t\t\t\t\t\t\t\t\t\t\t\t\t\t<div class=\"swiper-pagination\"><\/div>\n\t\t\t\t\t\t\t\t\t\t\t\t<\/div>\n\t\t\t\t<\/div>\n\t\t\t\t\t\t\t\t<\/div>\n\t\t\t\t<\/div>\n\t\t\t\t<\/div>\n\t\t\t\t\t<\/div>\n\t\t\t\t<\/div>\n\t\t\t\t<\/div>\n\t\t","protected":false},"excerpt":{"rendered":"<p>BerufsBEkleidung normale Berufskleidung Sicherheits-kleidung Kleidung f\u00fcrs Handwerk Kleidung Medizinbranche Kontaktiere uns f\u00fcr ein unverbindliches Beratungsgespr\u00e4ch! Schluss mit sparen am falschen ende! Deine Berufsbekleidung tr\u00e4gst du oder deine Mitarbeiter fast t\u00e4glich. Deine Berufsbekleidung wird fast t\u00e4glich getragen und muss dabei viel aushalten. G\u00fcnstige Kleidung mag verlockend wirken, doch minderwertige Materialien und schlechte Verarbeitung verschlei\u00dfen schnell und bieten nicht den n\u00f6tigen Komfort oder Schutz. Das Ergebnis: Du musst \u00f6fter nachkaufen und hast letztlich h\u00f6here Kosten. Investiere stattdessen in hochwertige Berufsbekleidung, die robust, langlebig und bequem ist. Durch gute Qualit\u00e4t sparst du langfristig, da die Kleidung l\u00e4nger h\u00e4lt und dein Team immer professionell aussieht \u2013 selbst nach intensiver Nutzung. Berufsbekleidung tr\u00e4gst du \u00fcber 8 stunden am tag. Unsere Hersteller Darum unsere hochwertige Berufskleidung und individuelle Beratung Unsere hochwertige Berufsbekleidung zeichnet sich durch Langlebigkeit, Komfort und eine professionelle Optik aus \u2013 genau das, was du und dein Team im Arbeitsalltag brauchen. Mit strapazierf\u00e4higen Materialien und pr\u00e4ziser Verarbeitung sorgen wir daf\u00fcr, dass deine Kleidung auch bei starker Beanspruchung lange in Form bleibt und dabei stets gut aussieht. Langlebige Qualit\u00e4t Individuelle Veredelung Ma\u00dfgeschneiderte Beratung Schnelle Lieferung Doch es geht nicht nur um die Kleidung: Unsere individuelle Beratung hilft dir, die perfekte L\u00f6sung f\u00fcr deine speziellen Anforderungen zu finden. Ob Design, Materialwahl oder Veredelung \u2013 wir h\u00f6ren dir zu und bieten ma\u00dfgeschneiderte Vorschl\u00e4ge, die dein Unternehmen optimal repr\u00e4sentieren. Das sagen unsere Kunden 5,0 &#9733;&#9733;&#9733;&#9733;&#9733; 5\/5 M. Bruns&#9733;&#9733;&#9733;&#9733;&#9733;Kunde Ich bestelle hier h\u00e4ufiger individuell bestickte und bedruckte Textilien, und die Beratung ist stets 1A. Die Umsetzung der Auftr\u00e4ge erfolgt wie gew\u00fcnscht und meist sehr schnell und zu guten Preisen. Ich wei\u00df, dass ich auch in Zukunft hier einkaufen werde. L. Weerts&#9733;&#9733;&#9733;&#9733;&#9733;Inh. WerbeWeltWeerts Habe hier schon Polo-Shirts, Pullover oder auch Strickjacken mit Firmenlogo bedrucken lassen. Immer sehr zufrieden gewesen. Letztens habe ich Schabracken f\u00fcr ein Reitturnier gesponsert und selbst dieser un\u00fcbliche Auftrag ist innerhalb k\u00fcrzester Zeit zu meiner vollsten Zufriedenheit umgesetzt worden. Preislich mehr als fair. Man f\u00fchlt sich hier top aufgehoben und beraten zum Thema Berufsbekleidung. Habe f\u00fcr meine Auszubildende auch direkt etwas bestellt. Nur empfehlenswert! P. Jobs&#9733;&#9733;&#9733;&#9733;&#9733;Kunde Ein Super Gesch\u00e4ft, man wird sofort empfangen und begr\u00fc\u00dft sowie beraten. Sie sind auch nicht Scheu im Lager nach anderen Gr\u00f6\u00dfen zu schauen oder sofort die Verf\u00fcgbarkeit zu pr\u00fcfen. Preise sind gut, sogar teilweise besser als bei manchen Websites. Dazu noch ein gro\u00dfer Lagerbestand und die langen und Flexiblen \u00d6ffnungszeiten. Ich geh nur noch hierher. \u270c\ufe0f<\/p>\n","protected":false},"author":2,"featured_media":0,"parent":0,"menu_order":0,"comment_status":"closed","ping_status":"closed","template":"elementor_header_footer","meta":{"footnotes":""},"class_list":["post-57","page","type-page","status-publish","hentry"],"yoast_head":"<!-- This site is optimized with the Yoast SEO plugin v26.3 - https:\/\/yoast.com\/wordpress\/plugins\/seo\/ -->\n<title>Berufsbekleidung - M.P. Berufsbekleidung<\/title>\n<meta name=\"description\" content=\"Berufsbekleidung in Westerstede. Wir bieten normale Berufsbekleidung, Sicherheitskleidung sowie Bekleidung f\u00fcr Handwerk und Medizin an\" \/>\n<meta name=\"robots\" content=\"index, follow, max-snippet:-1, max-image-preview:large, max-video-preview:-1\" \/>\n<link rel=\"canonical\" href=\"https:\/\/www.mp-berufsbekleidung.de\/?page_id=57\" \/>\n<meta property=\"og:locale\" content=\"de_DE\" \/>\n<meta property=\"og:type\" content=\"article\" \/>\n<meta property=\"og:title\" content=\"Berufsbekleidung - M.P. Berufsbekleidung\" \/>\n<meta property=\"og:description\" content=\"Berufsbekleidung in Westerstede. Wir bieten normale Berufsbekleidung, Sicherheitskleidung sowie Bekleidung f\u00fcr Handwerk und Medizin an\" \/>\n<meta property=\"og:url\" content=\"https:\/\/www.mp-berufsbekleidung.de\/?page_id=57\" \/>\n<meta property=\"og:site_name\" content=\"M.P. Berufsbekleidung\" \/>\n<meta property=\"article:modified_time\" content=\"2025-09-24T14:47:38+00:00\" \/>\n<meta property=\"og:image\" content=\"https:\/\/www.mp-berufsbekleidung.de\/wp-content\/uploads\/elementor\/thumbs\/DSC05680-scaled-ra7jac6utuziwq66f5w47ex5efc7cjp3hg42z7n240.jpg\" \/>\n<meta name=\"twitter:card\" content=\"summary_large_image\" \/>\n<meta name=\"twitter:label1\" content=\"Gesch\u00e4tzte Lesezeit\" \/>\n\t<meta name=\"twitter:data1\" content=\"8 Minuten\" \/>\n<script type=\"application\/ld+json\" class=\"yoast-schema-graph\">{\"@context\":\"https:\/\/schema.org\",\"@graph\":[{\"@type\":\"WebPage\",\"@id\":\"https:\/\/www.mp-berufsbekleidung.de\/?page_id=57\",\"url\":\"https:\/\/www.mp-berufsbekleidung.de\/?page_id=57\",\"name\":\"Berufsbekleidung - M.P. Berufsbekleidung\",\"isPartOf\":{\"@id\":\"https:\/\/www.mp-berufsbekleidung.de\/#website\"},\"primaryImageOfPage\":{\"@id\":\"https:\/\/www.mp-berufsbekleidung.de\/?page_id=57#primaryimage\"},\"image\":{\"@id\":\"https:\/\/www.mp-berufsbekleidung.de\/?page_id=57#primaryimage\"},\"thumbnailUrl\":\"https:\/\/www.mp-berufsbekleidung.de\/wp-content\/uploads\/elementor\/thumbs\/DSC05680-scaled-ra7jac6utuziwq66f5w47ex5efc7cjp3hg42z7n240.jpg\",\"datePublished\":\"2024-08-13T09:08:20+00:00\",\"dateModified\":\"2025-09-24T14:47:38+00:00\",\"description\":\"Berufsbekleidung in Westerstede. Wir bieten normale Berufsbekleidung, Sicherheitskleidung sowie Bekleidung f\u00fcr Handwerk und Medizin an\",\"breadcrumb\":{\"@id\":\"https:\/\/www.mp-berufsbekleidung.de\/?page_id=57#breadcrumb\"},\"inLanguage\":\"de-AT\",\"potentialAction\":[{\"@type\":\"ReadAction\",\"target\":[\"https:\/\/www.mp-berufsbekleidung.de\/?page_id=57\"]}]},{\"@type\":\"ImageObject\",\"inLanguage\":\"de-AT\",\"@id\":\"https:\/\/www.mp-berufsbekleidung.de\/?page_id=57#primaryimage\",\"url\":\"https:\/\/www.mp-berufsbekleidung.de\/wp-content\/uploads\/elementor\/thumbs\/DSC05680-scaled-ra7jac6utuziwq66f5w47ex5efc7cjp3hg42z7n240.jpg\",\"contentUrl\":\"https:\/\/www.mp-berufsbekleidung.de\/wp-content\/uploads\/elementor\/thumbs\/DSC05680-scaled-ra7jac6utuziwq66f5w47ex5efc7cjp3hg42z7n240.jpg\"},{\"@type\":\"BreadcrumbList\",\"@id\":\"https:\/\/www.mp-berufsbekleidung.de\/?page_id=57#breadcrumb\",\"itemListElement\":[{\"@type\":\"ListItem\",\"position\":1,\"name\":\"Startseite\",\"item\":\"https:\/\/www.mp-berufsbekleidung.de\/\"},{\"@type\":\"ListItem\",\"position\":2,\"name\":\"Berufsbekleidung\"}]},{\"@type\":\"WebSite\",\"@id\":\"https:\/\/www.mp-berufsbekleidung.de\/#website\",\"url\":\"https:\/\/www.mp-berufsbekleidung.de\/\",\"name\":\"M.P. Berufsbekleidung\",\"description\":\"\",\"publisher\":{\"@id\":\"https:\/\/www.mp-berufsbekleidung.de\/#organization\"},\"potentialAction\":[{\"@type\":\"SearchAction\",\"target\":{\"@type\":\"EntryPoint\",\"urlTemplate\":\"https:\/\/www.mp-berufsbekleidung.de\/?s={search_term_string}\"},\"query-input\":{\"@type\":\"PropertyValueSpecification\",\"valueRequired\":true,\"valueName\":\"search_term_string\"}}],\"inLanguage\":\"de-AT\"},{\"@type\":\"Organization\",\"@id\":\"https:\/\/www.mp-berufsbekleidung.de\/#organization\",\"name\":\"M.P. Berufsbekleidung\",\"url\":\"https:\/\/www.mp-berufsbekleidung.de\/\",\"logo\":{\"@type\":\"ImageObject\",\"inLanguage\":\"de-AT\",\"@id\":\"https:\/\/www.mp-berufsbekleidung.de\/#\/schema\/logo\/image\/\",\"url\":\"https:\/\/www.mp-berufsbekleidung.de\/wp-content\/uploads\/2024\/08\/Logo-e1723541335133.png\",\"contentUrl\":\"https:\/\/www.mp-berufsbekleidung.de\/wp-content\/uploads\/2024\/08\/Logo-e1723541335133.png\",\"width\":607,\"height\":79,\"caption\":\"M.P. Berufsbekleidung\"},\"image\":{\"@id\":\"https:\/\/www.mp-berufsbekleidung.de\/#\/schema\/logo\/image\/\"}}]}<\/script>\n<!-- \/ Yoast SEO plugin. -->","yoast_head_json":{"title":"Berufsbekleidung - M.P. Berufsbekleidung","description":"Berufsbekleidung in Westerstede. Wir bieten normale Berufsbekleidung, Sicherheitskleidung sowie Bekleidung f\u00fcr Handwerk und Medizin an","robots":{"index":"index","follow":"follow","max-snippet":"max-snippet:-1","max-image-preview":"max-image-preview:large","max-video-preview":"max-video-preview:-1"},"canonical":"https:\/\/www.mp-berufsbekleidung.de\/?page_id=57","og_locale":"de_DE","og_type":"article","og_title":"Berufsbekleidung - M.P. Berufsbekleidung","og_description":"Berufsbekleidung in Westerstede. Wir bieten normale Berufsbekleidung, Sicherheitskleidung sowie Bekleidung f\u00fcr Handwerk und Medizin an","og_url":"https:\/\/www.mp-berufsbekleidung.de\/?page_id=57","og_site_name":"M.P. Berufsbekleidung","article_modified_time":"2025-09-24T14:47:38+00:00","og_image":[{"url":"https:\/\/www.mp-berufsbekleidung.de\/wp-content\/uploads\/elementor\/thumbs\/DSC05680-scaled-ra7jac6utuziwq66f5w47ex5efc7cjp3hg42z7n240.jpg","type":"","width":"","height":""}],"twitter_card":"summary_large_image","twitter_misc":{"Gesch\u00e4tzte Lesezeit":"8 Minuten"},"schema":{"@context":"https:\/\/schema.org","@graph":[{"@type":"WebPage","@id":"https:\/\/www.mp-berufsbekleidung.de\/?page_id=57","url":"https:\/\/www.mp-berufsbekleidung.de\/?page_id=57","name":"Berufsbekleidung - M.P. Berufsbekleidung","isPartOf":{"@id":"https:\/\/www.mp-berufsbekleidung.de\/#website"},"primaryImageOfPage":{"@id":"https:\/\/www.mp-berufsbekleidung.de\/?page_id=57#primaryimage"},"image":{"@id":"https:\/\/www.mp-berufsbekleidung.de\/?page_id=57#primaryimage"},"thumbnailUrl":"https:\/\/www.mp-berufsbekleidung.de\/wp-content\/uploads\/elementor\/thumbs\/DSC05680-scaled-ra7jac6utuziwq66f5w47ex5efc7cjp3hg42z7n240.jpg","datePublished":"2024-08-13T09:08:20+00:00","dateModified":"2025-09-24T14:47:38+00:00","description":"Berufsbekleidung in Westerstede. Wir bieten normale Berufsbekleidung, Sicherheitskleidung sowie Bekleidung f\u00fcr Handwerk und Medizin an","breadcrumb":{"@id":"https:\/\/www.mp-berufsbekleidung.de\/?page_id=57#breadcrumb"},"inLanguage":"de-AT","potentialAction":[{"@type":"ReadAction","target":["https:\/\/www.mp-berufsbekleidung.de\/?page_id=57"]}]},{"@type":"ImageObject","inLanguage":"de-AT","@id":"https:\/\/www.mp-berufsbekleidung.de\/?page_id=57#primaryimage","url":"https:\/\/www.mp-berufsbekleidung.de\/wp-content\/uploads\/elementor\/thumbs\/DSC05680-scaled-ra7jac6utuziwq66f5w47ex5efc7cjp3hg42z7n240.jpg","contentUrl":"https:\/\/www.mp-berufsbekleidung.de\/wp-content\/uploads\/elementor\/thumbs\/DSC05680-scaled-ra7jac6utuziwq66f5w47ex5efc7cjp3hg42z7n240.jpg"},{"@type":"BreadcrumbList","@id":"https:\/\/www.mp-berufsbekleidung.de\/?page_id=57#breadcrumb","itemListElement":[{"@type":"ListItem","position":1,"name":"Startseite","item":"https:\/\/www.mp-berufsbekleidung.de\/"},{"@type":"ListItem","position":2,"name":"Berufsbekleidung"}]},{"@type":"WebSite","@id":"https:\/\/www.mp-berufsbekleidung.de\/#website","url":"https:\/\/www.mp-berufsbekleidung.de\/","name":"M.P. Berufsbekleidung","description":"","publisher":{"@id":"https:\/\/www.mp-berufsbekleidung.de\/#organization"},"potentialAction":[{"@type":"SearchAction","target":{"@type":"EntryPoint","urlTemplate":"https:\/\/www.mp-berufsbekleidung.de\/?s={search_term_string}"},"query-input":{"@type":"PropertyValueSpecification","valueRequired":true,"valueName":"search_term_string"}}],"inLanguage":"de-AT"},{"@type":"Organization","@id":"https:\/\/www.mp-berufsbekleidung.de\/#organization","name":"M.P. Berufsbekleidung","url":"https:\/\/www.mp-berufsbekleidung.de\/","logo":{"@type":"ImageObject","inLanguage":"de-AT","@id":"https:\/\/www.mp-berufsbekleidung.de\/#\/schema\/logo\/image\/","url":"https:\/\/www.mp-berufsbekleidung.de\/wp-content\/uploads\/2024\/08\/Logo-e1723541335133.png","contentUrl":"https:\/\/www.mp-berufsbekleidung.de\/wp-content\/uploads\/2024\/08\/Logo-e1723541335133.png","width":607,"height":79,"caption":"M.P. Berufsbekleidung"},"image":{"@id":"https:\/\/www.mp-berufsbekleidung.de\/#\/schema\/logo\/image\/"}}]}},"_links":{"self":[{"href":"https:\/\/www.mp-berufsbekleidung.de\/index.php?rest_route=\/wp\/v2\/pages\/57","targetHints":{"allow":["GET"]}}],"collection":[{"href":"https:\/\/www.mp-berufsbekleidung.de\/index.php?rest_route=\/wp\/v2\/pages"}],"about":[{"href":"https:\/\/www.mp-berufsbekleidung.de\/index.php?rest_route=\/wp\/v2\/types\/page"}],"author":[{"embeddable":true,"href":"https:\/\/www.mp-berufsbekleidung.de\/index.php?rest_route=\/wp\/v2\/users\/2"}],"replies":[{"embeddable":true,"href":"https:\/\/www.mp-berufsbekleidung.de\/index.php?rest_route=%2Fwp%2Fv2%2Fcomments&post=57"}],"version-history":[{"count":172,"href":"https:\/\/www.mp-berufsbekleidung.de\/index.php?rest_route=\/wp\/v2\/pages\/57\/revisions"}],"predecessor-version":[{"id":3335,"href":"https:\/\/www.mp-berufsbekleidung.de\/index.php?rest_route=\/wp\/v2\/pages\/57\/revisions\/3335"}],"wp:attachment":[{"href":"https:\/\/www.mp-berufsbekleidung.de\/index.php?rest_route=%2Fwp%2Fv2%2Fmedia&parent=57"}],"curies":[{"name":"wp","href":"https:\/\/api.w.org\/{rel}","templated":true}]}}