{"id":61,"date":"2024-08-13T09:14:16","date_gmt":"2024-08-13T09:14:16","guid":{"rendered":"https:\/\/www.mp-berufsbekleidung.de\/?page_id=61"},"modified":"2025-09-24T14:24:16","modified_gmt":"2025-09-24T14:24:16","slug":"ueber-uns","status":"publish","type":"page","link":"https:\/\/www.mp-berufsbekleidung.de\/?page_id=61","title":{"rendered":"\u00dcber uns"},"content":{"rendered":"\t\t<div data-elementor-type=\"wp-page\" data-elementor-id=\"61\" class=\"elementor elementor-61\" data-elementor-post-type=\"page\">\n\t\t\t\t<div class=\"elementor-element elementor-element-d378a60 e-flex e-con-boxed wpr-particle-no wpr-jarallax-no wpr-parallax-no wpr-sticky-section-no e-con e-parent\" data-id=\"d378a60\" data-element_type=\"container\" data-settings=\"{&quot;background_background&quot;:&quot;classic&quot;}\">\n\t\t\t\t\t<div class=\"e-con-inner\">\n\t\t<div class=\"elementor-element elementor-element-a61bbbf e-con-full e-flex wpr-particle-no wpr-jarallax-no wpr-parallax-no wpr-sticky-section-no e-con e-child\" data-id=\"a61bbbf\" data-element_type=\"container\">\n\t\t\t\t<div class=\"elementor-element elementor-element-35bc4ac elementor-widget elementor-widget-heading\" data-id=\"35bc4ac\" data-element_type=\"widget\" data-widget_type=\"heading.default\">\n\t\t\t\t<div class=\"elementor-widget-container\">\n\t\t\t\t\t<h1 class=\"elementor-heading-title elementor-size-default\">\u00dcber uns<\/h1>\t\t\t\t<\/div>\n\t\t\t\t<\/div>\n\t\t\t\t<\/div>\n\t\t\t\t\t<\/div>\n\t\t\t\t<\/div>\n\t\t<div class=\"elementor-element elementor-element-3ac03c8 e-flex e-con-boxed wpr-particle-no wpr-jarallax-no wpr-parallax-no wpr-sticky-section-no e-con e-parent\" data-id=\"3ac03c8\" data-element_type=\"container\">\n\t\t\t\t\t<div class=\"e-con-inner\">\n\t\t<div class=\"elementor-element elementor-element-7de1f10 e-con-full e-flex wpr-particle-no wpr-jarallax-no wpr-parallax-no wpr-sticky-section-no e-con e-child\" data-id=\"7de1f10\" data-element_type=\"container\">\n\t\t\t\t<div class=\"elementor-element elementor-element-e1e8ba0 elementor-invisible elementor-widget elementor-widget-heading\" data-id=\"e1e8ba0\" data-element_type=\"widget\" data-settings=\"{&quot;_animation&quot;:&quot;fadeInUp&quot;,&quot;_animation_delay&quot;:50}\" data-widget_type=\"heading.default\">\n\t\t\t\t<div class=\"elementor-widget-container\">\n\t\t\t\t\t<h2 class=\"elementor-heading-title elementor-size-default\">\u00dcber uns<\/h2>\t\t\t\t<\/div>\n\t\t\t\t<\/div>\n\t\t\t\t<div class=\"elementor-element elementor-element-e475af2 elementor-invisible elementor-widget elementor-widget-heading\" data-id=\"e475af2\" data-element_type=\"widget\" data-settings=\"{&quot;_animation&quot;:&quot;fadeInUp&quot;,&quot;_animation_delay&quot;:100}\" data-widget_type=\"heading.default\">\n\t\t\t\t<div class=\"elementor-widget-container\">\n\t\t\t\t\t<h2 class=\"elementor-heading-title elementor-size-default\">Dein Ansprechpartner im Herzen von Westerstede<\/h2>\t\t\t\t<\/div>\n\t\t\t\t<\/div>\n\t\t\t\t<div class=\"elementor-element elementor-element-23dec24 elementor-invisible elementor-widget elementor-widget-text-editor\" data-id=\"23dec24\" data-element_type=\"widget\" data-settings=\"{&quot;_animation&quot;:&quot;fadeInUp&quot;,&quot;_animation_delay&quot;:150}\" data-widget_type=\"text-editor.default\">\n\t\t\t\t<div class=\"elementor-widget-container\">\n\t\t\t\t\t\t\t\t\t<p>Wir sind dein verl\u00e4sslicher Partner, wenn es um hochwertige Berufsbekleidung und individuelle L\u00f6sungen f\u00fcr deinen Arbeitsalltag geht. Mit unserem Standort in Westerstede haben wir uns auf <strong>erstklassige Arbeitskleidung<\/strong> spezialisiert, die <strong>Funktionalit\u00e4t, Komfort und Stil<\/strong> vereint.<\/p><p>Seit unserer Gr\u00fcndung stehst du bei uns im Mittelpunkt. Unser Ziel ist es, dir nicht nur die <strong>beste Qualit\u00e4t<\/strong> zu bieten, sondern auch die passenden L\u00f6sungen f\u00fcr deine spezifischen Anforderungen zu finden. Ob du in der Gastronomie, im Handwerk, im Gesundheitswesen oder in der Industrie t\u00e4tig bist \u2013 <strong>wir verstehen die Besonderheiten jeder Branche<\/strong> und helfen dir, deine Mitarbeiter optimal ausgestattet und sicher durch den Arbeitstag zu bringen.<\/p>\t\t\t\t\t\t\t\t<\/div>\n\t\t\t\t<\/div>\n\t\t\t\t<\/div>\n\t\t<div class=\"elementor-element elementor-element-4086710 e-con-full e-flex wpr-particle-no wpr-jarallax-no wpr-parallax-no wpr-sticky-section-no elementor-invisible e-con e-child\" data-id=\"4086710\" data-element_type=\"container\" data-settings=\"{&quot;background_background&quot;:&quot;classic&quot;,&quot;animation&quot;:&quot;fadeInUp&quot;,&quot;animation_delay&quot;:50}\">\n\t\t\t\t<div class=\"elementor-element elementor-element-2b2a497 elementor-invisible elementor-widget elementor-widget-image\" data-id=\"2b2a497\" data-element_type=\"widget\" data-settings=\"{&quot;_animation&quot;:&quot;rotateInDownRight&quot;}\" data-widget_type=\"image.default\">\n\t\t\t\t<div class=\"elementor-widget-container\">\n\t\t\t\t\t\t\t\t\t\t\t\t\t\t\t<img fetchpriority=\"high\" decoding=\"async\" width=\"800\" height=\"534\" src=\"https:\/\/www.mp-berufsbekleidung.de\/wp-content\/uploads\/2025\/07\/DSC05925-1024x683.jpg\" class=\"attachment-large size-large wp-image-2730\" alt=\"Au\u00dfenansicht des Gesch\u00e4fts von MP Berufsbekleidung mit gro\u00dfer Fensterfront und blauer Beschriftung.\" srcset=\"https:\/\/www.mp-berufsbekleidung.de\/wp-content\/uploads\/2025\/07\/DSC05925-1024x683.jpg 1024w, https:\/\/www.mp-berufsbekleidung.de\/wp-content\/uploads\/2025\/07\/DSC05925-300x200.jpg 300w, https:\/\/www.mp-berufsbekleidung.de\/wp-content\/uploads\/2025\/07\/DSC05925-768x512.jpg 768w, https:\/\/www.mp-berufsbekleidung.de\/wp-content\/uploads\/2025\/07\/DSC05925-1536x1024.jpg 1536w, https:\/\/www.mp-berufsbekleidung.de\/wp-content\/uploads\/2025\/07\/DSC05925-2048x1365.jpg 2048w, https:\/\/www.mp-berufsbekleidung.de\/wp-content\/uploads\/2025\/07\/elementor\/thumbs\/DSC05925-scaled-r9qt36boottcwpoku2s9dv244g9ukuyv0kxqzahwo0.jpg 600w\" sizes=\"(max-width: 800px) 100vw, 800px\" \/>\t\t\t\t\t\t\t\t\t\t\t\t\t\t\t<\/div>\n\t\t\t\t<\/div>\n\t\t\t\t<\/div>\n\t\t\t\t\t<\/div>\n\t\t\t\t<\/div>\n\t\t<div class=\"elementor-element elementor-element-99b8421 e-flex e-con-boxed wpr-particle-no wpr-jarallax-no wpr-parallax-no wpr-sticky-section-no e-con e-parent\" data-id=\"99b8421\" data-element_type=\"container\">\n\t\t\t\t\t<div class=\"e-con-inner\">\n\t\t<div class=\"elementor-element elementor-element-e7ff089 e-con-full e-flex wpr-particle-no wpr-jarallax-no wpr-parallax-no wpr-sticky-section-no e-con e-child\" data-id=\"e7ff089\" data-element_type=\"container\">\n\t\t\t\t<div class=\"elementor-element elementor-element-4384303 elementor-position-top elementor-widget elementor-widget-image-box\" data-id=\"4384303\" data-element_type=\"widget\" data-widget_type=\"image-box.default\">\n\t\t\t\t<div class=\"elementor-widget-container\">\n\t\t\t\t\t<div class=\"elementor-image-box-wrapper\"><figure class=\"elementor-image-box-img\"><a href=\"https:\/\/www.mp-berufsbekleidung.de\/?page_id=55\" tabindex=\"-1\"><img decoding=\"async\" width=\"768\" height=\"576\" src=\"https:\/\/www.mp-berufsbekleidung.de\/wp-content\/uploads\/2024\/12\/IMG_8381-768x576.jpeg\" class=\"elementor-animation-grow attachment-medium_large size-medium_large wp-image-1522\" alt=\"Roland Druckmaschine f\u00fcr professionellen Textildruck bei MP Berufsbekleidung.\" srcset=\"https:\/\/www.mp-berufsbekleidung.de\/wp-content\/uploads\/2024\/12\/IMG_8381-768x576.jpeg 768w, https:\/\/www.mp-berufsbekleidung.de\/wp-content\/uploads\/2024\/12\/IMG_8381-300x225.jpeg 300w, https:\/\/www.mp-berufsbekleidung.de\/wp-content\/uploads\/2024\/12\/IMG_8381-1024x768.jpeg 1024w, https:\/\/www.mp-berufsbekleidung.de\/wp-content\/uploads\/2024\/12\/IMG_8381-1536x1152.jpeg 1536w, https:\/\/www.mp-berufsbekleidung.de\/wp-content\/uploads\/2024\/12\/IMG_8381-2048x1536.jpeg 2048w\" sizes=\"(max-width: 768px) 100vw, 768px\" \/><\/a><\/figure><div class=\"elementor-image-box-content\"><div class=\"elementor-image-box-title\"><a href=\"https:\/\/www.mp-berufsbekleidung.de\/?page_id=55\">Leistungen<\/a><\/div><p class=\"elementor-image-box-description\">Wir bieten dir ein umfassendes Sortiment an hochwertiger Berufsbekleidung sowie ma\u00dfgeschneiderte L\u00f6sungen, die perfekt auf deine Branche abgestimmt sind.<\/p><\/div><\/div>\t\t\t\t<\/div>\n\t\t\t\t<\/div>\n\t\t\t\t<\/div>\n\t\t<div class=\"elementor-element elementor-element-2904b8f e-con-full e-flex wpr-particle-no wpr-jarallax-no wpr-parallax-no wpr-sticky-section-no e-con e-child\" data-id=\"2904b8f\" data-element_type=\"container\">\n\t\t\t\t<div class=\"elementor-element elementor-element-00b3e20 elementor-position-top elementor-widget elementor-widget-image-box\" data-id=\"00b3e20\" data-element_type=\"widget\" data-widget_type=\"image-box.default\">\n\t\t\t\t<div class=\"elementor-widget-container\">\n\t\t\t\t\t<div class=\"elementor-image-box-wrapper\"><figure class=\"elementor-image-box-img\"><a href=\"https:\/\/www.mp-berufsbekleidung.de\/?page_id=57\" tabindex=\"-1\"><img decoding=\"async\" width=\"768\" height=\"576\" src=\"https:\/\/www.mp-berufsbekleidung.de\/wp-content\/uploads\/2024\/12\/IMG_8396-768x576.jpeg\" class=\"elementor-animation-grow attachment-medium_large size-medium_large wp-image-1537\" alt=\"Verschiedene bunte medizinische Kasacks h\u00e4ngen ordentlich aufgereiht in der Verkaufsfl\u00e4che von MP Berufsbekleidung.\" srcset=\"https:\/\/www.mp-berufsbekleidung.de\/wp-content\/uploads\/2024\/12\/IMG_8396-768x576.jpeg 768w, https:\/\/www.mp-berufsbekleidung.de\/wp-content\/uploads\/2024\/12\/IMG_8396-300x225.jpeg 300w, https:\/\/www.mp-berufsbekleidung.de\/wp-content\/uploads\/2024\/12\/IMG_8396-1024x768.jpeg 1024w, https:\/\/www.mp-berufsbekleidung.de\/wp-content\/uploads\/2024\/12\/IMG_8396-1536x1152.jpeg 1536w, https:\/\/www.mp-berufsbekleidung.de\/wp-content\/uploads\/2024\/12\/IMG_8396-2048x1536.jpeg 2048w\" sizes=\"(max-width: 768px) 100vw, 768px\" \/><\/a><\/figure><div class=\"elementor-image-box-content\"><span class=\"elementor-image-box-title\"><a href=\"https:\/\/www.mp-berufsbekleidung.de\/?page_id=57\">Berufsbekleidung\n<br><\/a><\/span><p class=\"elementor-image-box-description\">Unsere Arbeitskleidung vereint Funktionalit\u00e4t, Komfort und Stil und sorgt daf\u00fcr, dass dein Team optimal ausgestattet und professionell auftritt.<\/p><\/div><\/div>\t\t\t\t<\/div>\n\t\t\t\t<\/div>\n\t\t\t\t<\/div>\n\t\t<div class=\"elementor-element elementor-element-40b4e58 e-con-full e-flex wpr-particle-no wpr-jarallax-no wpr-parallax-no wpr-sticky-section-no e-con e-child\" data-id=\"40b4e58\" data-element_type=\"container\">\n\t\t\t\t<div class=\"elementor-element elementor-element-1050908 elementor-position-top elementor-widget elementor-widget-image-box\" data-id=\"1050908\" data-element_type=\"widget\" data-widget_type=\"image-box.default\">\n\t\t\t\t<div class=\"elementor-widget-container\">\n\t\t\t\t\t<div class=\"elementor-image-box-wrapper\"><figure class=\"elementor-image-box-img\"><a href=\"https:\/\/www.mp-berufsbekleidung.de\/?page_id=88\" tabindex=\"-1\"><img loading=\"lazy\" decoding=\"async\" width=\"768\" height=\"512\" src=\"https:\/\/www.mp-berufsbekleidung.de\/wp-content\/uploads\/2025\/02\/handshaking-768x512.jpg\" class=\"elementor-animation-grow attachment-medium_large size-medium_large wp-image-2459\" alt=\"Handshaking\" srcset=\"https:\/\/www.mp-berufsbekleidung.de\/wp-content\/uploads\/2025\/02\/handshaking-768x512.jpg 768w, https:\/\/www.mp-berufsbekleidung.de\/wp-content\/uploads\/2025\/02\/handshaking-300x200.jpg 300w, https:\/\/www.mp-berufsbekleidung.de\/wp-content\/uploads\/2025\/02\/handshaking-1024x682.jpg 1024w, https:\/\/www.mp-berufsbekleidung.de\/wp-content\/uploads\/2025\/02\/handshaking-1536x1024.jpg 1536w, https:\/\/www.mp-berufsbekleidung.de\/wp-content\/uploads\/2025\/02\/handshaking.jpg 2000w\" sizes=\"(max-width: 768px) 100vw, 768px\" \/><\/a><\/figure><div class=\"elementor-image-box-content\"><div class=\"elementor-image-box-title\"><a href=\"https:\/\/www.mp-berufsbekleidung.de\/?page_id=88\">Beratung<\/a><\/div><p class=\"elementor-image-box-description\">Unser erfahrenes Team steht dir mit pers\u00f6nlicher vor Ort Beratung &amp; jahrelanger Erfahrung zur Seite und unterst\u00fctzt dich.<\/p><\/div><\/div>\t\t\t\t<\/div>\n\t\t\t\t<\/div>\n\t\t\t\t<\/div>\n\t\t\t\t\t<\/div>\n\t\t\t\t<\/div>\n\t\t<div class=\"elementor-element elementor-element-63cbb17 e-flex e-con-boxed wpr-particle-no wpr-jarallax-no wpr-parallax-no wpr-sticky-section-no e-con e-parent\" data-id=\"63cbb17\" data-element_type=\"container\">\n\t\t\t\t\t<div class=\"e-con-inner\">\n\t\t<div class=\"elementor-element elementor-element-47b31e6 e-con-full e-flex wpr-particle-no wpr-jarallax-no wpr-parallax-no wpr-sticky-section-no e-con e-child\" data-id=\"47b31e6\" data-element_type=\"container\">\n\t\t\t\t<div class=\"elementor-element elementor-element-89752ee elementor-invisible elementor-widget elementor-widget-image\" data-id=\"89752ee\" data-element_type=\"widget\" data-settings=\"{&quot;_animation&quot;:&quot;rotateInDownRight&quot;}\" data-widget_type=\"image.default\">\n\t\t\t\t<div class=\"elementor-widget-container\">\n\t\t\t\t\t\t\t\t\t\t\t\t\t\t\t<img loading=\"lazy\" decoding=\"async\" width=\"2560\" height=\"1785\" src=\"https:\/\/www.mp-berufsbekleidung.de\/wp-content\/uploads\/2024\/12\/IMG_8349-scaled.jpeg\" class=\"attachment-full size-full wp-image-1554\" alt=\"tickerei-Werkstatt mit zwei professionellen Mehrkopf-Stickmaschinen und Garnregalen an der Wand.\" srcset=\"https:\/\/www.mp-berufsbekleidung.de\/wp-content\/uploads\/2024\/12\/IMG_8349-scaled.jpeg 2560w, https:\/\/www.mp-berufsbekleidung.de\/wp-content\/uploads\/2024\/12\/IMG_8349-300x209.jpeg 300w, https:\/\/www.mp-berufsbekleidung.de\/wp-content\/uploads\/2024\/12\/IMG_8349-1024x714.jpeg 1024w, https:\/\/www.mp-berufsbekleidung.de\/wp-content\/uploads\/2024\/12\/IMG_8349-768x536.jpeg 768w, https:\/\/www.mp-berufsbekleidung.de\/wp-content\/uploads\/2024\/12\/IMG_8349-1536x1071.jpeg 1536w, https:\/\/www.mp-berufsbekleidung.de\/wp-content\/uploads\/2024\/12\/IMG_8349-2048x1428.jpeg 2048w\" sizes=\"(max-width: 2560px) 100vw, 2560px\" \/>\t\t\t\t\t\t\t\t\t\t\t\t\t\t\t<\/div>\n\t\t\t\t<\/div>\n\t\t\t\t<div class=\"elementor-element elementor-element-dce7d2e elementor-blockquote--skin-boxed elementor-blockquote--align-center elementor-widget__width-initial elementor-absolute elementor-invisible elementor-widget elementor-widget-blockquote\" data-id=\"dce7d2e\" data-element_type=\"widget\" data-settings=\"{&quot;_animation&quot;:&quot;fadeInUp&quot;,&quot;_position&quot;:&quot;absolute&quot;}\" data-widget_type=\"blockquote.default\">\n\t\t\t\t<div class=\"elementor-widget-container\">\n\t\t\t\t\t\t\t<blockquote class=\"elementor-blockquote\">\n\t\t\t<p class=\"elementor-blockquote__content\">\n\t\t\t\tAuch bei der Personalisierung deiner Arbeitskleidung sind wir zur Stelle \u2013 auf Wunsch versehen wir deine Kleidung mit Logo oder Namensstickerei, um dein Unternehmen professionell und einzigartig zu repr\u00e4sentieren.\t\t\t<\/p>\n\t\t\t\t\t<\/blockquote>\n\t\t\t\t\t\t<\/div>\n\t\t\t\t<\/div>\n\t\t\t\t<\/div>\n\t\t\t\t\t<\/div>\n\t\t\t\t<\/div>\n\t\t<div class=\"elementor-element elementor-element-5ee82e6 e-flex e-con-boxed wpr-particle-no wpr-jarallax-no wpr-parallax-no wpr-sticky-section-no e-con e-parent\" data-id=\"5ee82e6\" data-element_type=\"container\" data-settings=\"{&quot;background_background&quot;:&quot;classic&quot;}\">\n\t\t\t\t\t<div class=\"e-con-inner\">\n\t\t<div class=\"elementor-element elementor-element-c86dd5a e-con-full e-flex wpr-particle-no wpr-jarallax-no wpr-parallax-no wpr-sticky-section-no elementor-invisible e-con e-child\" data-id=\"c86dd5a\" data-element_type=\"container\" data-settings=\"{&quot;animation&quot;:&quot;bounceInRight&quot;}\">\n\t\t\t\t<\/div>\n\t\t\t\t\t<\/div>\n\t\t\t\t<\/div>\n\t\t\t\t<section class=\"elementor-section elementor-top-section elementor-element elementor-element-d7c5376 elementor-section-boxed elementor-section-height-default elementor-section-height-default wpr-particle-no wpr-jarallax-no wpr-parallax-no wpr-sticky-section-no\" data-id=\"d7c5376\" data-element_type=\"section\" data-settings=\"{&quot;background_background&quot;:&quot;classic&quot;}\">\n\t\t\t\t\t\t<div class=\"elementor-container elementor-column-gap-default\">\n\t\t\t\t\t<div class=\"elementor-column elementor-col-100 elementor-top-column elementor-element elementor-element-5c4928b\" data-id=\"5c4928b\" data-element_type=\"column\">\n\t\t\t<div class=\"elementor-widget-wrap elementor-element-populated\">\n\t\t\t\t\t\t<div class=\"elementor-element elementor-element-53a9ddb elementor-widget elementor-widget-heading\" data-id=\"53a9ddb\" data-element_type=\"widget\" data-widget_type=\"heading.default\">\n\t\t\t\t<div class=\"elementor-widget-container\">\n\t\t\t\t\t<h5 class=\"elementor-heading-title elementor-size-default\">Unser Team<\/h5>\t\t\t\t<\/div>\n\t\t\t\t<\/div>\n\t\t\t\t<div class=\"elementor-element elementor-element-3d529e6 elementor-widget elementor-widget-text-editor\" data-id=\"3d529e6\" data-element_type=\"widget\" data-widget_type=\"text-editor.default\">\n\t\t\t\t<div class=\"elementor-widget-container\">\n\t\t\t\t\t\t\t\t\t<p>Damit Du genau wei\u00dft, wen Du gerade am Telefon hast und wer Deine Ansprechpartner sind:<\/p>\t\t\t\t\t\t\t\t<\/div>\n\t\t\t\t<\/div>\n\t\t\t\t\t<\/div>\n\t\t<\/div>\n\t\t\t\t\t<\/div>\n\t\t<\/section>\n\t\t<div class=\"elementor-element elementor-element-461617c e-flex e-con-boxed wpr-particle-no wpr-jarallax-no wpr-parallax-no wpr-sticky-section-no e-con e-parent\" data-id=\"461617c\" data-element_type=\"container\" data-settings=\"{&quot;background_background&quot;:&quot;classic&quot;}\">\n\t\t\t\t\t<div class=\"e-con-inner\">\n\t\t<div class=\"elementor-element elementor-element-b6f5603 e-con-full e-flex wpr-particle-no wpr-jarallax-no wpr-parallax-no wpr-sticky-section-no e-con e-child\" data-id=\"b6f5603\" data-element_type=\"container\">\n\t\t<div class=\"elementor-element elementor-element-f7ae4e0 e-con-full e-flex wpr-particle-no wpr-jarallax-no wpr-parallax-no wpr-sticky-section-no elementor-invisible e-con e-child\" data-id=\"f7ae4e0\" data-element_type=\"container\" data-settings=\"{&quot;background_background&quot;:&quot;classic&quot;,&quot;animation&quot;:&quot;bounceIn&quot;}\">\n\t\t\t\t<div class=\"elementor-element elementor-element-38ea2ef elementor-widget elementor-widget-image-box\" data-id=\"38ea2ef\" data-element_type=\"widget\" data-widget_type=\"image-box.default\">\n\t\t\t\t<div class=\"elementor-widget-container\">\n\t\t\t\t\t<div class=\"elementor-image-box-wrapper\"><div class=\"elementor-image-box-content\"><div class=\"elementor-image-box-title\"><a href=\"#\">Birgit Petersen Reiners<\/a><\/div><p class=\"elementor-image-box-description\">Gesch\u00e4ftsf\u00fchrerin<\/p><\/div><\/div>\t\t\t\t<\/div>\n\t\t\t\t<\/div>\n\t\t\t\t<div class=\"elementor-element elementor-element-4f68b70 elementor-align-justify elementor-widget__width-initial elementor-widget elementor-widget-button\" data-id=\"4f68b70\" data-element_type=\"widget\" data-widget_type=\"button.default\">\n\t\t\t\t<div class=\"elementor-widget-container\">\n\t\t\t\t\t\t\t\t\t<div class=\"elementor-button-wrapper\">\n\t\t\t\t\t<a class=\"elementor-button elementor-button-link elementor-size-xs elementor-animation-grow\" href=\"mailto:info@mp-erufsbekleidung.de?subject=Anfrage%20Website%20Team%202\">\n\t\t\t\t\t\t<span class=\"elementor-button-content-wrapper\">\n\t\t\t\t\t\t<span class=\"elementor-button-icon\">\n\t\t\t\t<i aria-hidden=\"true\" class=\"material-icons md-phone_in_talk\"><\/i>\t\t\t<\/span>\n\t\t\t\t\t\t\t\t\t<span class=\"elementor-button-text\">Jetzt kontaktieren<\/span>\n\t\t\t\t\t<\/span>\n\t\t\t\t\t<\/a>\n\t\t\t\t<\/div>\n\t\t\t\t\t\t\t\t<\/div>\n\t\t\t\t<\/div>\n\t\t\t\t<\/div>\n\t\t<div class=\"elementor-element elementor-element-206eeca e-con-full e-flex wpr-particle-no wpr-jarallax-no wpr-parallax-no wpr-sticky-section-no elementor-invisible e-con e-child\" data-id=\"206eeca\" data-element_type=\"container\" data-settings=\"{&quot;background_background&quot;:&quot;classic&quot;,&quot;animation&quot;:&quot;bounceIn&quot;}\">\n\t\t\t\t<div class=\"elementor-element elementor-element-4ddf464 elementor-widget elementor-widget-image-box\" data-id=\"4ddf464\" data-element_type=\"widget\" data-widget_type=\"image-box.default\">\n\t\t\t\t<div class=\"elementor-widget-container\">\n\t\t\t\t\t<div class=\"elementor-image-box-wrapper\"><div class=\"elementor-image-box-content\"><div class=\"elementor-image-box-title\"><a href=\"#\">Marga Petersen<\/a><\/div><p class=\"elementor-image-box-description\">Gsch\u00e4ftsf\u00fchrung &amp; Buchhaltung<\/p><\/div><\/div>\t\t\t\t<\/div>\n\t\t\t\t<\/div>\n\t\t\t\t<div class=\"elementor-element elementor-element-54d9587 elementor-align-justify elementor-widget__width-initial elementor-widget elementor-widget-button\" data-id=\"54d9587\" data-element_type=\"widget\" data-widget_type=\"button.default\">\n\t\t\t\t<div class=\"elementor-widget-container\">\n\t\t\t\t\t\t\t\t\t<div class=\"elementor-button-wrapper\">\n\t\t\t\t\t<a class=\"elementor-button elementor-button-link elementor-size-xs elementor-animation-grow\" href=\"mailto:m.petersen@mp-berufsbekleidung.de?subject=Anfrage%20Website%20Team\">\n\t\t\t\t\t\t<span class=\"elementor-button-content-wrapper\">\n\t\t\t\t\t\t<span class=\"elementor-button-icon\">\n\t\t\t\t<i aria-hidden=\"true\" class=\"material-icons md-phone_in_talk\"><\/i>\t\t\t<\/span>\n\t\t\t\t\t\t\t\t\t<span class=\"elementor-button-text\">Jetzt kontaktieren<\/span>\n\t\t\t\t\t<\/span>\n\t\t\t\t\t<\/a>\n\t\t\t\t<\/div>\n\t\t\t\t\t\t\t\t<\/div>\n\t\t\t\t<\/div>\n\t\t\t\t<\/div>\n\t\t<div class=\"elementor-element elementor-element-fc107fc e-con-full e-flex wpr-particle-no wpr-jarallax-no wpr-parallax-no wpr-sticky-section-no elementor-invisible e-con e-child\" data-id=\"fc107fc\" data-element_type=\"container\" data-settings=\"{&quot;background_background&quot;:&quot;classic&quot;,&quot;animation&quot;:&quot;bounceIn&quot;}\">\n\t\t\t\t<div class=\"elementor-element elementor-element-51e52df elementor-widget elementor-widget-image-box\" data-id=\"51e52df\" data-element_type=\"widget\" data-widget_type=\"image-box.default\">\n\t\t\t\t<div class=\"elementor-widget-container\">\n\t\t\t\t\t<div class=\"elementor-image-box-wrapper\"><div class=\"elementor-image-box-content\"><div class=\"elementor-image-box-title\"><a href=\"#\">Stina Gerdes<\/a><\/div><p class=\"elementor-image-box-description\">Grafische Visualisierung<\/p><\/div><\/div>\t\t\t\t<\/div>\n\t\t\t\t<\/div>\n\t\t\t\t<div class=\"elementor-element elementor-element-754be7b elementor-align-justify elementor-widget__width-initial elementor-widget elementor-widget-button\" data-id=\"754be7b\" data-element_type=\"widget\" data-widget_type=\"button.default\">\n\t\t\t\t<div class=\"elementor-widget-container\">\n\t\t\t\t\t\t\t\t\t<div class=\"elementor-button-wrapper\">\n\t\t\t\t\t<a class=\"elementor-button elementor-button-link elementor-size-xs elementor-animation-grow\" href=\"mailto:info@mp-erufsbekleidung.de?subject=Anfrage%20Website%20Team\">\n\t\t\t\t\t\t<span class=\"elementor-button-content-wrapper\">\n\t\t\t\t\t\t<span class=\"elementor-button-icon\">\n\t\t\t\t<i aria-hidden=\"true\" class=\"material-icons md-phone_in_talk\"><\/i>\t\t\t<\/span>\n\t\t\t\t\t\t\t\t\t<span class=\"elementor-button-text\">Jetzt kontaktieren<\/span>\n\t\t\t\t\t<\/span>\n\t\t\t\t\t<\/a>\n\t\t\t\t<\/div>\n\t\t\t\t\t\t\t\t<\/div>\n\t\t\t\t<\/div>\n\t\t\t\t<\/div>\n\t\t<div class=\"elementor-element elementor-element-c3315bc e-con-full e-flex wpr-particle-no wpr-jarallax-no wpr-parallax-no wpr-sticky-section-no elementor-invisible e-con e-child\" data-id=\"c3315bc\" data-element_type=\"container\" data-settings=\"{&quot;background_background&quot;:&quot;classic&quot;,&quot;animation&quot;:&quot;bounceIn&quot;}\">\n\t\t\t\t<div class=\"elementor-element elementor-element-9c39705 elementor-widget elementor-widget-image-box\" data-id=\"9c39705\" data-element_type=\"widget\" data-widget_type=\"image-box.default\">\n\t\t\t\t<div class=\"elementor-widget-container\">\n\t\t\t\t\t<div class=\"elementor-image-box-wrapper\"><div class=\"elementor-image-box-content\"><div class=\"elementor-image-box-title\"><a href=\"#\">Christiane Wagner <\/a><\/div><p class=\"elementor-image-box-description\">B\u00fcro<\/p><\/div><\/div>\t\t\t\t<\/div>\n\t\t\t\t<\/div>\n\t\t\t\t<\/div>\n\t\t<div class=\"elementor-element elementor-element-203830f e-con-full e-flex wpr-particle-no wpr-jarallax-no wpr-parallax-no wpr-sticky-section-no elementor-invisible e-con e-child\" data-id=\"203830f\" data-element_type=\"container\" data-settings=\"{&quot;background_background&quot;:&quot;classic&quot;,&quot;animation&quot;:&quot;bounceIn&quot;}\">\n\t\t\t\t<div class=\"elementor-element elementor-element-5ec053c elementor-widget elementor-widget-image-box\" data-id=\"5ec053c\" data-element_type=\"widget\" data-widget_type=\"image-box.default\">\n\t\t\t\t<div class=\"elementor-widget-container\">\n\t\t\t\t\t<div class=\"elementor-image-box-wrapper\"><div class=\"elementor-image-box-content\"><div class=\"elementor-image-box-title\"><a href=\"#\">Sabine Oeltjen<\/a><\/div><p class=\"elementor-image-box-description\">Reinigungskraft<\/p><\/div><\/div>\t\t\t\t<\/div>\n\t\t\t\t<\/div>\n\t\t\t\t<\/div>\n\t\t\t\t<div class=\"elementor-element elementor-element-b59fbb9 elementor-widget elementor-widget-spacer\" data-id=\"b59fbb9\" data-element_type=\"widget\" data-widget_type=\"spacer.default\">\n\t\t\t\t<div class=\"elementor-widget-container\">\n\t\t\t\t\t\t\t<div class=\"elementor-spacer\">\n\t\t\t<div class=\"elementor-spacer-inner\"><\/div>\n\t\t<\/div>\n\t\t\t\t\t\t<\/div>\n\t\t\t\t<\/div>\n\t\t\t\t<\/div>\n\t\t\t\t\t<\/div>\n\t\t\t\t<\/div>\n\t\t<div class=\"elementor-element elementor-element-a72ab63 e-flex e-con-boxed wpr-particle-no wpr-jarallax-no wpr-parallax-no wpr-sticky-section-no e-con e-parent\" data-id=\"a72ab63\" data-element_type=\"container\">\n\t\t\t\t\t<div class=\"e-con-inner\">\n\t\t<div class=\"elementor-element elementor-element-7add445 e-con-full e-flex wpr-particle-no wpr-jarallax-no wpr-parallax-no wpr-sticky-section-no e-con e-child\" data-id=\"7add445\" data-element_type=\"container\">\n\t\t\t\t<div class=\"elementor-element elementor-element-533507b elementor-invisible elementor-widget elementor-widget-image\" data-id=\"533507b\" data-element_type=\"widget\" data-settings=\"{&quot;_animation&quot;:&quot;fadeInUp&quot;,&quot;_animation_delay&quot;:50}\" data-widget_type=\"image.default\">\n\t\t\t\t<div class=\"elementor-widget-container\">\n\t\t\t\t\t\t\t\t\t\t\t\t\t\t\t<img decoding=\"async\" src=\"https:\/\/www.mp-berufsbekleidung.de\/wp-content\/uploads\/elementor\/thumbs\/IMG_8354-scaled-r5ioe548rp010rhv1ihlvvht27jb4votdmxwhddtps.jpeg\" title=\"MP Berufsbekleidung \u2013 Hochwertige Stickveredelung mit professioneller Technik\" alt=\"Nahaufnahme einer professionellen Stickmaschine mit Gunold-Stickgarn in verschiedenen Farben, bereit f\u00fcr die Veredelung von Textilien.\" loading=\"lazy\" \/>\t\t\t\t\t\t\t\t\t\t\t\t\t\t\t<\/div>\n\t\t\t\t<\/div>\n\t\t\t\t<\/div>\n\t\t\t\t\t<\/div>\n\t\t\t\t<\/div>\n\t\t<div class=\"elementor-element elementor-element-d5d9124 e-flex e-con-boxed wpr-particle-no wpr-jarallax-no wpr-parallax-no wpr-sticky-section-no elementor-invisible e-con e-parent\" data-id=\"d5d9124\" data-element_type=\"container\" data-settings=\"{&quot;animation&quot;:&quot;fadeInUp&quot;,&quot;animation_delay&quot;:100}\">\n\t\t\t\t\t<div class=\"e-con-inner\">\n\t\t<div class=\"elementor-element elementor-element-637d54a e-con-full e-flex wpr-particle-no wpr-jarallax-no wpr-parallax-no wpr-sticky-section-no e-con e-child\" data-id=\"637d54a\" data-element_type=\"container\" data-settings=\"{&quot;background_background&quot;:&quot;classic&quot;}\">\n\t\t\t\t<div class=\"elementor-element elementor-element-8289946 elementor-view-default elementor-widget elementor-widget-icon\" data-id=\"8289946\" data-element_type=\"widget\" data-widget_type=\"icon.default\">\n\t\t\t\t<div class=\"elementor-widget-container\">\n\t\t\t\t\t\t\t<div class=\"elementor-icon-wrapper\">\n\t\t\t<div class=\"elementor-icon\">\n\t\t\t<i aria-hidden=\"true\" class=\"fas fa-angle-double-down\"><\/i>\t\t\t<\/div>\n\t\t<\/div>\n\t\t\t\t\t\t<\/div>\n\t\t\t\t<\/div>\n\t\t\t\t<div class=\"elementor-element elementor-element-6372ad9 elementor-widget elementor-widget-heading\" data-id=\"6372ad9\" data-element_type=\"widget\" data-widget_type=\"heading.default\">\n\t\t\t\t<div class=\"elementor-widget-container\">\n\t\t\t\t\t<h3 class=\"elementor-heading-title elementor-size-default\">Werde Teil des Teams<\/h3>\t\t\t\t<\/div>\n\t\t\t\t<\/div>\n\t\t\t\t<div class=\"elementor-element elementor-element-0073bc9 elementor-widget elementor-widget-heading\" data-id=\"0073bc9\" data-element_type=\"widget\" data-widget_type=\"heading.default\">\n\t\t\t\t<div class=\"elementor-widget-container\">\n\t\t\t\t\t<h4 class=\"elementor-heading-title elementor-size-default\">Sende uns Deine Initiativbewerbung<\/h4>\t\t\t\t<\/div>\n\t\t\t\t<\/div>\n\t\t\t\t<div class=\"elementor-element elementor-element-48e8ae5 elementor-align-left elementor-widget elementor-widget-button\" data-id=\"48e8ae5\" data-element_type=\"widget\" data-widget_type=\"button.default\">\n\t\t\t\t<div class=\"elementor-widget-container\">\n\t\t\t\t\t\t\t\t\t<div class=\"elementor-button-wrapper\">\n\t\t\t\t\t<a class=\"elementor-button elementor-button-link elementor-size-sm elementor-animation-float\" href=\"mailto:info@mp-berufsbekleidung.de?subject=Bewerbung%20Website\">\n\t\t\t\t\t\t<span class=\"elementor-button-content-wrapper\">\n\t\t\t\t\t\t<span class=\"elementor-button-icon\">\n\t\t\t\t<i aria-hidden=\"true\" class=\"fas fa-caret-right\"><\/i>\t\t\t<\/span>\n\t\t\t\t\t\t\t\t\t<span class=\"elementor-button-text\">Jetzt versenden<\/span>\n\t\t\t\t\t<\/span>\n\t\t\t\t\t<\/a>\n\t\t\t\t<\/div>\n\t\t\t\t\t\t\t\t<\/div>\n\t\t\t\t<\/div>\n\t\t\t\t<\/div>\n\t\t\t\t\t<\/div>\n\t\t\t\t<\/div>\n\t\t\t\t<\/div>\n\t\t","protected":false},"excerpt":{"rendered":"<p>\u00dcber uns \u00dcber uns Dein Ansprechpartner im Herzen von Westerstede Wir sind dein verl\u00e4sslicher Partner, wenn es um hochwertige Berufsbekleidung und individuelle L\u00f6sungen f\u00fcr deinen Arbeitsalltag geht. Mit unserem Standort in Westerstede haben wir uns auf erstklassige Arbeitskleidung spezialisiert, die Funktionalit\u00e4t, Komfort und Stil vereint. Seit unserer Gr\u00fcndung stehst du bei uns im Mittelpunkt. Unser Ziel ist es, dir nicht nur die beste Qualit\u00e4t zu bieten, sondern auch die passenden L\u00f6sungen f\u00fcr deine spezifischen Anforderungen zu finden. Ob du in der Gastronomie, im Handwerk, im Gesundheitswesen oder in der Industrie t\u00e4tig bist \u2013 wir verstehen die Besonderheiten jeder Branche und helfen dir, deine Mitarbeiter optimal ausgestattet und sicher durch den Arbeitstag zu bringen. Leistungen Wir bieten dir ein umfassendes Sortiment an hochwertiger Berufsbekleidung sowie ma\u00dfgeschneiderte L\u00f6sungen, die perfekt auf deine Branche abgestimmt sind. Berufsbekleidung Unsere Arbeitskleidung vereint Funktionalit\u00e4t, Komfort und Stil und sorgt daf\u00fcr, dass dein Team optimal ausgestattet und professionell auftritt. Beratung Unser erfahrenes Team steht dir mit pers\u00f6nlicher vor Ort Beratung &amp; jahrelanger Erfahrung zur Seite und unterst\u00fctzt dich. Auch bei der Personalisierung deiner Arbeitskleidung sind wir zur Stelle \u2013 auf Wunsch versehen wir deine Kleidung mit Logo oder Namensstickerei, um dein Unternehmen professionell und einzigartig zu repr\u00e4sentieren. Unser Team Damit Du genau wei\u00dft, wen Du gerade am Telefon hast und wer Deine Ansprechpartner sind: Birgit Petersen Reiners Gesch\u00e4ftsf\u00fchrerin Jetzt kontaktieren Marga Petersen Gsch\u00e4ftsf\u00fchrung &amp; Buchhaltung Jetzt kontaktieren Stina Gerdes Grafische Visualisierung Jetzt kontaktieren Christiane Wagner B\u00fcro Sabine Oeltjen Reinigungskraft Werde Teil des Teams Sende uns Deine Initiativbewerbung Jetzt versenden<\/p>\n","protected":false},"author":2,"featured_media":0,"parent":0,"menu_order":0,"comment_status":"closed","ping_status":"closed","template":"elementor_header_footer","meta":{"footnotes":""},"class_list":["post-61","page","type-page","status-publish","hentry"],"yoast_head":"<!-- This site is optimized with the Yoast SEO plugin v26.3 - https:\/\/yoast.com\/wordpress\/plugins\/seo\/ -->\n<title>\u00dcber uns - M.P. Berufsbekleidung<\/title>\n<meta name=\"description\" content=\"\u00dcber uns - Wir sind MP Berufsbekleidung Westerstede | Lerne unser Team und unser Unternehmen kennen | Jetzt mehr erfahren\" \/>\n<meta name=\"robots\" content=\"index, follow, max-snippet:-1, max-image-preview:large, max-video-preview:-1\" \/>\n<link rel=\"canonical\" href=\"https:\/\/www.mp-berufsbekleidung.de\/?page_id=61\" \/>\n<meta property=\"og:locale\" content=\"de_DE\" \/>\n<meta property=\"og:type\" content=\"article\" \/>\n<meta property=\"og:title\" content=\"\u00dcber uns - M.P. Berufsbekleidung\" \/>\n<meta property=\"og:description\" content=\"\u00dcber uns - Wir sind MP Berufsbekleidung Westerstede | Lerne unser Team und unser Unternehmen kennen | Jetzt mehr erfahren\" \/>\n<meta property=\"og:url\" content=\"https:\/\/www.mp-berufsbekleidung.de\/?page_id=61\" \/>\n<meta property=\"og:site_name\" content=\"M.P. Berufsbekleidung\" \/>\n<meta property=\"article:modified_time\" content=\"2025-09-24T14:24:16+00:00\" \/>\n<meta property=\"og:image\" content=\"https:\/\/www.mp-berufsbekleidung.de\/wp-content\/uploads\/2025\/07\/DSC05925-scaled.jpg\" \/>\n\t<meta property=\"og:image:width\" content=\"2560\" \/>\n\t<meta property=\"og:image:height\" content=\"1707\" \/>\n\t<meta property=\"og:image:type\" content=\"image\/jpeg\" \/>\n<meta name=\"twitter:card\" content=\"summary_large_image\" \/>\n<meta name=\"twitter:label1\" content=\"Gesch\u00e4tzte Lesezeit\" \/>\n\t<meta name=\"twitter:data1\" content=\"3 Minuten\" \/>\n<script type=\"application\/ld+json\" class=\"yoast-schema-graph\">{\"@context\":\"https:\/\/schema.org\",\"@graph\":[{\"@type\":\"WebPage\",\"@id\":\"https:\/\/www.mp-berufsbekleidung.de\/?page_id=61\",\"url\":\"https:\/\/www.mp-berufsbekleidung.de\/?page_id=61\",\"name\":\"\u00dcber uns - M.P. Berufsbekleidung\",\"isPartOf\":{\"@id\":\"https:\/\/www.mp-berufsbekleidung.de\/#website\"},\"primaryImageOfPage\":{\"@id\":\"https:\/\/www.mp-berufsbekleidung.de\/?page_id=61#primaryimage\"},\"image\":{\"@id\":\"https:\/\/www.mp-berufsbekleidung.de\/?page_id=61#primaryimage\"},\"thumbnailUrl\":\"https:\/\/www.mp-berufsbekleidung.de\/wp-content\/uploads\/2025\/07\/DSC05925-1024x683.jpg\",\"datePublished\":\"2024-08-13T09:14:16+00:00\",\"dateModified\":\"2025-09-24T14:24:16+00:00\",\"description\":\"\u00dcber uns - Wir sind MP Berufsbekleidung Westerstede | Lerne unser Team und unser Unternehmen kennen | Jetzt mehr erfahren\",\"breadcrumb\":{\"@id\":\"https:\/\/www.mp-berufsbekleidung.de\/?page_id=61#breadcrumb\"},\"inLanguage\":\"de-AT\",\"potentialAction\":[{\"@type\":\"ReadAction\",\"target\":[\"https:\/\/www.mp-berufsbekleidung.de\/?page_id=61\"]}]},{\"@type\":\"ImageObject\",\"inLanguage\":\"de-AT\",\"@id\":\"https:\/\/www.mp-berufsbekleidung.de\/?page_id=61#primaryimage\",\"url\":\"https:\/\/www.mp-berufsbekleidung.de\/wp-content\/uploads\/2025\/07\/DSC05925-scaled.jpg\",\"contentUrl\":\"https:\/\/www.mp-berufsbekleidung.de\/wp-content\/uploads\/2025\/07\/DSC05925-scaled.jpg\",\"width\":2560,\"height\":1707,\"caption\":\"Willkommen bei MP Berufsbekleidung \u2013 dein Ansprechpartner f\u00fcr Arbeitskleidung mit Stil, Funktion und Veredelung\"},{\"@type\":\"BreadcrumbList\",\"@id\":\"https:\/\/www.mp-berufsbekleidung.de\/?page_id=61#breadcrumb\",\"itemListElement\":[{\"@type\":\"ListItem\",\"position\":1,\"name\":\"Startseite\",\"item\":\"https:\/\/www.mp-berufsbekleidung.de\/\"},{\"@type\":\"ListItem\",\"position\":2,\"name\":\"\u00dcber uns\"}]},{\"@type\":\"WebSite\",\"@id\":\"https:\/\/www.mp-berufsbekleidung.de\/#website\",\"url\":\"https:\/\/www.mp-berufsbekleidung.de\/\",\"name\":\"M.P. Berufsbekleidung\",\"description\":\"\",\"publisher\":{\"@id\":\"https:\/\/www.mp-berufsbekleidung.de\/#organization\"},\"potentialAction\":[{\"@type\":\"SearchAction\",\"target\":{\"@type\":\"EntryPoint\",\"urlTemplate\":\"https:\/\/www.mp-berufsbekleidung.de\/?s={search_term_string}\"},\"query-input\":{\"@type\":\"PropertyValueSpecification\",\"valueRequired\":true,\"valueName\":\"search_term_string\"}}],\"inLanguage\":\"de-AT\"},{\"@type\":\"Organization\",\"@id\":\"https:\/\/www.mp-berufsbekleidung.de\/#organization\",\"name\":\"M.P. Berufsbekleidung\",\"url\":\"https:\/\/www.mp-berufsbekleidung.de\/\",\"logo\":{\"@type\":\"ImageObject\",\"inLanguage\":\"de-AT\",\"@id\":\"https:\/\/www.mp-berufsbekleidung.de\/#\/schema\/logo\/image\/\",\"url\":\"https:\/\/www.mp-berufsbekleidung.de\/wp-content\/uploads\/2024\/08\/Logo-e1723541335133.png\",\"contentUrl\":\"https:\/\/www.mp-berufsbekleidung.de\/wp-content\/uploads\/2024\/08\/Logo-e1723541335133.png\",\"width\":607,\"height\":79,\"caption\":\"M.P. Berufsbekleidung\"},\"image\":{\"@id\":\"https:\/\/www.mp-berufsbekleidung.de\/#\/schema\/logo\/image\/\"}}]}<\/script>\n<!-- \/ Yoast SEO plugin. -->","yoast_head_json":{"title":"\u00dcber uns - M.P. Berufsbekleidung","description":"\u00dcber uns - Wir sind MP Berufsbekleidung Westerstede | Lerne unser Team und unser Unternehmen kennen | Jetzt mehr erfahren","robots":{"index":"index","follow":"follow","max-snippet":"max-snippet:-1","max-image-preview":"max-image-preview:large","max-video-preview":"max-video-preview:-1"},"canonical":"https:\/\/www.mp-berufsbekleidung.de\/?page_id=61","og_locale":"de_DE","og_type":"article","og_title":"\u00dcber uns - M.P. Berufsbekleidung","og_description":"\u00dcber uns - Wir sind MP Berufsbekleidung Westerstede | Lerne unser Team und unser Unternehmen kennen | Jetzt mehr erfahren","og_url":"https:\/\/www.mp-berufsbekleidung.de\/?page_id=61","og_site_name":"M.P. Berufsbekleidung","article_modified_time":"2025-09-24T14:24:16+00:00","og_image":[{"width":2560,"height":1707,"url":"https:\/\/www.mp-berufsbekleidung.de\/wp-content\/uploads\/2025\/07\/DSC05925-scaled.jpg","type":"image\/jpeg"}],"twitter_card":"summary_large_image","twitter_misc":{"Gesch\u00e4tzte Lesezeit":"3 Minuten"},"schema":{"@context":"https:\/\/schema.org","@graph":[{"@type":"WebPage","@id":"https:\/\/www.mp-berufsbekleidung.de\/?page_id=61","url":"https:\/\/www.mp-berufsbekleidung.de\/?page_id=61","name":"\u00dcber uns - M.P. Berufsbekleidung","isPartOf":{"@id":"https:\/\/www.mp-berufsbekleidung.de\/#website"},"primaryImageOfPage":{"@id":"https:\/\/www.mp-berufsbekleidung.de\/?page_id=61#primaryimage"},"image":{"@id":"https:\/\/www.mp-berufsbekleidung.de\/?page_id=61#primaryimage"},"thumbnailUrl":"https:\/\/www.mp-berufsbekleidung.de\/wp-content\/uploads\/2025\/07\/DSC05925-1024x683.jpg","datePublished":"2024-08-13T09:14:16+00:00","dateModified":"2025-09-24T14:24:16+00:00","description":"\u00dcber uns - Wir sind MP Berufsbekleidung Westerstede | Lerne unser Team und unser Unternehmen kennen | Jetzt mehr erfahren","breadcrumb":{"@id":"https:\/\/www.mp-berufsbekleidung.de\/?page_id=61#breadcrumb"},"inLanguage":"de-AT","potentialAction":[{"@type":"ReadAction","target":["https:\/\/www.mp-berufsbekleidung.de\/?page_id=61"]}]},{"@type":"ImageObject","inLanguage":"de-AT","@id":"https:\/\/www.mp-berufsbekleidung.de\/?page_id=61#primaryimage","url":"https:\/\/www.mp-berufsbekleidung.de\/wp-content\/uploads\/2025\/07\/DSC05925-scaled.jpg","contentUrl":"https:\/\/www.mp-berufsbekleidung.de\/wp-content\/uploads\/2025\/07\/DSC05925-scaled.jpg","width":2560,"height":1707,"caption":"Willkommen bei MP Berufsbekleidung \u2013 dein Ansprechpartner f\u00fcr Arbeitskleidung mit Stil, Funktion und Veredelung"},{"@type":"BreadcrumbList","@id":"https:\/\/www.mp-berufsbekleidung.de\/?page_id=61#breadcrumb","itemListElement":[{"@type":"ListItem","position":1,"name":"Startseite","item":"https:\/\/www.mp-berufsbekleidung.de\/"},{"@type":"ListItem","position":2,"name":"\u00dcber uns"}]},{"@type":"WebSite","@id":"https:\/\/www.mp-berufsbekleidung.de\/#website","url":"https:\/\/www.mp-berufsbekleidung.de\/","name":"M.P. Berufsbekleidung","description":"","publisher":{"@id":"https:\/\/www.mp-berufsbekleidung.de\/#organization"},"potentialAction":[{"@type":"SearchAction","target":{"@type":"EntryPoint","urlTemplate":"https:\/\/www.mp-berufsbekleidung.de\/?s={search_term_string}"},"query-input":{"@type":"PropertyValueSpecification","valueRequired":true,"valueName":"search_term_string"}}],"inLanguage":"de-AT"},{"@type":"Organization","@id":"https:\/\/www.mp-berufsbekleidung.de\/#organization","name":"M.P. Berufsbekleidung","url":"https:\/\/www.mp-berufsbekleidung.de\/","logo":{"@type":"ImageObject","inLanguage":"de-AT","@id":"https:\/\/www.mp-berufsbekleidung.de\/#\/schema\/logo\/image\/","url":"https:\/\/www.mp-berufsbekleidung.de\/wp-content\/uploads\/2024\/08\/Logo-e1723541335133.png","contentUrl":"https:\/\/www.mp-berufsbekleidung.de\/wp-content\/uploads\/2024\/08\/Logo-e1723541335133.png","width":607,"height":79,"caption":"M.P. Berufsbekleidung"},"image":{"@id":"https:\/\/www.mp-berufsbekleidung.de\/#\/schema\/logo\/image\/"}}]}},"_links":{"self":[{"href":"https:\/\/www.mp-berufsbekleidung.de\/index.php?rest_route=\/wp\/v2\/pages\/61","targetHints":{"allow":["GET"]}}],"collection":[{"href":"https:\/\/www.mp-berufsbekleidung.de\/index.php?rest_route=\/wp\/v2\/pages"}],"about":[{"href":"https:\/\/www.mp-berufsbekleidung.de\/index.php?rest_route=\/wp\/v2\/types\/page"}],"author":[{"embeddable":true,"href":"https:\/\/www.mp-berufsbekleidung.de\/index.php?rest_route=\/wp\/v2\/users\/2"}],"replies":[{"embeddable":true,"href":"https:\/\/www.mp-berufsbekleidung.de\/index.php?rest_route=%2Fwp%2Fv2%2Fcomments&post=61"}],"version-history":[{"count":133,"href":"https:\/\/www.mp-berufsbekleidung.de\/index.php?rest_route=\/wp\/v2\/pages\/61\/revisions"}],"predecessor-version":[{"id":3305,"href":"https:\/\/www.mp-berufsbekleidung.de\/index.php?rest_route=\/wp\/v2\/pages\/61\/revisions\/3305"}],"wp:attachment":[{"href":"https:\/\/www.mp-berufsbekleidung.de\/index.php?rest_route=%2Fwp%2Fv2%2Fmedia&parent=61"}],"curies":[{"name":"wp","href":"https:\/\/api.w.org\/{rel}","templated":true}]}}