{"id":82,"date":"2024-08-13T10:00:19","date_gmt":"2024-08-13T10:00:19","guid":{"rendered":"https:\/\/www.mp-berufsbekleidung.de\/?page_id=82"},"modified":"2025-09-24T14:40:31","modified_gmt":"2025-09-24T14:40:31","slug":"besticken","status":"publish","type":"page","link":"https:\/\/www.mp-berufsbekleidung.de\/?page_id=82","title":{"rendered":"Besticken"},"content":{"rendered":"\t\t<div data-elementor-type=\"wp-page\" data-elementor-id=\"82\" class=\"elementor elementor-82\" data-elementor-post-type=\"page\">\n\t\t\t\t<div class=\"elementor-element elementor-element-f726d84 e-flex e-con-boxed wpr-particle-no wpr-jarallax-no wpr-parallax-no wpr-sticky-section-no e-con e-parent\" data-id=\"f726d84\" data-element_type=\"container\" data-settings=\"{&quot;background_background&quot;:&quot;classic&quot;}\">\n\t\t\t\t\t<div class=\"e-con-inner\">\n\t\t<div class=\"elementor-element elementor-element-6490aff e-con-full e-flex wpr-particle-no wpr-jarallax-no wpr-parallax-no wpr-sticky-section-no e-con e-child\" data-id=\"6490aff\" data-element_type=\"container\">\n\t\t\t\t<div class=\"elementor-element elementor-element-d4fc635 elementor-widget elementor-widget-heading\" data-id=\"d4fc635\" data-element_type=\"widget\" data-widget_type=\"heading.default\">\n\t\t\t\t<div class=\"elementor-widget-container\">\n\t\t\t\t\t<h1 class=\"elementor-heading-title elementor-size-default\">Besticken<\/h1>\t\t\t\t<\/div>\n\t\t\t\t<\/div>\n\t\t\t\t<\/div>\n\t\t\t\t\t<\/div>\n\t\t\t\t<\/div>\n\t\t<div class=\"elementor-element elementor-element-389577a e-flex e-con-boxed wpr-particle-no wpr-jarallax-no wpr-parallax-no wpr-sticky-section-no e-con e-parent\" data-id=\"389577a\" data-element_type=\"container\">\n\t\t\t\t\t<div class=\"e-con-inner\">\n\t\t<div class=\"elementor-element elementor-element-a49ede9 e-con-full e-flex wpr-particle-no wpr-jarallax-no wpr-parallax-no wpr-sticky-section-no e-con e-child\" data-id=\"a49ede9\" data-element_type=\"container\">\n\t\t\t\t<div class=\"elementor-element elementor-element-2b6a4c4 elementor-invisible elementor-widget elementor-widget-heading\" data-id=\"2b6a4c4\" data-element_type=\"widget\" data-settings=\"{&quot;_animation&quot;:&quot;fadeInUp&quot;,&quot;_animation_delay&quot;:100}\" data-widget_type=\"heading.default\">\n\t\t\t\t<div class=\"elementor-widget-container\">\n\t\t\t\t\t<h2 class=\"elementor-heading-title elementor-size-default\">Flexible und hochwertig.<\/h2>\t\t\t\t<\/div>\n\t\t\t\t<\/div>\n\t\t\t\t<div class=\"elementor-element elementor-element-f871abe elementor-invisible elementor-widget elementor-widget-heading\" data-id=\"f871abe\" data-element_type=\"widget\" data-settings=\"{&quot;_animation&quot;:&quot;fadeInUp&quot;,&quot;_animation_delay&quot;:150}\" data-widget_type=\"heading.default\">\n\t\t\t\t<div class=\"elementor-widget-container\">\n\t\t\t\t\t<h2 class=\"elementor-heading-title elementor-size-default\">Wir besticken deine Berufskleidung und mehr.<\/h2>\t\t\t\t<\/div>\n\t\t\t\t<\/div>\n\t\t\t\t<div class=\"elementor-element elementor-element-9b7e509 elementor-invisible elementor-widget elementor-widget-text-editor\" data-id=\"9b7e509\" data-element_type=\"widget\" data-settings=\"{&quot;_animation&quot;:&quot;fadeInUp&quot;,&quot;_animation_delay&quot;:200}\" data-widget_type=\"text-editor.default\">\n\t\t\t\t<div class=\"elementor-widget-container\">\n\t\t\t\t\t\t\t\t\t<p>Wir besticken deine Berufskleidung und bieten dir eine langlebige und hochwertige Veredelung, die dein Unternehmen professionell und stilvoll pr\u00e4sentiert. Stickerei ist eine der robustesten Methoden, um Logos, Namen oder Designs auf Textilien zu verewigen \u2013 ideal f\u00fcr Berufsbekleidung, die t\u00e4glich beansprucht wird und dabei immer gut aussehen soll. Dank modernster Maschinen und hochwertigen Garnen setzen wir jede Stickerei pr\u00e4zise, sauber und farbbest\u00e4ndig um.<\/p>\t\t\t\t\t\t\t\t<\/div>\n\t\t\t\t<\/div>\n\t\t<div class=\"elementor-element elementor-element-1e9154f e-con-full e-flex wpr-particle-no wpr-jarallax-no wpr-parallax-no wpr-sticky-section-no elementor-invisible e-con e-child\" data-id=\"1e9154f\" data-element_type=\"container\" data-settings=\"{&quot;animation&quot;:&quot;fadeInUp&quot;,&quot;animation_delay&quot;:250}\">\n\t\t<div class=\"elementor-element elementor-element-af294a5 e-con-full e-flex wpr-particle-no wpr-jarallax-no wpr-parallax-no wpr-sticky-section-no e-con e-child\" data-id=\"af294a5\" data-element_type=\"container\">\n\t\t\t\t<div class=\"elementor-element elementor-element-04daf35 elementor-mobile-align-left elementor-icon-list--layout-traditional elementor-list-item-link-full_width elementor-widget elementor-widget-icon-list\" data-id=\"04daf35\" data-element_type=\"widget\" data-widget_type=\"icon-list.default\">\n\t\t\t\t<div class=\"elementor-widget-container\">\n\t\t\t\t\t\t\t<ul class=\"elementor-icon-list-items\">\n\t\t\t\t\t\t\t<li class=\"elementor-icon-list-item\">\n\t\t\t\t\t\t\t\t\t\t\t<span class=\"elementor-icon-list-icon\">\n\t\t\t\t\t\t\t<i aria-hidden=\"true\" class=\"fas fa-check-square\"><\/i>\t\t\t\t\t\t<\/span>\n\t\t\t\t\t\t\t\t\t\t<span class=\"elementor-icon-list-text\">hohe Garnqualit\u00e4t<\/span>\n\t\t\t\t\t\t\t\t\t<\/li>\n\t\t\t\t\t\t\t\t<li class=\"elementor-icon-list-item\">\n\t\t\t\t\t\t\t\t\t\t\t<span class=\"elementor-icon-list-icon\">\n\t\t\t\t\t\t\t<i aria-hidden=\"true\" class=\"fas fa-check-square\"><\/i>\t\t\t\t\t\t<\/span>\n\t\t\t\t\t\t\t\t\t\t<span class=\"elementor-icon-list-text\">Pr\u00e4zision<\/span>\n\t\t\t\t\t\t\t\t\t<\/li>\n\t\t\t\t\t\t\t\t<li class=\"elementor-icon-list-item\">\n\t\t\t\t\t\t\t\t\t\t\t<span class=\"elementor-icon-list-icon\">\n\t\t\t\t\t\t\t<i aria-hidden=\"true\" class=\"fas fa-check-square\"><\/i>\t\t\t\t\t\t<\/span>\n\t\t\t\t\t\t\t\t\t\t<span class=\"elementor-icon-list-text\">dichte Stickerei<\/span>\n\t\t\t\t\t\t\t\t\t<\/li>\n\t\t\t\t\t\t<\/ul>\n\t\t\t\t\t\t<\/div>\n\t\t\t\t<\/div>\n\t\t\t\t<\/div>\n\t\t<div class=\"elementor-element elementor-element-7bbd8d6 e-con-full e-flex wpr-particle-no wpr-jarallax-no wpr-parallax-no wpr-sticky-section-no e-con e-child\" data-id=\"7bbd8d6\" data-element_type=\"container\">\n\t\t\t\t<div class=\"elementor-element elementor-element-5cea2a2 elementor-mobile-align-left elementor-icon-list--layout-traditional elementor-list-item-link-full_width elementor-widget elementor-widget-icon-list\" data-id=\"5cea2a2\" data-element_type=\"widget\" data-widget_type=\"icon-list.default\">\n\t\t\t\t<div class=\"elementor-widget-container\">\n\t\t\t\t\t\t\t<ul class=\"elementor-icon-list-items\">\n\t\t\t\t\t\t\t<li class=\"elementor-icon-list-item\">\n\t\t\t\t\t\t\t\t\t\t\t<span class=\"elementor-icon-list-icon\">\n\t\t\t\t\t\t\t<i aria-hidden=\"true\" class=\"fas fa-check-square\"><\/i>\t\t\t\t\t\t<\/span>\n\t\t\t\t\t\t\t\t\t\t<span class=\"elementor-icon-list-text\">Materialauswahl<\/span>\n\t\t\t\t\t\t\t\t\t<\/li>\n\t\t\t\t\t\t\t\t<li class=\"elementor-icon-list-item\">\n\t\t\t\t\t\t\t\t\t\t\t<span class=\"elementor-icon-list-icon\">\n\t\t\t\t\t\t\t<i aria-hidden=\"true\" class=\"fas fa-check-square\"><\/i>\t\t\t\t\t\t<\/span>\n\t\t\t\t\t\t\t\t\t\t<span class=\"elementor-icon-list-text\">hohe Farbbest\u00e4ndigkeit<\/span>\n\t\t\t\t\t\t\t\t\t<\/li>\n\t\t\t\t\t\t\t\t<li class=\"elementor-icon-list-item\">\n\t\t\t\t\t\t\t\t\t\t\t<span class=\"elementor-icon-list-icon\">\n\t\t\t\t\t\t\t<i aria-hidden=\"true\" class=\"fas fa-check-square\"><\/i>\t\t\t\t\t\t<\/span>\n\t\t\t\t\t\t\t\t\t\t<span class=\"elementor-icon-list-text\">Anpassung an das Material<\/span>\n\t\t\t\t\t\t\t\t\t<\/li>\n\t\t\t\t\t\t<\/ul>\n\t\t\t\t\t\t<\/div>\n\t\t\t\t<\/div>\n\t\t\t\t<\/div>\n\t\t\t\t<\/div>\n\t\t<div class=\"elementor-element elementor-element-0678270 e-con-full e-flex wpr-particle-no wpr-jarallax-no wpr-parallax-no wpr-sticky-section-no elementor-invisible e-con e-child\" data-id=\"0678270\" data-element_type=\"container\" data-settings=\"{&quot;animation&quot;:&quot;fadeInUp&quot;,&quot;animation_delay&quot;:300,&quot;background_background&quot;:&quot;classic&quot;}\">\n\t\t<div class=\"elementor-element elementor-element-961228d e-con-full e-flex wpr-particle-no wpr-jarallax-no wpr-parallax-no wpr-sticky-section-no e-con e-child\" data-id=\"961228d\" data-element_type=\"container\" data-settings=\"{&quot;background_background&quot;:&quot;classic&quot;}\">\n\t\t\t\t<div class=\"elementor-element elementor-element-14dea21 elementor-view-default elementor-widget elementor-widget-icon\" data-id=\"14dea21\" data-element_type=\"widget\" data-widget_type=\"icon.default\">\n\t\t\t\t<div class=\"elementor-widget-container\">\n\t\t\t\t\t\t\t<div class=\"elementor-icon-wrapper\">\n\t\t\t<div class=\"elementor-icon\">\n\t\t\t<i aria-hidden=\"true\" class=\"icon icon-phone-call1\"><\/i>\t\t\t<\/div>\n\t\t<\/div>\n\t\t\t\t\t\t<\/div>\n\t\t\t\t<\/div>\n\t\t\t\t<\/div>\n\t\t<div class=\"elementor-element elementor-element-b02ff91 e-con-full e-flex wpr-particle-no wpr-jarallax-no wpr-parallax-no wpr-sticky-section-no e-con e-child\" data-id=\"b02ff91\" data-element_type=\"container\" data-settings=\"{&quot;background_background&quot;:&quot;classic&quot;}\">\n\t\t\t\t<div class=\"elementor-element elementor-element-3a250f3 elementor-widget elementor-widget-heading\" data-id=\"3a250f3\" data-element_type=\"widget\" data-widget_type=\"heading.default\">\n\t\t\t\t<div class=\"elementor-widget-container\">\n\t\t\t\t\t<div class=\"elementor-heading-title elementor-size-default\"><a href=\"tel:04488%20523990\">Jetzt anrufen! 04488 523990<\/a><\/div>\t\t\t\t<\/div>\n\t\t\t\t<\/div>\n\t\t\t\t<\/div>\n\t\t\t\t<\/div>\n\t\t\t\t<\/div>\n\t\t<div class=\"elementor-element elementor-element-129139e e-con-full e-flex wpr-particle-no wpr-jarallax-no wpr-parallax-no wpr-sticky-section-no e-con e-child\" data-id=\"129139e\" data-element_type=\"container\">\n\t\t\t\t<div class=\"elementor-element elementor-element-fa9d907 elementor-invisible elementor-widget elementor-widget-image\" data-id=\"fa9d907\" data-element_type=\"widget\" data-settings=\"{&quot;_animation&quot;:&quot;fadeInRight&quot;,&quot;_animation_delay&quot;:50}\" data-widget_type=\"image.default\">\n\t\t\t\t<div class=\"elementor-widget-container\">\n\t\t\t\t\t\t\t\t\t\t\t\t\t\t\t<img decoding=\"async\" src=\"https:\/\/www.mp-berufsbekleidung.de\/wp-content\/uploads\/elementor\/thumbs\/DSC05812-scaled-r9qt9odkeaawnx87v90xmflmazvlry71z3awsh2t7o.jpg\" title=\"Stickpower hoch drei \u2013 f\u00fcr dein Motiv in Serienqualit\u00e4t\" alt=\"Drei professionelle Stickmaschinen in heller Werkstatt, im Vordergrund ein eingespanntes Kleidungsst\u00fcck, im Hintergrund Garnrollenregale.\" loading=\"lazy\" \/>\t\t\t\t\t\t\t\t\t\t\t\t\t\t\t<\/div>\n\t\t\t\t<\/div>\n\t\t\t\t<div class=\"elementor-element elementor-element-8089117 elementor-invisible elementor-widget elementor-widget-text-editor\" data-id=\"8089117\" data-element_type=\"widget\" data-settings=\"{&quot;_animation&quot;:&quot;fadeInUp&quot;,&quot;_animation_delay&quot;:200}\" data-widget_type=\"text-editor.default\">\n\t\t\t\t<div class=\"elementor-widget-container\">\n\t\t\t\t\t\t\t\t\t<p>Neben Arbeitskleidung wie Hemden, Jacken oder Sch\u00fcrzen besticken wir auch Accessoires wie Caps oder Taschen, um dein gesamtes Outfit einheitlich und individuell zu gestalten. Selbst filigrane Motive werden detailgetreu umgesetzt, und unsere Stickereien bleiben auch nach vielen Waschg\u00e4ngen langlebig und farbecht.<\/p>\t\t\t\t\t\t\t\t<\/div>\n\t\t\t\t<\/div>\n\t\t\t\t<\/div>\n\t\t\t\t\t<\/div>\n\t\t\t\t<\/div>\n\t\t<div class=\"elementor-element elementor-element-8899435 e-flex e-con-boxed wpr-particle-no wpr-jarallax-no wpr-parallax-no wpr-sticky-section-no e-con e-parent\" data-id=\"8899435\" data-element_type=\"container\">\n\t\t\t\t\t<div class=\"e-con-inner\">\n\t\t<div class=\"elementor-element elementor-element-b1bf10e e-con-full e-flex wpr-particle-no wpr-jarallax-no wpr-parallax-no wpr-sticky-section-no e-con e-child\" data-id=\"b1bf10e\" data-element_type=\"container\">\n\t\t\t\t<div class=\"elementor-element elementor-element-811e689 elementor-widget elementor-widget-image\" data-id=\"811e689\" data-element_type=\"widget\" data-widget_type=\"image.default\">\n\t\t\t\t<div class=\"elementor-widget-container\">\n\t\t\t\t\t\t\t\t\t\t\t\t\t\t\t<img decoding=\"async\" src=\"https:\/\/www.mp-berufsbekleidung.de\/wp-content\/uploads\/elementor\/thumbs\/IMG_8345-scaled-r4qvaqvbnll7wmdbtcbdo1pg3trxi51zmk4ekaphp0.jpeg\" title=\"Professionelle Stickmaschinen in der Stickerei-Werkstatt von MP Berufsbekleidung\" alt=\"&quot;Zwei Mehrkopf-Stickmaschinen von Barudan in der Stickerei-Werkstatt von MP Berufsbekleidung mit eingespanntem Stoff im Stickrahmen.\" class=\"elementor-animation-bob\" loading=\"lazy\" \/>\t\t\t\t\t\t\t\t\t\t\t\t\t\t\t<\/div>\n\t\t\t\t<\/div>\n\t\t\t\t<\/div>\n\t\t<div class=\"elementor-element elementor-element-009ce7a e-con-full e-flex wpr-particle-no wpr-jarallax-no wpr-parallax-no wpr-sticky-section-no e-con e-child\" data-id=\"009ce7a\" data-element_type=\"container\">\n\t\t<div class=\"elementor-element elementor-element-872e2f1 e-con-full e-flex wpr-particle-no wpr-jarallax-no wpr-parallax-no wpr-sticky-section-no e-con e-child\" data-id=\"872e2f1\" data-element_type=\"container\">\n\t\t<div class=\"elementor-element elementor-element-fb6314a e-con-full e-flex wpr-particle-no wpr-jarallax-no wpr-parallax-no wpr-sticky-section-no e-con e-child\" data-id=\"fb6314a\" data-element_type=\"container\">\n\t\t\t\t<div class=\"elementor-element elementor-element-b6f7efa elementor-widget elementor-widget-image\" data-id=\"b6f7efa\" data-element_type=\"widget\" data-widget_type=\"image.default\">\n\t\t\t\t<div class=\"elementor-widget-container\">\n\t\t\t\t\t\t\t\t\t\t\t\t\t\t\t<img decoding=\"async\" src=\"https:\/\/www.mp-berufsbekleidung.de\/wp-content\/uploads\/elementor\/thumbs\/IMG_8354-scaled-r5ioe53z0usx9reimgmc3f5e48c58urcnnn3na31bk.jpeg\" title=\"MP Berufsbekleidung \u2013 Hochwertige Stickveredelung mit professioneller Technik\" alt=\"Nahaufnahme einer professionellen Stickmaschine mit Gunold-Stickgarn in verschiedenen Farben, bereit f\u00fcr die Veredelung von Textilien.\" class=\"elementor-animation-bob\" loading=\"lazy\" \/>\t\t\t\t\t\t\t\t\t\t\t\t\t\t\t<\/div>\n\t\t\t\t<\/div>\n\t\t\t\t<div class=\"elementor-element elementor-element-8f631f7 elementor-widget elementor-widget-image\" data-id=\"8f631f7\" data-element_type=\"widget\" data-widget_type=\"image.default\">\n\t\t\t\t<div class=\"elementor-widget-container\">\n\t\t\t\t\t\t\t\t\t\t\t\t\t\t\t<img decoding=\"async\" src=\"https:\/\/www.mp-berufsbekleidung.de\/wp-content\/uploads\/elementor\/thumbs\/IMG_8402-scaled-r4qv8no8guq825o4ktxz9v3kjm859rkcevdryv5hm8.jpeg\" title=\"Stickrahmen-Sammlung in der Stickerei-Werkstatt von MP Berufsbekleidung\" alt=\"Professionelle Stickrahmen in verschiedenen Gr\u00f6\u00dfen und Formen, ordentlich an einer Wand in der Stickerei-Werkstatt aufgeh\u00e4ngt.\" class=\"elementor-animation-bob\" loading=\"lazy\" \/>\t\t\t\t\t\t\t\t\t\t\t\t\t\t\t<\/div>\n\t\t\t\t<\/div>\n\t\t\t\t<\/div>\n\t\t<div class=\"elementor-element elementor-element-6489995 e-con-full e-flex wpr-particle-no wpr-jarallax-no wpr-parallax-no wpr-sticky-section-no e-con e-child\" data-id=\"6489995\" data-element_type=\"container\">\n\t\t\t\t<div class=\"elementor-element elementor-element-dad62d5 elementor-widget elementor-widget-image\" data-id=\"dad62d5\" data-element_type=\"widget\" data-widget_type=\"image.default\">\n\t\t\t\t<div class=\"elementor-widget-container\">\n\t\t\t\t\t\t\t\t\t\t\t\t\t\t\t<img decoding=\"async\" src=\"https:\/\/www.mp-berufsbekleidung.de\/wp-content\/uploads\/elementor\/thumbs\/IMG_8353-scaled-r5iodvpl4ig21ns65ck2ehis6dmh3vq1ad48uigz1s.jpeg\" title=\"MP Berufsbekleidung \u2013 Hochmoderne Stickmaschine f\u00fcr pr\u00e4zise Veredelung\" alt=\"Nahaufnahme einer professionellen Barudan-Stickmaschine mit digitalem Display und mehreren Nadelk\u00f6pfen in einer Stickerei-Werkstatt.\" class=\"elementor-animation-bob\" loading=\"lazy\" \/>\t\t\t\t\t\t\t\t\t\t\t\t\t\t\t<\/div>\n\t\t\t\t<\/div>\n\t\t\t\t<div class=\"elementor-element elementor-element-5e6887d elementor-widget elementor-widget-image\" data-id=\"5e6887d\" data-element_type=\"widget\" data-widget_type=\"image.default\">\n\t\t\t\t<div class=\"elementor-widget-container\">\n\t\t\t\t\t\t\t\t\t\t\t\t\t\t\t<img decoding=\"async\" src=\"https:\/\/www.mp-berufsbekleidung.de\/wp-content\/uploads\/elementor\/thumbs\/IMG_8360-scaled-r3rryhf92ojcbj96652rzmeuascsfxd9et7vso3dkg.jpeg\" title=\"Farbsortierte Stickgarne f\u00fcr professionelle Textilveredelung\" alt=\"Sortierte Garnrollen in verschiedenen Farben in einem Regalsystem, beschriftet mit Farbnummern und Bezeichnungen.\" class=\"elementor-animation-bob\" loading=\"lazy\" \/>\t\t\t\t\t\t\t\t\t\t\t\t\t\t\t<\/div>\n\t\t\t\t<\/div>\n\t\t\t\t<\/div>\n\t\t\t\t<\/div>\n\t\t\t\t<\/div>\n\t\t\t\t\t<\/div>\n\t\t\t\t<\/div>\n\t\t<div class=\"elementor-element elementor-element-78e1961 e-flex e-con-boxed wpr-particle-no wpr-jarallax-no wpr-parallax-no wpr-sticky-section-no e-con e-parent\" data-id=\"78e1961\" data-element_type=\"container\">\n\t\t\t\t\t<div class=\"e-con-inner\">\n\t\t<div class=\"elementor-element elementor-element-a57e730 e-con-full e-flex wpr-particle-no wpr-jarallax-no wpr-parallax-no wpr-sticky-section-no e-con e-child\" data-id=\"a57e730\" data-element_type=\"container\">\n\t\t\t\t<div class=\"elementor-element elementor-element-dcfe893 elementor-invisible elementor-widget elementor-widget-heading\" data-id=\"dcfe893\" data-element_type=\"widget\" data-settings=\"{&quot;_animation&quot;:&quot;fadeInUp&quot;,&quot;_animation_delay&quot;:50}\" data-widget_type=\"heading.default\">\n\t\t\t\t<div class=\"elementor-widget-container\">\n\t\t\t\t\t<h3 class=\"elementor-heading-title elementor-size-default\">Das k\u00f6nnen wir<\/h3>\t\t\t\t<\/div>\n\t\t\t\t<\/div>\n\t\t\t\t<div class=\"elementor-element elementor-element-7851f87 elementor-invisible elementor-widget elementor-widget-heading\" data-id=\"7851f87\" data-element_type=\"widget\" data-settings=\"{&quot;_animation&quot;:&quot;fadeInUp&quot;,&quot;_animation_delay&quot;:100}\" data-widget_type=\"heading.default\">\n\t\t\t\t<div class=\"elementor-widget-container\">\n\t\t\t\t\t<h3 class=\"elementor-heading-title elementor-size-default\">Wir sch\u00f6pfen alle M\u00f6glichkeiten f\u00fcr dich aus.<\/h3>\t\t\t\t<\/div>\n\t\t\t\t<\/div>\n\t\t\t\t<\/div>\n\t\t\t\t\t<\/div>\n\t\t\t\t<\/div>\n\t\t<div class=\"elementor-element elementor-element-8b782c5 e-flex e-con-boxed wpr-particle-no wpr-jarallax-no wpr-parallax-no wpr-sticky-section-no e-con e-parent\" data-id=\"8b782c5\" data-element_type=\"container\">\n\t\t\t\t\t<div class=\"e-con-inner\">\n\t\t<div class=\"elementor-element elementor-element-2c1f5bb e-con-full e-flex wpr-particle-no wpr-jarallax-no wpr-parallax-no wpr-sticky-section-no elementor-invisible e-con e-child\" data-id=\"2c1f5bb\" data-element_type=\"container\" data-settings=\"{&quot;animation&quot;:&quot;fadeInUp&quot;,&quot;animation_delay&quot;:200}\">\n\t\t\t\t<div class=\"elementor-element elementor-element-fc86eed ekit-equal-height-disable elementor-widget elementor-widget-elementskit-icon-box\" data-id=\"fc86eed\" data-element_type=\"widget\" data-widget_type=\"elementskit-icon-box.default\">\n\t\t\t\t<div class=\"elementor-widget-container\">\n\t\t\t\t\t<div class=\"ekit-wid-con\" >        <!-- link opening -->\n                <!-- end link opening -->\n\n        <div class=\"elementskit-infobox text-center text-center icon-top-align elementor-animation-float   \">\n                    <div class=\"elementskit-box-header elementor-animation-\">\n                <div class=\"elementskit-info-box-icon  \">\n                    <i aria-hidden=\"true\" class=\"elementkit-infobox-icon icon icon-tools\"><\/i>\n                <\/div>\n          <\/div>\n                        <div class=\"box-body\">\n                            <h4 class=\"elementskit-info-box-title\">\n                    Werbetextilien und Corporate Identity                <\/h4>\n                        \t\t  \t<p>Werbetextilien tragen dazu bei, die Corporate Identity deines Unternehmens sichtbar zu machen und ein einheitliches Markenbild zu schaffen.<\/p>\n                                        <div class=\"box-footer disable_hover_button\">\n                    <div class=\"btn-wraper\">\n                                                            <a class=\"elementskit-btn whitespace--normal\" href=\"tel:04488523990\">\n                                        Jetzt beraten lassen                                        <i aria-hidden=\"true\" class=\"icon icon-right-arrow\"><\/i>                                    <\/a>\n                                                        <\/div>\n                <\/div>\n                    <\/div>\n        \n        \n                <\/div>\n        <\/div>\t\t\t\t<\/div>\n\t\t\t\t<\/div>\n\t\t\t\t<\/div>\n\t\t<div class=\"elementor-element elementor-element-7ee8036 e-con-full e-flex wpr-particle-no wpr-jarallax-no wpr-parallax-no wpr-sticky-section-no elementor-invisible e-con e-child\" data-id=\"7ee8036\" data-element_type=\"container\" data-settings=\"{&quot;animation&quot;:&quot;fadeInUp&quot;,&quot;animation_delay&quot;:250}\">\n\t\t\t\t<div class=\"elementor-element elementor-element-8d9ae2c ekit-equal-height-disable elementor-widget elementor-widget-elementskit-icon-box\" data-id=\"8d9ae2c\" data-element_type=\"widget\" data-widget_type=\"elementskit-icon-box.default\">\n\t\t\t\t<div class=\"elementor-widget-container\">\n\t\t\t\t\t<div class=\"ekit-wid-con\" >        <!-- link opening -->\n                <!-- end link opening -->\n\n        <div class=\"elementskit-infobox text-center text-center icon-top-align elementor-animation-float   \">\n                    <div class=\"elementskit-box-header elementor-animation-\">\n                <div class=\"elementskit-info-box-icon  \">\n                    <i aria-hidden=\"true\" class=\"elementkit-infobox-icon icon icon-brickwall\"><\/i>\n                <\/div>\n          <\/div>\n                        <div class=\"box-body\">\n                            <h4 class=\"elementskit-info-box-title\">\n                    Arbeitskleidung und Sicherheitskleidung                <\/h4>\n                        \t\t  \t<p>Arbeits- und Sicherheitskleidung sch\u00fctzt nicht nur, sondern vermittelt gleichzeitig Professionalit\u00e4t und st\u00e4rkt das Vertrauen in dein Unternehmen.<\/p>\n                                        <div class=\"box-footer disable_hover_button\">\n                    <div class=\"btn-wraper\">\n                                                            <a class=\"elementskit-btn whitespace--normal\" href=\"https:\/\/www.mp-berufsbekleidung.de\/?page_id=92\">\n                                        Jetzt mehr erfahren                                        <i aria-hidden=\"true\" class=\"icon icon-right-arrow\"><\/i>                                    <\/a>\n                                                        <\/div>\n                <\/div>\n                    <\/div>\n        \n        \n                <\/div>\n        <\/div>\t\t\t\t<\/div>\n\t\t\t\t<\/div>\n\t\t\t\t<\/div>\n\t\t<div class=\"elementor-element elementor-element-08694d7 e-con-full e-flex wpr-particle-no wpr-jarallax-no wpr-parallax-no wpr-sticky-section-no elementor-invisible e-con e-child\" data-id=\"08694d7\" data-element_type=\"container\" data-settings=\"{&quot;animation&quot;:&quot;fadeInUp&quot;,&quot;animation_delay&quot;:300}\">\n\t\t\t\t<div class=\"elementor-element elementor-element-da7853c ekit-equal-height-disable elementor-widget elementor-widget-elementskit-icon-box\" data-id=\"da7853c\" data-element_type=\"widget\" data-widget_type=\"elementskit-icon-box.default\">\n\t\t\t\t<div class=\"elementor-widget-container\">\n\t\t\t\t\t<div class=\"ekit-wid-con\" >        <!-- link opening -->\n                <!-- end link opening -->\n\n        <div class=\"elementskit-infobox text-center text-center icon-top-align elementor-animation-float   \">\n                    <div class=\"elementskit-box-header elementor-animation-\">\n                <div class=\"elementskit-info-box-icon  \">\n                    <i aria-hidden=\"true\" class=\"elementkit-infobox-icon icon icon-communication\"><\/i>\n                <\/div>\n          <\/div>\n                        <div class=\"box-body\">\n                            <h4 class=\"elementskit-info-box-title\">\n                    Promotion- und individuelle  Werbeartikel                <\/h4>\n                        \t\t  \t<p>Werbeartikel und Promotion-Textilien sind effektive Marketingtools, um deine Marke bei Kunden und Partnern im Ged\u00e4chtnis zu verankern.<\/p>\n                                        <div class=\"box-footer disable_hover_button\">\n                    <div class=\"btn-wraper\">\n                                                            <a class=\"elementskit-btn whitespace--normal\" href=\"tel:04488523990\">\n                                        Jetzt beraten lassen                                        <i aria-hidden=\"true\" class=\"icon icon-right-arrow\"><\/i>                                    <\/a>\n                                                        <\/div>\n                <\/div>\n                    <\/div>\n        \n        \n                <\/div>\n        <\/div>\t\t\t\t<\/div>\n\t\t\t\t<\/div>\n\t\t\t\t<\/div>\n\t\t\t\t\t<\/div>\n\t\t\t\t<\/div>\n\t\t<div class=\"elementor-element elementor-element-ac0e188 e-flex e-con-boxed wpr-particle-no wpr-jarallax-no wpr-parallax-no wpr-sticky-section-no e-con e-parent\" data-id=\"ac0e188\" data-element_type=\"container\">\n\t\t\t\t\t<div class=\"e-con-inner\">\n\t\t<div class=\"elementor-element elementor-element-989d25d e-con-full e-flex wpr-particle-no wpr-jarallax-no wpr-parallax-no wpr-sticky-section-no e-con e-child\" data-id=\"989d25d\" data-element_type=\"container\">\n\t\t<div class=\"elementor-element elementor-element-83e03a4 e-con-full e-flex wpr-particle-no wpr-jarallax-no wpr-parallax-no wpr-sticky-section-no e-con e-child\" data-id=\"83e03a4\" data-element_type=\"container\" data-settings=\"{&quot;background_background&quot;:&quot;classic&quot;,&quot;sticky&quot;:&quot;top&quot;,&quot;sticky_offset&quot;:100,&quot;sticky_parent&quot;:&quot;yes&quot;,&quot;sticky_on&quot;:[&quot;desktop&quot;,&quot;tablet&quot;,&quot;mobile&quot;],&quot;sticky_effects_offset&quot;:0,&quot;sticky_anchor_link_offset&quot;:0}\">\n\t\t<div class=\"elementor-element elementor-element-828a44a e-con-full e-flex wpr-particle-no wpr-jarallax-no wpr-parallax-no wpr-sticky-section-no e-con e-child\" data-id=\"828a44a\" data-element_type=\"container\">\n\t\t\t\t<div class=\"elementor-element elementor-element-58ccaf3 elementor-widget elementor-widget-heading\" data-id=\"58ccaf3\" data-element_type=\"widget\" data-widget_type=\"heading.default\">\n\t\t\t\t<div class=\"elementor-widget-container\">\n\t\t\t\t\t<h4 class=\"elementor-heading-title elementor-size-default\">Dein Ansprechpartner: <p>\nStina Gerdes<\/h4>\t\t\t\t<\/div>\n\t\t\t\t<\/div>\n\t\t\t\t<div class=\"elementor-element elementor-element-6b56911 elementor-button-align-stretch elementor-widget elementor-widget-form\" data-id=\"6b56911\" data-element_type=\"widget\" data-settings=\"{&quot;step_next_label&quot;:&quot;Next&quot;,&quot;step_previous_label&quot;:&quot;Previous&quot;,&quot;button_width&quot;:&quot;100&quot;,&quot;step_type&quot;:&quot;number_text&quot;,&quot;step_icon_shape&quot;:&quot;circle&quot;}\" data-widget_type=\"form.default\">\n\t\t\t\t<div class=\"elementor-widget-container\">\n\t\t\t\t\t\t\t<form class=\"elementor-form\" method=\"post\" name=\"New Form\" aria-label=\"New Form\">\n\t\t\t<input type=\"hidden\" name=\"post_id\" value=\"82\"\/>\n\t\t\t<input type=\"hidden\" name=\"form_id\" value=\"6b56911\"\/>\n\t\t\t<input type=\"hidden\" name=\"referer_title\" value=\"Besticken - M.P. Berufsbekleidung\" \/>\n\n\t\t\t\t\t\t\t<input type=\"hidden\" name=\"queried_id\" value=\"82\"\/>\n\t\t\t\n\t\t\t<div class=\"elementor-form-fields-wrapper elementor-labels-above\">\n\t\t\t\t\t\t\t\t<div class=\"elementor-field-type-tel elementor-field-group elementor-column elementor-field-group-message elementor-col-100 elementor-field-required\">\n\t\t\t\t\t\t\t\t\t\t\t\t<label for=\"form-field-message\" class=\"elementor-field-label\">\n\t\t\t\t\t\t\t\tTelefon\t\t\t\t\t\t\t<\/label>\n\t\t\t\t\t\t\t\t<input size=\"1\" type=\"tel\" name=\"form_fields[message]\" id=\"form-field-message\" class=\"elementor-field elementor-size-sm  elementor-field-textual\" placeholder=\"Telefon\" required=\"required\" pattern=\"[0-9()#&amp;+*-=.]+\" title=\"Only numbers and phone characters (#, -, *, etc) are accepted.\">\n\n\t\t\t\t\t\t<\/div>\n\t\t\t\t\t\t\t\t<div class=\"elementor-field-type-email elementor-field-group elementor-column elementor-field-group-email elementor-col-100 elementor-field-required\">\n\t\t\t\t\t\t\t\t\t\t\t\t<label for=\"form-field-email\" class=\"elementor-field-label\">\n\t\t\t\t\t\t\t\tEmail\t\t\t\t\t\t\t<\/label>\n\t\t\t\t\t\t\t\t\t\t\t\t\t\t<input size=\"1\" type=\"email\" name=\"form_fields[email]\" id=\"form-field-email\" class=\"elementor-field elementor-size-sm  elementor-field-textual\" placeholder=\"Email\" required=\"required\">\n\t\t\t\t\t\t\t\t\t\t\t<\/div>\n\t\t\t\t\t\t\t\t<div class=\"elementor-field-type-text elementor-field-group elementor-column elementor-field-group-name elementor-col-100 elementor-field-required\">\n\t\t\t\t\t\t\t\t\t\t\t\t<label for=\"form-field-name\" class=\"elementor-field-label\">\n\t\t\t\t\t\t\t\tNachricht\t\t\t\t\t\t\t<\/label>\n\t\t\t\t\t\t\t\t\t\t\t\t\t\t<input size=\"1\" type=\"text\" name=\"form_fields[name]\" id=\"form-field-name\" class=\"elementor-field elementor-size-sm  elementor-field-textual\" placeholder=\"Nachricht\" required=\"required\">\n\t\t\t\t\t\t\t\t\t\t\t<\/div>\n\t\t\t\t\t\t\t\t<div class=\"elementor-field-group elementor-column elementor-field-type-submit elementor-col-100 e-form__buttons\">\n\t\t\t\t\t<button class=\"elementor-button elementor-size-sm\" type=\"submit\">\n\t\t\t\t\t\t<span class=\"elementor-button-content-wrapper\">\n\t\t\t\t\t\t\t\t\t\t\t\t\t\t\t\t\t\t\t\t\t\t<span class=\"elementor-button-text\">Nachricht absenden<\/span>\n\t\t\t\t\t\t\t\t\t\t\t\t\t<\/span>\n\t\t\t\t\t<\/button>\n\t\t\t\t<\/div>\n\t\t\t<\/div>\n\t\t<\/form>\n\t\t\t\t\t\t<\/div>\n\t\t\t\t<\/div>\n\t\t\t\t<\/div>\n\t\t\t\t<\/div>\n\t\t\t\t<\/div>\n\t\t<div class=\"elementor-element elementor-element-fb8bc99 e-con-full e-flex wpr-particle-no wpr-jarallax-no wpr-parallax-no wpr-sticky-section-no e-con e-child\" data-id=\"fb8bc99\" data-element_type=\"container\">\n\t\t\t\t<div class=\"elementor-element elementor-element-ab455ff elementor-widget elementor-widget-heading\" data-id=\"ab455ff\" data-element_type=\"widget\" data-widget_type=\"heading.default\">\n\t\t\t\t<div class=\"elementor-widget-container\">\n\t\t\t\t\t<h4 class=\"elementor-heading-title elementor-size-default\">Das umfasst unser Service:<\/h4>\t\t\t\t<\/div>\n\t\t\t\t<\/div>\n\t\t\t\t<div class=\"elementor-element elementor-element-cd5588c elementor-widget elementor-widget-text-editor\" data-id=\"cd5588c\" data-element_type=\"widget\" data-widget_type=\"text-editor.default\">\n\t\t\t\t<div class=\"elementor-widget-container\">\n\t\t\t\t\t\t\t\t\t<p>Das Besticken von Produkten und Kleidung ist eine hochwertige Veredelungsmethode, die deinem Unternehmen eine professionelle und langlebige Identit\u00e4t verleiht. Besonders f\u00fcr Berufsbekleidung ist Stickerei ideal, da sie robust, farbbest\u00e4ndig und waschresistent ist. Logos, Schriftz\u00fcge und individuelle Designs werden direkt in den Stoff eingearbeitet, was f\u00fcr ein edles, langlebiges Ergebnis sorgt, das t\u00e4gliche Belastungen problemlos meistert.<\/p><p>Ob Jacken, Hemden, Sch\u00fcrzen oder Accessoires \u2013 Stickereien verleihen der Kleidung nicht nur einen hochwertigen Look, sondern bieten auch zus\u00e4tzlichen Komfort und Haltbarkeit. Dank ihrer Flexibilit\u00e4t eignet sich Stickerei f\u00fcr eine Vielzahl von Materialien und St\u00fcckzahlen, was sie zur perfekten Wahl f\u00fcr Unternehmen macht, die einen professionellen Auftritt w\u00fcnschen.<\/p>\t\t\t\t\t\t\t\t<\/div>\n\t\t\t\t<\/div>\n\t\t<div class=\"elementor-element elementor-element-bf3649b e-con-full e-flex wpr-particle-no wpr-jarallax-no wpr-parallax-no wpr-sticky-section-no e-con e-child\" data-id=\"bf3649b\" data-element_type=\"container\">\n\t\t<div class=\"elementor-element elementor-element-fc66c51 e-con-full e-flex wpr-particle-no wpr-jarallax-no wpr-parallax-no wpr-sticky-section-no e-con e-child\" data-id=\"fc66c51\" data-element_type=\"container\">\n\t\t\t\t<div class=\"elementor-element elementor-element-1d92c7a elementor-icon-list--layout-traditional elementor-list-item-link-full_width elementor-widget elementor-widget-icon-list\" data-id=\"1d92c7a\" data-element_type=\"widget\" data-widget_type=\"icon-list.default\">\n\t\t\t\t<div class=\"elementor-widget-container\">\n\t\t\t\t\t\t\t<ul class=\"elementor-icon-list-items\">\n\t\t\t\t\t\t\t<li class=\"elementor-icon-list-item\">\n\t\t\t\t\t\t\t\t\t\t\t<span class=\"elementor-icon-list-icon\">\n\t\t\t\t\t\t\t<i aria-hidden=\"true\" class=\"fas fa-check\"><\/i>\t\t\t\t\t\t<\/span>\n\t\t\t\t\t\t\t\t\t\t<span class=\"elementor-icon-list-text\">Hochwertige Materialien<\/span>\n\t\t\t\t\t\t\t\t\t<\/li>\n\t\t\t\t\t\t\t\t<li class=\"elementor-icon-list-item\">\n\t\t\t\t\t\t\t\t\t\t\t<span class=\"elementor-icon-list-icon\">\n\t\t\t\t\t\t\t<i aria-hidden=\"true\" class=\"fas fa-check\"><\/i>\t\t\t\t\t\t<\/span>\n\t\t\t\t\t\t\t\t\t\t<span class=\"elementor-icon-list-text\">Pr\u00e4zise Umsetzung<\/span>\n\t\t\t\t\t\t\t\t\t<\/li>\n\t\t\t\t\t\t\t\t<li class=\"elementor-icon-list-item\">\n\t\t\t\t\t\t\t\t\t\t\t<span class=\"elementor-icon-list-icon\">\n\t\t\t\t\t\t\t<i aria-hidden=\"true\" class=\"fas fa-check\"><\/i>\t\t\t\t\t\t<\/span>\n\t\t\t\t\t\t\t\t\t\t<span class=\"elementor-icon-list-text\">Individuelle Beratung<\/span>\n\t\t\t\t\t\t\t\t\t<\/li>\n\t\t\t\t\t\t\t\t<li class=\"elementor-icon-list-item\">\n\t\t\t\t\t\t\t\t\t\t\t<span class=\"elementor-icon-list-icon\">\n\t\t\t\t\t\t\t<i aria-hidden=\"true\" class=\"fas fa-check\"><\/i>\t\t\t\t\t\t<\/span>\n\t\t\t\t\t\t\t\t\t\t<span class=\"elementor-icon-list-text\">Gro\u00dfe Textilauswahl<\/span>\n\t\t\t\t\t\t\t\t\t<\/li>\n\t\t\t\t\t\t<\/ul>\n\t\t\t\t\t\t<\/div>\n\t\t\t\t<\/div>\n\t\t\t\t<\/div>\n\t\t<div class=\"elementor-element elementor-element-194457f e-con-full e-flex wpr-particle-no wpr-jarallax-no wpr-parallax-no wpr-sticky-section-no e-con e-child\" data-id=\"194457f\" data-element_type=\"container\">\n\t\t\t\t<div class=\"elementor-element elementor-element-07e6674 elementor-icon-list--layout-traditional elementor-list-item-link-full_width elementor-widget elementor-widget-icon-list\" data-id=\"07e6674\" data-element_type=\"widget\" data-widget_type=\"icon-list.default\">\n\t\t\t\t<div class=\"elementor-widget-container\">\n\t\t\t\t\t\t\t<ul class=\"elementor-icon-list-items\">\n\t\t\t\t\t\t\t<li class=\"elementor-icon-list-item\">\n\t\t\t\t\t\t\t\t\t\t\t<span class=\"elementor-icon-list-icon\">\n\t\t\t\t\t\t\t<i aria-hidden=\"true\" class=\"fas fa-check\"><\/i>\t\t\t\t\t\t<\/span>\n\t\t\t\t\t\t\t\t\t\t<span class=\"elementor-icon-list-text\">Anpassung an das Material<\/span>\n\t\t\t\t\t\t\t\t\t<\/li>\n\t\t\t\t\t\t\t\t<li class=\"elementor-icon-list-item\">\n\t\t\t\t\t\t\t\t\t\t\t<span class=\"elementor-icon-list-icon\">\n\t\t\t\t\t\t\t<i aria-hidden=\"true\" class=\"fas fa-check\"><\/i>\t\t\t\t\t\t<\/span>\n\t\t\t\t\t\t\t\t\t\t<span class=\"elementor-icon-list-text\">Flexible St\u00fcckzahlen<\/span>\n\t\t\t\t\t\t\t\t\t<\/li>\n\t\t\t\t\t\t\t\t<li class=\"elementor-icon-list-item\">\n\t\t\t\t\t\t\t\t\t\t\t<span class=\"elementor-icon-list-icon\">\n\t\t\t\t\t\t\t<i aria-hidden=\"true\" class=\"fas fa-check\"><\/i>\t\t\t\t\t\t<\/span>\n\t\t\t\t\t\t\t\t\t\t<span class=\"elementor-icon-list-text\">Zertifizierte Qualit\u00e4t<\/span>\n\t\t\t\t\t\t\t\t\t<\/li>\n\t\t\t\t\t\t\t\t<li class=\"elementor-icon-list-item\">\n\t\t\t\t\t\t\t\t\t\t\t<span class=\"elementor-icon-list-icon\">\n\t\t\t\t\t\t\t<i aria-hidden=\"true\" class=\"fas fa-check\"><\/i>\t\t\t\t\t\t<\/span>\n\t\t\t\t\t\t\t\t\t\t<span class=\"elementor-icon-list-text\">Schnelle Lieferzeiten<\/span>\n\t\t\t\t\t\t\t\t\t<\/li>\n\t\t\t\t\t\t<\/ul>\n\t\t\t\t\t\t<\/div>\n\t\t\t\t<\/div>\n\t\t\t\t<\/div>\n\t\t\t\t<\/div>\n\t\t\t\t<\/div>\n\t\t\t\t\t<\/div>\n\t\t\t\t<\/div>\n\t\t<div class=\"elementor-element elementor-element-f6c148e e-flex e-con-boxed wpr-particle-no wpr-jarallax-no wpr-parallax-no wpr-sticky-section-no e-con e-parent\" data-id=\"f6c148e\" data-element_type=\"container\">\n\t\t\t\t\t<div class=\"e-con-inner\">\n\t\t<div class=\"elementor-element elementor-element-30a9f51 e-con-full e-flex wpr-particle-no wpr-jarallax-no wpr-parallax-no wpr-sticky-section-no e-con e-child\" data-id=\"30a9f51\" data-element_type=\"container\">\n\t\t\t\t<div class=\"elementor-element elementor-element-ef67446 elementor-invisible elementor-widget elementor-widget-heading\" data-id=\"ef67446\" data-element_type=\"widget\" data-settings=\"{&quot;_animation&quot;:&quot;fadeInUp&quot;,&quot;_animation_delay&quot;:50}\" data-widget_type=\"heading.default\">\n\t\t\t\t<div class=\"elementor-widget-container\">\n\t\t\t\t\t<h5 class=\"elementor-heading-title elementor-size-default\">Individuell auf dich zugeschnitten<\/h5>\t\t\t\t<\/div>\n\t\t\t\t<\/div>\n\t\t\t\t<div class=\"elementor-element elementor-element-5824085 elementor-invisible elementor-widget elementor-widget-heading\" data-id=\"5824085\" data-element_type=\"widget\" data-settings=\"{&quot;_animation&quot;:&quot;fadeInUp&quot;,&quot;_animation_delay&quot;:100}\" data-widget_type=\"heading.default\">\n\t\t\t\t<div class=\"elementor-widget-container\">\n\t\t\t\t\t<h5 class=\"elementor-heading-title elementor-size-default\">Vorschau und Beratung<\/h5>\t\t\t\t<\/div>\n\t\t\t\t<\/div>\n\t\t\t\t<div class=\"elementor-element elementor-element-7622f18 elementor-invisible elementor-widget elementor-widget-text-editor\" data-id=\"7622f18\" data-element_type=\"widget\" data-settings=\"{&quot;_animation&quot;:&quot;fadeInUp&quot;,&quot;_animation_delay&quot;:150}\" data-widget_type=\"text-editor.default\">\n\t\t\t\t<div class=\"elementor-widget-container\">\n\t\t\t\t\t\t\t\t\t<p>Unser Bestickungsservice ist individuell auf deine Bed\u00fcrfnisse zugeschnitten, um sicherzustellen, dass deine Kleidung perfekt zu deinem Unternehmen passt. Vorab bieten wir dir eine detaillierte Vorschau deines Designs, sodass du genau siehst, wie das Endergebnis aussehen wird. Unsere Experten beraten dich umfassend, damit dein Logo oder Motiv optimal zur Geltung kommt \u2013 auf dem passenden Material und in der idealen Gr\u00f6\u00dfe.<\/p><p>Wir gehen auf deine W\u00fcnsche ein und passen den gesamten Prozess deinen Anforderungen an, damit das Ergebnis exakt deinen Vorstellungen entspricht. Dank modernster Technologie garantieren wir eine pr\u00e4zise Umsetzung und eine gleichbleibend hohe Qualit\u00e4t. So erh\u00e4ltst du nicht nur hochwertige Berufsbekleidung, sondern auch einen verl\u00e4sslichen Partner f\u00fcr ma\u00dfgeschneiderte L\u00f6sungen.<\/p>\t\t\t\t\t\t\t\t<\/div>\n\t\t\t\t<\/div>\n\t\t\t\t<div class=\"elementor-element elementor-element-32a0223 elementor-align-left elementor-tablet-align-center elementor-invisible elementor-widget elementor-widget-button\" data-id=\"32a0223\" data-element_type=\"widget\" data-settings=\"{&quot;_animation&quot;:&quot;fadeInUp&quot;,&quot;_animation_delay&quot;:200}\" data-widget_type=\"button.default\">\n\t\t\t\t<div class=\"elementor-widget-container\">\n\t\t\t\t\t\t\t\t\t<div class=\"elementor-button-wrapper\">\n\t\t\t\t\t<a class=\"elementor-button elementor-button-link elementor-size-sm elementor-animation-float\" href=\"https:\/\/www.mp-berufsbekleidung.de\/?page_id=88\">\n\t\t\t\t\t\t<span class=\"elementor-button-content-wrapper\">\n\t\t\t\t\t\t\t\t\t<span class=\"elementor-button-text\">Mehr \u00fcber unsere Beratung<\/span>\n\t\t\t\t\t<\/span>\n\t\t\t\t\t<\/a>\n\t\t\t\t<\/div>\n\t\t\t\t\t\t\t\t<\/div>\n\t\t\t\t<\/div>\n\t\t\t\t<\/div>\n\t\t<div class=\"elementor-element elementor-element-2c00a2d e-con-full e-flex wpr-particle-no wpr-jarallax-no wpr-parallax-no wpr-sticky-section-no e-con e-child\" data-id=\"2c00a2d\" data-element_type=\"container\">\n\t\t\t\t<div class=\"elementor-element elementor-element-9e6ea06 elementor-invisible elementor-widget elementor-widget-image\" data-id=\"9e6ea06\" data-element_type=\"widget\" data-settings=\"{&quot;_animation&quot;:&quot;fadeInRight&quot;,&quot;_animation_delay&quot;:50}\" data-widget_type=\"image.default\">\n\t\t\t\t<div class=\"elementor-widget-container\">\n\t\t\t\t\t\t\t\t\t\t\t\t\t\t\t<img decoding=\"async\" src=\"https:\/\/www.mp-berufsbekleidung.de\/wp-content\/uploads\/elementor\/thumbs\/DSC05815-scaled-r9qt8zxrgldga27ptygmtlrmuz827ti17qcaba31pg.jpg\" title=\"Farbenvielfalt am Start \u2013 deine Stickerei, individuell und pr\u00e4zise\" alt=\"Mehrere Garnrollen in verschiedenen Farben sind an einer Stickmaschine eingespannt, dar\u00fcber f\u00fchren schwarze Kabel zu den Nadelk\u00f6pfen.\" loading=\"lazy\" \/>\t\t\t\t\t\t\t\t\t\t\t\t\t\t\t<\/div>\n\t\t\t\t<\/div>\n\t\t\t\t<\/div>\n\t\t\t\t\t<\/div>\n\t\t\t\t<\/div>\n\t\t\t\t<\/div>\n\t\t","protected":false},"excerpt":{"rendered":"<p>Besticken Flexible und hochwertig. Wir besticken deine Berufskleidung und mehr. Wir besticken deine Berufskleidung und bieten dir eine langlebige und hochwertige Veredelung, die dein Unternehmen professionell und stilvoll pr\u00e4sentiert. Stickerei ist eine der robustesten Methoden, um Logos, Namen oder Designs auf Textilien zu verewigen \u2013 ideal f\u00fcr Berufsbekleidung, die t\u00e4glich beansprucht wird und dabei immer gut aussehen soll. Dank modernster Maschinen und hochwertigen Garnen setzen wir jede Stickerei pr\u00e4zise, sauber und farbbest\u00e4ndig um. hohe Garnqualit\u00e4t Pr\u00e4zision dichte Stickerei Materialauswahl hohe Farbbest\u00e4ndigkeit Anpassung an das Material Jetzt anrufen! 04488 523990 Neben Arbeitskleidung wie Hemden, Jacken oder Sch\u00fcrzen besticken wir auch Accessoires wie Caps oder Taschen, um dein gesamtes Outfit einheitlich und individuell zu gestalten. Selbst filigrane Motive werden detailgetreu umgesetzt, und unsere Stickereien bleiben auch nach vielen Waschg\u00e4ngen langlebig und farbecht. Das k\u00f6nnen wir Wir sch\u00f6pfen alle M\u00f6glichkeiten f\u00fcr dich aus. Werbetextilien und Corporate Identity Werbetextilien tragen dazu bei, die Corporate Identity deines Unternehmens sichtbar zu machen und ein einheitliches Markenbild zu schaffen. Jetzt beraten lassen Arbeitskleidung und Sicherheitskleidung Arbeits- und Sicherheitskleidung sch\u00fctzt nicht nur, sondern vermittelt gleichzeitig Professionalit\u00e4t und st\u00e4rkt das Vertrauen in dein Unternehmen. Jetzt mehr erfahren Promotion- und individuelle Werbeartikel Werbeartikel und Promotion-Textilien sind effektive Marketingtools, um deine Marke bei Kunden und Partnern im Ged\u00e4chtnis zu verankern. Jetzt beraten lassen Dein Ansprechpartner: Stina Gerdes Das umfasst unser Service: Das Besticken von Produkten und Kleidung ist eine hochwertige Veredelungsmethode, die deinem Unternehmen eine professionelle und langlebige Identit\u00e4t verleiht. Besonders f\u00fcr Berufsbekleidung ist Stickerei ideal, da sie robust, farbbest\u00e4ndig und waschresistent ist. Logos, Schriftz\u00fcge und individuelle Designs werden direkt in den Stoff eingearbeitet, was f\u00fcr ein edles, langlebiges Ergebnis sorgt, das t\u00e4gliche Belastungen problemlos meistert. Ob Jacken, Hemden, Sch\u00fcrzen oder Accessoires \u2013 Stickereien verleihen der Kleidung nicht nur einen hochwertigen Look, sondern bieten auch zus\u00e4tzlichen Komfort und Haltbarkeit. Dank ihrer Flexibilit\u00e4t eignet sich Stickerei f\u00fcr eine Vielzahl von Materialien und St\u00fcckzahlen, was sie zur perfekten Wahl f\u00fcr Unternehmen macht, die einen professionellen Auftritt w\u00fcnschen. Hochwertige Materialien Pr\u00e4zise Umsetzung Individuelle Beratung Gro\u00dfe Textilauswahl Anpassung an das Material Flexible St\u00fcckzahlen Zertifizierte Qualit\u00e4t Schnelle Lieferzeiten Individuell auf dich zugeschnitten Vorschau und Beratung Unser Bestickungsservice ist individuell auf deine Bed\u00fcrfnisse zugeschnitten, um sicherzustellen, dass deine Kleidung perfekt zu deinem Unternehmen passt. Vorab bieten wir dir eine detaillierte Vorschau deines Designs, sodass du genau siehst, wie das Endergebnis aussehen wird. Unsere Experten beraten dich umfassend, damit dein Logo oder Motiv optimal zur Geltung kommt \u2013 auf dem passenden Material und in der idealen Gr\u00f6\u00dfe. Wir gehen auf deine W\u00fcnsche ein und passen den gesamten Prozess deinen Anforderungen an, damit das Ergebnis exakt deinen Vorstellungen entspricht. Dank modernster Technologie garantieren wir eine pr\u00e4zise Umsetzung und eine gleichbleibend hohe Qualit\u00e4t. So erh\u00e4ltst du nicht nur hochwertige Berufsbekleidung, sondern auch einen verl\u00e4sslichen Partner f\u00fcr ma\u00dfgeschneiderte L\u00f6sungen. Mehr \u00fcber unsere Beratung<\/p>\n","protected":false},"author":2,"featured_media":0,"parent":0,"menu_order":0,"comment_status":"closed","ping_status":"closed","template":"elementor_header_footer","meta":{"footnotes":""},"class_list":["post-82","page","type-page","status-publish","hentry"],"yoast_head":"<!-- This site is optimized with the Yoast SEO plugin v26.3 - https:\/\/yoast.com\/wordpress\/plugins\/seo\/ -->\n<title>Besticken - M.P. Berufsbekleidung<\/title>\n<meta name=\"description\" content=\"Besticken von Kleidung, Berufsbekleidung, Taschen, Caps oder anderen textilen Objekten - hohe Qualit\u00e4t und schnelle Umsetzung\" \/>\n<meta name=\"robots\" content=\"index, follow, max-snippet:-1, max-image-preview:large, max-video-preview:-1\" \/>\n<link rel=\"canonical\" href=\"https:\/\/www.mp-berufsbekleidung.de\/?page_id=82\" \/>\n<meta property=\"og:locale\" content=\"de_DE\" \/>\n<meta property=\"og:type\" content=\"article\" \/>\n<meta property=\"og:title\" content=\"Besticken - M.P. Berufsbekleidung\" \/>\n<meta property=\"og:description\" content=\"Besticken von Kleidung, Berufsbekleidung, Taschen, Caps oder anderen textilen Objekten - hohe Qualit\u00e4t und schnelle Umsetzung\" \/>\n<meta property=\"og:url\" content=\"https:\/\/www.mp-berufsbekleidung.de\/?page_id=82\" \/>\n<meta property=\"og:site_name\" content=\"M.P. Berufsbekleidung\" \/>\n<meta property=\"article:modified_time\" content=\"2025-09-24T14:40:31+00:00\" \/>\n<meta property=\"og:image\" content=\"https:\/\/www.mp-berufsbekleidung.de\/wp-content\/uploads\/elementor\/thumbs\/DSC05812-scaled-r9qt9odkeaawnx87v90xmflmazvlry71z3awsh2t7o.jpg\" \/>\n<meta name=\"twitter:card\" content=\"summary_large_image\" \/>\n<meta name=\"twitter:label1\" content=\"Gesch\u00e4tzte Lesezeit\" \/>\n\t<meta name=\"twitter:data1\" content=\"5 Minuten\" \/>\n<script type=\"application\/ld+json\" class=\"yoast-schema-graph\">{\"@context\":\"https:\/\/schema.org\",\"@graph\":[{\"@type\":\"WebPage\",\"@id\":\"https:\/\/www.mp-berufsbekleidung.de\/?page_id=82\",\"url\":\"https:\/\/www.mp-berufsbekleidung.de\/?page_id=82\",\"name\":\"Besticken - M.P. Berufsbekleidung\",\"isPartOf\":{\"@id\":\"https:\/\/www.mp-berufsbekleidung.de\/#website\"},\"primaryImageOfPage\":{\"@id\":\"https:\/\/www.mp-berufsbekleidung.de\/?page_id=82#primaryimage\"},\"image\":{\"@id\":\"https:\/\/www.mp-berufsbekleidung.de\/?page_id=82#primaryimage\"},\"thumbnailUrl\":\"https:\/\/www.mp-berufsbekleidung.de\/wp-content\/uploads\/elementor\/thumbs\/DSC05812-scaled-r9qt9odkeaawnx87v90xmflmazvlry71z3awsh2t7o.jpg\",\"datePublished\":\"2024-08-13T10:00:19+00:00\",\"dateModified\":\"2025-09-24T14:40:31+00:00\",\"description\":\"Besticken von Kleidung, Berufsbekleidung, Taschen, Caps oder anderen textilen Objekten - hohe Qualit\u00e4t und schnelle Umsetzung\",\"breadcrumb\":{\"@id\":\"https:\/\/www.mp-berufsbekleidung.de\/?page_id=82#breadcrumb\"},\"inLanguage\":\"de-AT\",\"potentialAction\":[{\"@type\":\"ReadAction\",\"target\":[\"https:\/\/www.mp-berufsbekleidung.de\/?page_id=82\"]}]},{\"@type\":\"ImageObject\",\"inLanguage\":\"de-AT\",\"@id\":\"https:\/\/www.mp-berufsbekleidung.de\/?page_id=82#primaryimage\",\"url\":\"https:\/\/www.mp-berufsbekleidung.de\/wp-content\/uploads\/elementor\/thumbs\/DSC05812-scaled-r9qt9odkeaawnx87v90xmflmazvlry71z3awsh2t7o.jpg\",\"contentUrl\":\"https:\/\/www.mp-berufsbekleidung.de\/wp-content\/uploads\/elementor\/thumbs\/DSC05812-scaled-r9qt9odkeaawnx87v90xmflmazvlry71z3awsh2t7o.jpg\"},{\"@type\":\"BreadcrumbList\",\"@id\":\"https:\/\/www.mp-berufsbekleidung.de\/?page_id=82#breadcrumb\",\"itemListElement\":[{\"@type\":\"ListItem\",\"position\":1,\"name\":\"Startseite\",\"item\":\"https:\/\/www.mp-berufsbekleidung.de\/\"},{\"@type\":\"ListItem\",\"position\":2,\"name\":\"Besticken\"}]},{\"@type\":\"WebSite\",\"@id\":\"https:\/\/www.mp-berufsbekleidung.de\/#website\",\"url\":\"https:\/\/www.mp-berufsbekleidung.de\/\",\"name\":\"M.P. Berufsbekleidung\",\"description\":\"\",\"publisher\":{\"@id\":\"https:\/\/www.mp-berufsbekleidung.de\/#organization\"},\"potentialAction\":[{\"@type\":\"SearchAction\",\"target\":{\"@type\":\"EntryPoint\",\"urlTemplate\":\"https:\/\/www.mp-berufsbekleidung.de\/?s={search_term_string}\"},\"query-input\":{\"@type\":\"PropertyValueSpecification\",\"valueRequired\":true,\"valueName\":\"search_term_string\"}}],\"inLanguage\":\"de-AT\"},{\"@type\":\"Organization\",\"@id\":\"https:\/\/www.mp-berufsbekleidung.de\/#organization\",\"name\":\"M.P. Berufsbekleidung\",\"url\":\"https:\/\/www.mp-berufsbekleidung.de\/\",\"logo\":{\"@type\":\"ImageObject\",\"inLanguage\":\"de-AT\",\"@id\":\"https:\/\/www.mp-berufsbekleidung.de\/#\/schema\/logo\/image\/\",\"url\":\"https:\/\/www.mp-berufsbekleidung.de\/wp-content\/uploads\/2024\/08\/Logo-e1723541335133.png\",\"contentUrl\":\"https:\/\/www.mp-berufsbekleidung.de\/wp-content\/uploads\/2024\/08\/Logo-e1723541335133.png\",\"width\":607,\"height\":79,\"caption\":\"M.P. Berufsbekleidung\"},\"image\":{\"@id\":\"https:\/\/www.mp-berufsbekleidung.de\/#\/schema\/logo\/image\/\"}}]}<\/script>\n<!-- \/ Yoast SEO plugin. -->","yoast_head_json":{"title":"Besticken - M.P. Berufsbekleidung","description":"Besticken von Kleidung, Berufsbekleidung, Taschen, Caps oder anderen textilen Objekten - hohe Qualit\u00e4t und schnelle Umsetzung","robots":{"index":"index","follow":"follow","max-snippet":"max-snippet:-1","max-image-preview":"max-image-preview:large","max-video-preview":"max-video-preview:-1"},"canonical":"https:\/\/www.mp-berufsbekleidung.de\/?page_id=82","og_locale":"de_DE","og_type":"article","og_title":"Besticken - M.P. Berufsbekleidung","og_description":"Besticken von Kleidung, Berufsbekleidung, Taschen, Caps oder anderen textilen Objekten - hohe Qualit\u00e4t und schnelle Umsetzung","og_url":"https:\/\/www.mp-berufsbekleidung.de\/?page_id=82","og_site_name":"M.P. Berufsbekleidung","article_modified_time":"2025-09-24T14:40:31+00:00","og_image":[{"url":"https:\/\/www.mp-berufsbekleidung.de\/wp-content\/uploads\/elementor\/thumbs\/DSC05812-scaled-r9qt9odkeaawnx87v90xmflmazvlry71z3awsh2t7o.jpg","type":"","width":"","height":""}],"twitter_card":"summary_large_image","twitter_misc":{"Gesch\u00e4tzte Lesezeit":"5 Minuten"},"schema":{"@context":"https:\/\/schema.org","@graph":[{"@type":"WebPage","@id":"https:\/\/www.mp-berufsbekleidung.de\/?page_id=82","url":"https:\/\/www.mp-berufsbekleidung.de\/?page_id=82","name":"Besticken - M.P. Berufsbekleidung","isPartOf":{"@id":"https:\/\/www.mp-berufsbekleidung.de\/#website"},"primaryImageOfPage":{"@id":"https:\/\/www.mp-berufsbekleidung.de\/?page_id=82#primaryimage"},"image":{"@id":"https:\/\/www.mp-berufsbekleidung.de\/?page_id=82#primaryimage"},"thumbnailUrl":"https:\/\/www.mp-berufsbekleidung.de\/wp-content\/uploads\/elementor\/thumbs\/DSC05812-scaled-r9qt9odkeaawnx87v90xmflmazvlry71z3awsh2t7o.jpg","datePublished":"2024-08-13T10:00:19+00:00","dateModified":"2025-09-24T14:40:31+00:00","description":"Besticken von Kleidung, Berufsbekleidung, Taschen, Caps oder anderen textilen Objekten - hohe Qualit\u00e4t und schnelle Umsetzung","breadcrumb":{"@id":"https:\/\/www.mp-berufsbekleidung.de\/?page_id=82#breadcrumb"},"inLanguage":"de-AT","potentialAction":[{"@type":"ReadAction","target":["https:\/\/www.mp-berufsbekleidung.de\/?page_id=82"]}]},{"@type":"ImageObject","inLanguage":"de-AT","@id":"https:\/\/www.mp-berufsbekleidung.de\/?page_id=82#primaryimage","url":"https:\/\/www.mp-berufsbekleidung.de\/wp-content\/uploads\/elementor\/thumbs\/DSC05812-scaled-r9qt9odkeaawnx87v90xmflmazvlry71z3awsh2t7o.jpg","contentUrl":"https:\/\/www.mp-berufsbekleidung.de\/wp-content\/uploads\/elementor\/thumbs\/DSC05812-scaled-r9qt9odkeaawnx87v90xmflmazvlry71z3awsh2t7o.jpg"},{"@type":"BreadcrumbList","@id":"https:\/\/www.mp-berufsbekleidung.de\/?page_id=82#breadcrumb","itemListElement":[{"@type":"ListItem","position":1,"name":"Startseite","item":"https:\/\/www.mp-berufsbekleidung.de\/"},{"@type":"ListItem","position":2,"name":"Besticken"}]},{"@type":"WebSite","@id":"https:\/\/www.mp-berufsbekleidung.de\/#website","url":"https:\/\/www.mp-berufsbekleidung.de\/","name":"M.P. Berufsbekleidung","description":"","publisher":{"@id":"https:\/\/www.mp-berufsbekleidung.de\/#organization"},"potentialAction":[{"@type":"SearchAction","target":{"@type":"EntryPoint","urlTemplate":"https:\/\/www.mp-berufsbekleidung.de\/?s={search_term_string}"},"query-input":{"@type":"PropertyValueSpecification","valueRequired":true,"valueName":"search_term_string"}}],"inLanguage":"de-AT"},{"@type":"Organization","@id":"https:\/\/www.mp-berufsbekleidung.de\/#organization","name":"M.P. Berufsbekleidung","url":"https:\/\/www.mp-berufsbekleidung.de\/","logo":{"@type":"ImageObject","inLanguage":"de-AT","@id":"https:\/\/www.mp-berufsbekleidung.de\/#\/schema\/logo\/image\/","url":"https:\/\/www.mp-berufsbekleidung.de\/wp-content\/uploads\/2024\/08\/Logo-e1723541335133.png","contentUrl":"https:\/\/www.mp-berufsbekleidung.de\/wp-content\/uploads\/2024\/08\/Logo-e1723541335133.png","width":607,"height":79,"caption":"M.P. Berufsbekleidung"},"image":{"@id":"https:\/\/www.mp-berufsbekleidung.de\/#\/schema\/logo\/image\/"}}]}},"_links":{"self":[{"href":"https:\/\/www.mp-berufsbekleidung.de\/index.php?rest_route=\/wp\/v2\/pages\/82","targetHints":{"allow":["GET"]}}],"collection":[{"href":"https:\/\/www.mp-berufsbekleidung.de\/index.php?rest_route=\/wp\/v2\/pages"}],"about":[{"href":"https:\/\/www.mp-berufsbekleidung.de\/index.php?rest_route=\/wp\/v2\/types\/page"}],"author":[{"embeddable":true,"href":"https:\/\/www.mp-berufsbekleidung.de\/index.php?rest_route=\/wp\/v2\/users\/2"}],"replies":[{"embeddable":true,"href":"https:\/\/www.mp-berufsbekleidung.de\/index.php?rest_route=%2Fwp%2Fv2%2Fcomments&post=82"}],"version-history":[{"count":303,"href":"https:\/\/www.mp-berufsbekleidung.de\/index.php?rest_route=\/wp\/v2\/pages\/82\/revisions"}],"predecessor-version":[{"id":3326,"href":"https:\/\/www.mp-berufsbekleidung.de\/index.php?rest_route=\/wp\/v2\/pages\/82\/revisions\/3326"}],"wp:attachment":[{"href":"https:\/\/www.mp-berufsbekleidung.de\/index.php?rest_route=%2Fwp%2Fv2%2Fmedia&parent=82"}],"curies":[{"name":"wp","href":"https:\/\/api.w.org\/{rel}","templated":true}]}}