{"id":92,"date":"2024-08-13T10:09:55","date_gmt":"2024-08-13T10:09:55","guid":{"rendered":"https:\/\/www.mp-berufsbekleidung.de\/?page_id=92"},"modified":"2025-09-24T14:53:22","modified_gmt":"2025-09-24T14:53:22","slug":"sicherheitskleidung","status":"publish","type":"page","link":"https:\/\/www.mp-berufsbekleidung.de\/?page_id=92","title":{"rendered":"Sicherheitskleidung"},"content":{"rendered":"\t\t<div data-elementor-type=\"wp-page\" data-elementor-id=\"92\" class=\"elementor elementor-92\" data-elementor-post-type=\"page\">\n\t\t\t\t<div class=\"elementor-element elementor-element-0f46875 e-flex e-con-boxed wpr-particle-no wpr-jarallax-no wpr-parallax-no wpr-sticky-section-no e-con e-parent\" data-id=\"0f46875\" data-element_type=\"container\" data-settings=\"{&quot;background_background&quot;:&quot;classic&quot;}\">\n\t\t\t\t\t<div class=\"e-con-inner\">\n\t\t<div class=\"elementor-element elementor-element-ead9e17 e-con-full e-flex wpr-particle-no wpr-jarallax-no wpr-parallax-no wpr-sticky-section-no e-con e-child\" data-id=\"ead9e17\" data-element_type=\"container\">\n\t\t\t\t<div class=\"elementor-element elementor-element-dd83afb elementor-widget elementor-widget-heading\" data-id=\"dd83afb\" data-element_type=\"widget\" data-widget_type=\"heading.default\">\n\t\t\t\t<div class=\"elementor-widget-container\">\n\t\t\t\t\t<h1 class=\"elementor-heading-title elementor-size-default\">Sicherheitskleidung<\/h1>\t\t\t\t<\/div>\n\t\t\t\t<\/div>\n\t\t\t\t<\/div>\n\t\t\t\t\t<\/div>\n\t\t\t\t<\/div>\n\t\t<div class=\"elementor-element elementor-element-7f7e3d6 e-flex e-con-boxed wpr-particle-no wpr-jarallax-no wpr-parallax-no wpr-sticky-section-no e-con e-parent\" data-id=\"7f7e3d6\" data-element_type=\"container\">\n\t\t\t\t\t<div class=\"e-con-inner\">\n\t\t<div class=\"elementor-element elementor-element-d43c626 e-con-full e-flex wpr-particle-no wpr-jarallax-no wpr-parallax-no wpr-sticky-section-no e-con e-child\" data-id=\"d43c626\" data-element_type=\"container\">\n\t\t\t\t<div class=\"elementor-element elementor-element-34aa03a elementor-widget elementor-widget-image\" data-id=\"34aa03a\" data-element_type=\"widget\" data-widget_type=\"image.default\">\n\t\t\t\t<div class=\"elementor-widget-container\">\n\t\t\t\t\t\t\t\t\t\t\t\t\t\t\t<img decoding=\"async\" src=\"https:\/\/www.mp-berufsbekleidung.de\/wp-content\/uploads\/elementor\/thumbs\/DSC05674-scaled-ra7japclhjhjf9n2abkw6bllptjccb5c798vp33jow.jpg\" title=\"Warnschutzkleidung &#038; funktionale Berufsbekleidung bei MP Berufsbekleidung.\" alt=\"Arbeitskleidung in Signalfarben und dunklen T\u00f6nen im Verkaufsraum von MP Berufsbekleidung.\" loading=\"lazy\" \/>\t\t\t\t\t\t\t\t\t\t\t\t\t\t\t<\/div>\n\t\t\t\t<\/div>\n\t\t\t\t<\/div>\n\t\t<div class=\"elementor-element elementor-element-17b1fe9 e-con-full e-flex wpr-particle-no wpr-jarallax-no wpr-parallax-no wpr-sticky-section-no e-con e-child\" data-id=\"17b1fe9\" data-element_type=\"container\">\n\t\t\t\t<div class=\"elementor-element elementor-element-7a26e02 elementor-invisible elementor-widget elementor-widget-heading\" data-id=\"7a26e02\" data-element_type=\"widget\" data-settings=\"{&quot;_animation&quot;:&quot;fadeInUp&quot;,&quot;_animation_delay&quot;:100}\" data-widget_type=\"heading.default\">\n\t\t\t\t<div class=\"elementor-widget-container\">\n\t\t\t\t\t<h2 class=\"elementor-heading-title elementor-size-default\">Gesch\u00fctzt durch den Berufsalltag<\/h2>\t\t\t\t<\/div>\n\t\t\t\t<\/div>\n\t\t\t\t<div class=\"elementor-element elementor-element-de21f1f elementor-invisible elementor-widget elementor-widget-heading\" data-id=\"de21f1f\" data-element_type=\"widget\" data-settings=\"{&quot;_animation&quot;:&quot;fadeInUp&quot;,&quot;_animation_delay&quot;:150}\" data-widget_type=\"heading.default\">\n\t\t\t\t<div class=\"elementor-widget-container\">\n\t\t\t\t\t<h2 class=\"elementor-heading-title elementor-size-default\">Sicherheitskleidung von MP Berufsbekleidung<\/h2>\t\t\t\t<\/div>\n\t\t\t\t<\/div>\n\t\t\t\t<div class=\"elementor-element elementor-element-2618ef0 elementor-invisible elementor-widget elementor-widget-text-editor\" data-id=\"2618ef0\" data-element_type=\"widget\" data-settings=\"{&quot;_animation&quot;:&quot;fadeInUp&quot;,&quot;_animation_delay&quot;:200}\" data-widget_type=\"text-editor.default\">\n\t\t\t\t<div class=\"elementor-widget-container\">\n\t\t\t\t\t\t\t\t\t<p>Unsere Sicherheitskleidung bietet dir den optimalen Schutz, den du im Arbeitsalltag brauchst, ohne dabei auf Komfort zu verzichten. Hergestellt aus robusten Materialien und nach h\u00f6chsten Sicherheitsstandards gefertigt, sorgt sie daf\u00fcr, dass du dich voll auf deine Aufgaben konzentrieren kannst.<\/p>\t\t\t\t\t\t\t\t<\/div>\n\t\t\t\t<\/div>\n\t\t\t\t<\/div>\n\t\t\t\t\t<\/div>\n\t\t\t\t<\/div>\n\t\t<div class=\"elementor-element elementor-element-37d548c e-flex e-con-boxed wpr-particle-no wpr-jarallax-no wpr-parallax-no wpr-sticky-section-no e-con e-parent\" data-id=\"37d548c\" data-element_type=\"container\">\n\t\t\t\t\t<div class=\"e-con-inner\">\n\t\t<div class=\"elementor-element elementor-element-1c53c8a e-con-full e-flex wpr-particle-no wpr-jarallax-no wpr-parallax-no wpr-sticky-section-no e-con e-child\" data-id=\"1c53c8a\" data-element_type=\"container\">\n\t\t\t\t<div class=\"elementor-element elementor-element-b52ae54 elementor-invisible elementor-widget elementor-widget-heading\" data-id=\"b52ae54\" data-element_type=\"widget\" data-settings=\"{&quot;_animation&quot;:&quot;fadeInUp&quot;,&quot;_animation_delay&quot;:100}\" data-widget_type=\"heading.default\">\n\t\t\t\t<div class=\"elementor-widget-container\">\n\t\t\t\t\t<h3 class=\"elementor-heading-title elementor-size-default\">Arbeitsschuhe &amp; mehr<\/h3>\t\t\t\t<\/div>\n\t\t\t\t<\/div>\n\t\t\t\t<div class=\"elementor-element elementor-element-da72c1e elementor-invisible elementor-widget elementor-widget-heading\" data-id=\"da72c1e\" data-element_type=\"widget\" data-settings=\"{&quot;_animation&quot;:&quot;fadeInUp&quot;,&quot;_animation_delay&quot;:150}\" data-widget_type=\"heading.default\">\n\t\t\t\t<div class=\"elementor-widget-container\">\n\t\t\t\t\t<h3 class=\"elementor-heading-title elementor-size-default\">Von - Bis, bei uns wirst du f\u00fcndig<\/h3>\t\t\t\t<\/div>\n\t\t\t\t<\/div>\n\t\t\t\t<div class=\"elementor-element elementor-element-3b3274a elementor-invisible elementor-widget elementor-widget-text-editor\" data-id=\"3b3274a\" data-element_type=\"widget\" data-settings=\"{&quot;_animation&quot;:&quot;fadeInUp&quot;,&quot;_animation_delay&quot;:200}\" data-widget_type=\"text-editor.default\">\n\t\t\t\t<div class=\"elementor-widget-container\">\n\t\t\t\t\t\t\t\t\t<p>Egal, ob du einfache Schutzkleidung oder spezialisierte Sicherheitsausr\u00fcstung suchst \u2013 bei MP Berufsbekleidung bieten wir dir eine breite Auswahl an hochwertiger Sicherheitskleidung. Mit unserer Vielfalt an Produkten stellen wir sicher, dass jeder Bedarf abgedeckt wird \u2013 f\u00fcr maximalen Schutz und Komfort<\/p>\t\t\t\t\t\t\t\t<\/div>\n\t\t\t\t<\/div>\n\t\t\t\t<\/div>\n\t\t<div class=\"elementor-element elementor-element-8958d2d e-con-full e-flex wpr-particle-no wpr-jarallax-no wpr-parallax-no wpr-sticky-section-no e-con e-child\" data-id=\"8958d2d\" data-element_type=\"container\">\n\t\t\t\t<div class=\"elementor-element elementor-element-4ebef15 elementor-widget elementor-widget-image\" data-id=\"4ebef15\" data-element_type=\"widget\" data-widget_type=\"image.default\">\n\t\t\t\t<div class=\"elementor-widget-container\">\n\t\t\t\t\t\t\t\t\t\t\t\t\t\t\t<img fetchpriority=\"high\" decoding=\"async\" width=\"800\" height=\"534\" src=\"https:\/\/www.mp-berufsbekleidung.de\/wp-content\/uploads\/2024\/12\/700M_quer-1024x683.jpg\" class=\"attachment-large size-large wp-image-1573\" alt=\"Person setzt eine NITRAS-Einlegesohle in einen blauen Sicherheitsschuh ein.\" srcset=\"https:\/\/www.mp-berufsbekleidung.de\/wp-content\/uploads\/2024\/12\/700M_quer-1024x683.jpg 1024w, https:\/\/www.mp-berufsbekleidung.de\/wp-content\/uploads\/2024\/12\/700M_quer-300x200.jpg 300w, https:\/\/www.mp-berufsbekleidung.de\/wp-content\/uploads\/2024\/12\/700M_quer-768x512.jpg 768w, https:\/\/www.mp-berufsbekleidung.de\/wp-content\/uploads\/2024\/12\/700M_quer-1536x1025.jpg 1536w, https:\/\/www.mp-berufsbekleidung.de\/wp-content\/uploads\/2024\/12\/700M_quer.jpg 2048w\" sizes=\"(max-width: 800px) 100vw, 800px\" \/>\t\t\t\t\t\t\t\t\t\t\t\t\t\t\t<\/div>\n\t\t\t\t<\/div>\n\t\t\t\t<\/div>\n\t\t\t\t\t<\/div>\n\t\t\t\t<\/div>\n\t\t<div class=\"elementor-element elementor-element-6626704 e-flex e-con-boxed wpr-particle-no wpr-jarallax-no wpr-parallax-no wpr-sticky-section-no e-con e-parent\" data-id=\"6626704\" data-element_type=\"container\">\n\t\t\t\t\t<div class=\"e-con-inner\">\n\t\t<div class=\"elementor-element elementor-element-c4388e9 e-con-full e-flex wpr-particle-no wpr-jarallax-no wpr-parallax-no wpr-sticky-section-no e-con e-child\" data-id=\"c4388e9\" data-element_type=\"container\">\n\t\t\t\t<div class=\"elementor-element elementor-element-6b8616a elementor-widget elementor-widget-image\" data-id=\"6b8616a\" data-element_type=\"widget\" data-widget_type=\"image.default\">\n\t\t\t\t<div class=\"elementor-widget-container\">\n\t\t\t\t\t\t\t\t\t\t\t\t\t\t\t<img decoding=\"async\" width=\"1025\" height=\"1536\" src=\"https:\/\/www.mp-berufsbekleidung.de\/wp-content\/uploads\/2024\/12\/7013_7572_7320_6230UC_hoch-1025x1536.jpg\" class=\"attachment-1536x1536 size-1536x1536 wp-image-1566\" alt=\"Frau in oranger Warnschutz-Latzhose mit reflektierenden Streifen lehnt entspannt an einer Arbeitsmaschine in einer Baustellenumgebung.\" srcset=\"https:\/\/www.mp-berufsbekleidung.de\/wp-content\/uploads\/2024\/12\/7013_7572_7320_6230UC_hoch-1025x1536.jpg 1025w, https:\/\/www.mp-berufsbekleidung.de\/wp-content\/uploads\/2024\/12\/7013_7572_7320_6230UC_hoch-200x300.jpg 200w, https:\/\/www.mp-berufsbekleidung.de\/wp-content\/uploads\/2024\/12\/7013_7572_7320_6230UC_hoch-683x1024.jpg 683w, https:\/\/www.mp-berufsbekleidung.de\/wp-content\/uploads\/2024\/12\/7013_7572_7320_6230UC_hoch-768x1151.jpg 768w, https:\/\/www.mp-berufsbekleidung.de\/wp-content\/uploads\/2024\/12\/7013_7572_7320_6230UC_hoch.jpg 1366w\" sizes=\"(max-width: 1025px) 100vw, 1025px\" \/>\t\t\t\t\t\t\t\t\t\t\t\t\t\t\t<\/div>\n\t\t\t\t<\/div>\n\t\t\t\t<\/div>\n\t\t<div class=\"elementor-element elementor-element-795d4a7 e-con-full e-flex wpr-particle-no wpr-jarallax-no wpr-parallax-no wpr-sticky-section-no e-con e-child\" data-id=\"795d4a7\" data-element_type=\"container\">\n\t\t\t\t<div class=\"elementor-element elementor-element-9ce544c elementor-widget elementor-widget-heading\" data-id=\"9ce544c\" data-element_type=\"widget\" data-widget_type=\"heading.default\">\n\t\t\t\t<div class=\"elementor-widget-container\">\n\t\t\t\t\t<h3 class=\"elementor-heading-title elementor-size-default\">Sicherheitskleidung muss passen, zu dir und deinem Job.<\/h3>\t\t\t\t<\/div>\n\t\t\t\t<\/div>\n\t\t\t\t<div class=\"elementor-element elementor-element-b968edc elementor-widget elementor-widget-text-editor\" data-id=\"b968edc\" data-element_type=\"widget\" data-widget_type=\"text-editor.default\">\n\t\t\t\t<div class=\"elementor-widget-container\">\n\t\t\t\t\t\t\t\t\t<p>Deine Sicherheitskleidung sollte nicht nur perfekt sitzen, sondern auch exakt auf die Anforderungen deines Jobs abgestimmt sein \u2013 f\u00fcr optimalen Schutz und uneingeschr\u00e4nkte Bewegungsfreiheit.<\/p>\t\t\t\t\t\t\t\t<\/div>\n\t\t\t\t<\/div>\n\t\t\t\t<div class=\"elementor-element elementor-element-b684b72 elementor-view-stacked elementor-position-left animated-fast elementor-tablet-position-top elementor-shape-circle elementor-mobile-position-top elementor-invisible elementor-widget elementor-widget-icon-box\" data-id=\"b684b72\" data-element_type=\"widget\" data-settings=\"{&quot;_animation&quot;:&quot;fadeInLeft&quot;,&quot;_animation_delay&quot;:200}\" data-widget_type=\"icon-box.default\">\n\t\t\t\t<div class=\"elementor-widget-container\">\n\t\t\t\t\t\t\t<div class=\"elementor-icon-box-wrapper\">\n\n\t\t\t\t\t\t<div class=\"elementor-icon-box-icon\">\n\t\t\t\t<span  class=\"elementor-icon\">\n\t\t\t\t<i aria-hidden=\"true\" class=\"icon icon-check\"><\/i>\t\t\t\t<\/span>\n\t\t\t<\/div>\n\t\t\t\n\t\t\t\t\t\t<div class=\"elementor-icon-box-content\">\n\n\t\t\t\t\t\t\t\t\t<h4 class=\"elementor-icon-box-title\">\n\t\t\t\t\t\t<span  >\n\t\t\t\t\t\t\tPassend auf deine K\u00f6rperform\t\t\t\t\t\t<\/span>\n\t\t\t\t\t<\/h4>\n\t\t\t\t\n\t\t\t\t\t\t\t\t\t<p class=\"elementor-icon-box-description\">\n\t\t\t\t\t\tJeder K\u00f6rper ist anders und nicht jede Marke passt jedem. Daher bieten wir die M\u00f6glichkeit, direkt vor Ort bei uns im Laden die Kleidung verschiedener Hersteller anzuprobieren.\t\t\t\t\t<\/p>\n\t\t\t\t\n\t\t\t<\/div>\n\t\t\t\n\t\t<\/div>\n\t\t\t\t\t\t<\/div>\n\t\t\t\t<\/div>\n\t\t\t\t<div class=\"elementor-element elementor-element-3bcb6de elementor-view-stacked elementor-position-left animated-fast elementor-tablet-position-top elementor-shape-circle elementor-mobile-position-top elementor-invisible elementor-widget elementor-widget-icon-box\" data-id=\"3bcb6de\" data-element_type=\"widget\" data-settings=\"{&quot;_animation&quot;:&quot;fadeInLeft&quot;,&quot;_animation_delay&quot;:300}\" data-widget_type=\"icon-box.default\">\n\t\t\t\t<div class=\"elementor-widget-container\">\n\t\t\t\t\t\t\t<div class=\"elementor-icon-box-wrapper\">\n\n\t\t\t\t\t\t<div class=\"elementor-icon-box-icon\">\n\t\t\t\t<span  class=\"elementor-icon\">\n\t\t\t\t<i aria-hidden=\"true\" class=\"icon icon-check\"><\/i>\t\t\t\t<\/span>\n\t\t\t<\/div>\n\t\t\t\n\t\t\t\t\t\t<div class=\"elementor-icon-box-content\">\n\n\t\t\t\t\t\t\t\t\t<h4 class=\"elementor-icon-box-title\">\n\t\t\t\t\t\t<span  >\n\t\t\t\t\t\t\tGemacht f\u00fcr harte Herausforderungen\t\t\t\t\t\t<\/span>\n\t\t\t\t\t<\/h4>\n\t\t\t\t\n\t\t\t\t\t\t\t\t\t<p class=\"elementor-icon-box-description\">\n\t\t\t\t\t\tUnsere Sicherheitskleidung ist robust und bereit, den h\u00e4rtesten Bedingungen standzuhalten.\n\n\n\n\n\n\n\n\t\t\t\t\t<\/p>\n\t\t\t\t\n\t\t\t<\/div>\n\t\t\t\n\t\t<\/div>\n\t\t\t\t\t\t<\/div>\n\t\t\t\t<\/div>\n\t\t\t\t<div class=\"elementor-element elementor-element-8a2f05b elementor-view-stacked elementor-position-left animated-fast elementor-tablet-position-top elementor-shape-circle elementor-mobile-position-top elementor-invisible elementor-widget elementor-widget-icon-box\" data-id=\"8a2f05b\" data-element_type=\"widget\" data-settings=\"{&quot;_animation&quot;:&quot;fadeInLeft&quot;,&quot;_animation_delay&quot;:400}\" data-widget_type=\"icon-box.default\">\n\t\t\t\t<div class=\"elementor-widget-container\">\n\t\t\t\t\t\t\t<div class=\"elementor-icon-box-wrapper\">\n\n\t\t\t\t\t\t<div class=\"elementor-icon-box-icon\">\n\t\t\t\t<span  class=\"elementor-icon\">\n\t\t\t\t<i aria-hidden=\"true\" class=\"icon icon-check\"><\/i>\t\t\t\t<\/span>\n\t\t\t<\/div>\n\t\t\t\n\t\t\t\t\t\t<div class=\"elementor-icon-box-content\">\n\n\t\t\t\t\t\t\t\t\t<h4 class=\"elementor-icon-box-title\">\n\t\t\t\t\t\t<span  >\n\t\t\t\t\t\t\tQualit\u00e4t, die lange h\u00e4lt\t\t\t\t\t\t<\/span>\n\t\t\t\t\t<\/h4>\n\t\t\t\t\n\t\t\t\t\t\t\t\t\t<p class=\"elementor-icon-box-description\">\n\t\t\t\t\t\tUnsere Sicherheitskleidung \u00fcberzeugt durch hochwertige Materialien, die auch nach intensiver Nutzung zuverl\u00e4ssig bleibt.\t\t\t\t\t<\/p>\n\t\t\t\t\n\t\t\t<\/div>\n\t\t\t\n\t\t<\/div>\n\t\t\t\t\t\t<\/div>\n\t\t\t\t<\/div>\n\t\t\t\t<\/div>\n\t\t\t\t\t<\/div>\n\t\t\t\t<\/div>\n\t\t<div class=\"elementor-element elementor-element-33862f3 e-flex e-con-boxed wpr-particle-no wpr-jarallax-no wpr-parallax-no wpr-sticky-section-no e-con e-parent\" data-id=\"33862f3\" data-element_type=\"container\">\n\t\t\t\t\t<div class=\"e-con-inner\">\n\t\t<div class=\"elementor-element elementor-element-675f82b e-con-full e-flex wpr-particle-no wpr-jarallax-no wpr-parallax-no wpr-sticky-section-no e-con e-child\" data-id=\"675f82b\" data-element_type=\"container\">\n\t\t\t\t<div class=\"elementor-element elementor-element-87de94e elementor-widget elementor-widget-image\" data-id=\"87de94e\" data-element_type=\"widget\" data-widget_type=\"image.default\">\n\t\t\t\t<div class=\"elementor-widget-container\">\n\t\t\t\t\t\t\t\t\t\t\t\t\t\t\t<img decoding=\"async\" width=\"2560\" height=\"1707\" src=\"https:\/\/www.mp-berufsbekleidung.de\/wp-content\/uploads\/2025\/07\/DSC05669-scaled.jpg\" class=\"elementor-animation-bob attachment-full size-full wp-image-2772\" alt=\"Ansicht eines Verkaufsraums bei MP Berufsbekleidung mit Jacken, Hosen, Schuhen und Rucks\u00e4cken.\" srcset=\"https:\/\/www.mp-berufsbekleidung.de\/wp-content\/uploads\/2025\/07\/DSC05669-scaled.jpg 2560w, https:\/\/www.mp-berufsbekleidung.de\/wp-content\/uploads\/2025\/07\/DSC05669-300x200.jpg 300w, https:\/\/www.mp-berufsbekleidung.de\/wp-content\/uploads\/2025\/07\/DSC05669-1024x683.jpg 1024w, https:\/\/www.mp-berufsbekleidung.de\/wp-content\/uploads\/2025\/07\/DSC05669-768x512.jpg 768w, https:\/\/www.mp-berufsbekleidung.de\/wp-content\/uploads\/2025\/07\/DSC05669-1536x1024.jpg 1536w, https:\/\/www.mp-berufsbekleidung.de\/wp-content\/uploads\/2025\/07\/DSC05669-2048x1365.jpg 2048w\" sizes=\"(max-width: 2560px) 100vw, 2560px\" \/>\t\t\t\t\t\t\t\t\t\t\t\t\t\t\t<\/div>\n\t\t\t\t<\/div>\n\t\t\t\t<\/div>\n\t\t<div class=\"elementor-element elementor-element-163a736 e-con-full e-flex wpr-particle-no wpr-jarallax-no wpr-parallax-no wpr-sticky-section-no e-con e-child\" data-id=\"163a736\" data-element_type=\"container\">\n\t\t<div class=\"elementor-element elementor-element-fde7f6a e-con-full e-flex wpr-particle-no wpr-jarallax-no wpr-parallax-no wpr-sticky-section-no e-con e-child\" data-id=\"fde7f6a\" data-element_type=\"container\">\n\t\t<div class=\"elementor-element elementor-element-43b7695 e-con-full e-flex wpr-particle-no wpr-jarallax-no wpr-parallax-no wpr-sticky-section-no e-con e-child\" data-id=\"43b7695\" data-element_type=\"container\">\n\t\t\t\t<div class=\"elementor-element elementor-element-9993969 elementor-widget elementor-widget-image\" data-id=\"9993969\" data-element_type=\"widget\" data-widget_type=\"image.default\">\n\t\t\t\t<div class=\"elementor-widget-container\">\n\t\t\t\t\t\t\t\t\t\t\t\t\t\t\t<img decoding=\"async\" src=\"https:\/\/www.mp-berufsbekleidung.de\/wp-content\/uploads\/elementor\/thumbs\/7177_7571_7616_7306_7307_3560W_8700ESD3D_quer-r5iog0scoxdkhoo7n9vh2y2kvz2kn280wym277aovk.jpg\" title=\"Wasserdichte Warnschutzkleidung f\u00fcr jede Wetterlage\" alt=\"Zwei Arbeiter in wasserdichter Warnschutzkleidung stehen im Regen und lachen, einer in neongelber, der andere in orangefarbener Jacke mit reflektierenden Streifen.\" class=\"elementor-animation-bob\" loading=\"lazy\" \/>\t\t\t\t\t\t\t\t\t\t\t\t\t\t\t<\/div>\n\t\t\t\t<\/div>\n\t\t\t\t<div class=\"elementor-element elementor-element-dc82a3d elementor-widget elementor-widget-image\" data-id=\"dc82a3d\" data-element_type=\"widget\" data-widget_type=\"image.default\">\n\t\t\t\t<div class=\"elementor-widget-container\">\n\t\t\t\t\t\t\t\t\t\t\t\t\t\t\t<img decoding=\"async\" src=\"https:\/\/www.mp-berufsbekleidung.de\/wp-content\/uploads\/elementor\/thumbs\/7213W_quer-r5iog5hjn3k03qhdvtwlxevvuwfepjqollvhll3q0g.jpg\" title=\"Wetterfeste Sicherheitsschuhe f\u00fcr den Wintereinsatz\" alt=\"Sicherheitsschuhe mit rutschfester Sohle im Schnee, getragen mit reflektierender Warnschutz-Arbeitshose.\" class=\"elementor-animation-bob\" loading=\"lazy\" \/>\t\t\t\t\t\t\t\t\t\t\t\t\t\t\t<\/div>\n\t\t\t\t<\/div>\n\t\t\t\t<\/div>\n\t\t\t\t<\/div>\n\t\t<div class=\"elementor-element elementor-element-78c88af e-con-full e-flex wpr-particle-no wpr-jarallax-no wpr-parallax-no wpr-sticky-section-no e-con e-child\" data-id=\"78c88af\" data-element_type=\"container\">\n\t\t\t\t<div class=\"elementor-element elementor-element-1c4e62b elementor-widget elementor-widget-image\" data-id=\"1c4e62b\" data-element_type=\"widget\" data-widget_type=\"image.default\">\n\t\t\t\t<div class=\"elementor-widget-container\">\n\t\t\t\t\t\t\t\t\t\t\t\t\t\t\t<img decoding=\"async\" src=\"https:\/\/www.mp-berufsbekleidung.de\/wp-content\/uploads\/elementor\/thumbs\/7140K_730_7140_3560W_quer-r5iofjv99wqeopcse2k6u2ca71dysicuumvbk7zrzk.jpg\" title=\"Warme und sichtbare Workwear f\u00fcr den Wintereinsatz\" alt=\"Arbeiter in oranger Warnschutzjacke mit reflektierenden Streifen setzt seine Kapuze auf, w\u00e4hrend er sich im Schnee aufh\u00e4lt.\" class=\"elementor-animation-bob\" loading=\"lazy\" \/>\t\t\t\t\t\t\t\t\t\t\t\t\t\t\t<\/div>\n\t\t\t\t<\/div>\n\t\t\t\t<div class=\"elementor-element elementor-element-6c0e441 elementor-widget elementor-widget-image\" data-id=\"6c0e441\" data-element_type=\"widget\" data-widget_type=\"image.default\">\n\t\t\t\t<div class=\"elementor-widget-container\">\n\t\t\t\t\t\t\t\t\t\t\t\t\t\t\t<img decoding=\"async\" src=\"https:\/\/www.mp-berufsbekleidung.de\/wp-content\/uploads\/elementor\/thumbs\/76K_quer-r5ioginaas20m9y9qzldwbkc6amjpb6xbf0abgk7lc.jpg\" title=\"Ergonomische Knieschoner f\u00fcr maximalen Komfort und Schutz\" alt=\"Arbeiter steckt eine schwarze NITRAS-Knieschoner-Einlage in die Kniepolstertasche seiner schwarzen Arbeitshose.\" class=\"elementor-animation-bob\" loading=\"lazy\" \/>\t\t\t\t\t\t\t\t\t\t\t\t\t\t\t<\/div>\n\t\t\t\t<\/div>\n\t\t\t\t<\/div>\n\t\t\t\t<\/div>\n\t\t\t\t\t<\/div>\n\t\t\t\t<\/div>\n\t\t<div class=\"elementor-element elementor-element-5d513a7 e-flex e-con-boxed wpr-particle-no wpr-jarallax-no wpr-parallax-no wpr-sticky-section-no e-con e-parent\" data-id=\"5d513a7\" data-element_type=\"container\">\n\t\t\t\t\t<div class=\"e-con-inner\">\n\t\t<div class=\"elementor-element elementor-element-7a87ebb e-con-full e-flex wpr-particle-no wpr-jarallax-no wpr-parallax-no wpr-sticky-section-no e-con e-child\" data-id=\"7a87ebb\" data-element_type=\"container\">\n\t\t\t\t<div class=\"elementor-element elementor-element-8b3520a elementor-widget elementor-widget-heading\" data-id=\"8b3520a\" data-element_type=\"widget\" data-widget_type=\"heading.default\">\n\t\t\t\t<div class=\"elementor-widget-container\">\n\t\t\t\t\t<h5 class=\"elementor-heading-title elementor-size-default\">Individuelle Beratung, am Telefon oder vor Ort in unserem Gesch\u00e4ft:<\/h5>\t\t\t\t<\/div>\n\t\t\t\t<\/div>\n\t\t\t\t<div class=\"elementor-element elementor-element-b0a2b5d elementor-widget elementor-widget-text-editor\" data-id=\"b0a2b5d\" data-element_type=\"widget\" data-widget_type=\"text-editor.default\">\n\t\t\t\t<div class=\"elementor-widget-container\">\n\t\t\t\t\t\t\t\t\t<p>Ob telefonisch oder direkt in unserem Gesch\u00e4ft \u2013 wir bieten dir eine pers\u00f6nliche und ma\u00dfgeschneiderte Beratung, die auf deine speziellen Anforderungen eingeht. Unser Team steht dir mit Fachwissen zur Seite, um die beste Sicherheitskleidung f\u00fcr deinen Job zu finden und alle Fragen rund um Material, Passform und Schutzfunktion zu kl\u00e4ren. So stellen wir sicher, dass du optimal ausger\u00fcstet bist und deine Kleidung perfekt zu deinen Bed\u00fcrfnissen passt.<\/p>\t\t\t\t\t\t\t\t<\/div>\n\t\t\t\t<\/div>\n\t\t\t\t<\/div>\n\t\t<div class=\"elementor-element elementor-element-997a2c3 e-con-full e-flex wpr-particle-no wpr-jarallax-no wpr-parallax-no wpr-sticky-section-no e-con e-child\" data-id=\"997a2c3\" data-element_type=\"container\" data-settings=\"{&quot;background_background&quot;:&quot;classic&quot;}\">\n\t\t\t\t<div class=\"elementor-element elementor-element-c58fe12 elementor-widget elementor-widget-heading\" data-id=\"c58fe12\" data-element_type=\"widget\" data-widget_type=\"heading.default\">\n\t\t\t\t<div class=\"elementor-widget-container\">\n\t\t\t\t\t<h5 class=\"elementor-heading-title elementor-size-default\">Kontakt aufnehmen<\/h5>\t\t\t\t<\/div>\n\t\t\t\t<\/div>\n\t\t\t\t<div class=\"elementor-element elementor-element-3b98ee4 elementor-button-align-stretch elementor-widget elementor-widget-form\" data-id=\"3b98ee4\" data-element_type=\"widget\" data-settings=\"{&quot;step_next_label&quot;:&quot;Next&quot;,&quot;step_previous_label&quot;:&quot;Previous&quot;,&quot;button_width&quot;:&quot;100&quot;,&quot;step_type&quot;:&quot;number_text&quot;,&quot;step_icon_shape&quot;:&quot;circle&quot;}\" data-widget_type=\"form.default\">\n\t\t\t\t<div class=\"elementor-widget-container\">\n\t\t\t\t\t\t\t<form class=\"elementor-form\" method=\"post\" name=\"New Form\" aria-label=\"New Form\">\n\t\t\t<input type=\"hidden\" name=\"post_id\" value=\"92\"\/>\n\t\t\t<input type=\"hidden\" name=\"form_id\" value=\"3b98ee4\"\/>\n\t\t\t<input type=\"hidden\" name=\"referer_title\" value=\"Sicherheitskleidung - M.P. Berufsbekleidung\" \/>\n\n\t\t\t\t\t\t\t<input type=\"hidden\" name=\"queried_id\" value=\"92\"\/>\n\t\t\t\n\t\t\t<div class=\"elementor-form-fields-wrapper elementor-labels-above\">\n\t\t\t\t\t\t\t\t<div class=\"elementor-field-type-text elementor-field-group elementor-column elementor-field-group-name elementor-col-100\">\n\t\t\t\t\t\t\t\t\t\t\t\t\t<input size=\"1\" type=\"text\" name=\"form_fields[name]\" id=\"form-field-name\" class=\"elementor-field elementor-size-sm  elementor-field-textual\" placeholder=\"Name\">\n\t\t\t\t\t\t\t\t\t\t\t<\/div>\n\t\t\t\t\t\t\t\t<div class=\"elementor-field-type-email elementor-field-group elementor-column elementor-field-group-email elementor-col-100 elementor-field-required\">\n\t\t\t\t\t\t\t\t\t\t\t\t\t<input size=\"1\" type=\"email\" name=\"form_fields[email]\" id=\"form-field-email\" class=\"elementor-field elementor-size-sm  elementor-field-textual\" placeholder=\"E-Mail\" required=\"required\">\n\t\t\t\t\t\t\t\t\t\t\t<\/div>\n\t\t\t\t\t\t\t\t<div class=\"elementor-field-type-textarea elementor-field-group elementor-column elementor-field-group-message elementor-col-100\">\n\t\t\t\t\t<textarea class=\"elementor-field-textual elementor-field  elementor-size-sm\" name=\"form_fields[message]\" id=\"form-field-message\" rows=\"4\" placeholder=\"Nachricht\"><\/textarea>\t\t\t\t<\/div>\n\t\t\t\t\t\t\t\t<div class=\"elementor-field-group elementor-column elementor-field-type-submit elementor-col-100 e-form__buttons\">\n\t\t\t\t\t<button class=\"elementor-button elementor-size-sm\" type=\"submit\">\n\t\t\t\t\t\t<span class=\"elementor-button-content-wrapper\">\n\t\t\t\t\t\t\t\t\t\t\t\t\t\t\t\t\t\t\t\t\t\t<span class=\"elementor-button-text\">Senden<\/span>\n\t\t\t\t\t\t\t\t\t\t\t\t\t<\/span>\n\t\t\t\t\t<\/button>\n\t\t\t\t<\/div>\n\t\t\t<\/div>\n\t\t<\/form>\n\t\t\t\t\t\t<\/div>\n\t\t\t\t<\/div>\n\t\t\t\t<\/div>\n\t\t\t\t\t<\/div>\n\t\t\t\t<\/div>\n\t\t\t\t<\/div>\n\t\t","protected":false},"excerpt":{"rendered":"<p>Sicherheitskleidung Gesch\u00fctzt durch den Berufsalltag Sicherheitskleidung von MP Berufsbekleidung Unsere Sicherheitskleidung bietet dir den optimalen Schutz, den du im Arbeitsalltag brauchst, ohne dabei auf Komfort zu verzichten. Hergestellt aus robusten Materialien und nach h\u00f6chsten Sicherheitsstandards gefertigt, sorgt sie daf\u00fcr, dass du dich voll auf deine Aufgaben konzentrieren kannst. Arbeitsschuhe &amp; mehr Von &#8211; Bis, bei uns wirst du f\u00fcndig Egal, ob du einfache Schutzkleidung oder spezialisierte Sicherheitsausr\u00fcstung suchst \u2013 bei MP Berufsbekleidung bieten wir dir eine breite Auswahl an hochwertiger Sicherheitskleidung. Mit unserer Vielfalt an Produkten stellen wir sicher, dass jeder Bedarf abgedeckt wird \u2013 f\u00fcr maximalen Schutz und Komfort Sicherheitskleidung muss passen, zu dir und deinem Job. Deine Sicherheitskleidung sollte nicht nur perfekt sitzen, sondern auch exakt auf die Anforderungen deines Jobs abgestimmt sein \u2013 f\u00fcr optimalen Schutz und uneingeschr\u00e4nkte Bewegungsfreiheit. Passend auf deine K\u00f6rperform Jeder K\u00f6rper ist anders und nicht jede Marke passt jedem. Daher bieten wir die M\u00f6glichkeit, direkt vor Ort bei uns im Laden die Kleidung verschiedener Hersteller anzuprobieren. Gemacht f\u00fcr harte Herausforderungen Unsere Sicherheitskleidung ist robust und bereit, den h\u00e4rtesten Bedingungen standzuhalten. Qualit\u00e4t, die lange h\u00e4lt Unsere Sicherheitskleidung \u00fcberzeugt durch hochwertige Materialien, die auch nach intensiver Nutzung zuverl\u00e4ssig bleibt. Individuelle Beratung, am Telefon oder vor Ort in unserem Gesch\u00e4ft: Ob telefonisch oder direkt in unserem Gesch\u00e4ft \u2013 wir bieten dir eine pers\u00f6nliche und ma\u00dfgeschneiderte Beratung, die auf deine speziellen Anforderungen eingeht. Unser Team steht dir mit Fachwissen zur Seite, um die beste Sicherheitskleidung f\u00fcr deinen Job zu finden und alle Fragen rund um Material, Passform und Schutzfunktion zu kl\u00e4ren. So stellen wir sicher, dass du optimal ausger\u00fcstet bist und deine Kleidung perfekt zu deinen Bed\u00fcrfnissen passt. Kontakt aufnehmen<\/p>\n","protected":false},"author":2,"featured_media":0,"parent":0,"menu_order":0,"comment_status":"closed","ping_status":"closed","template":"elementor_header_footer","meta":{"footnotes":""},"class_list":["post-92","page","type-page","status-publish","hentry"],"yoast_head":"<!-- This site is optimized with the Yoast SEO plugin v26.3 - https:\/\/yoast.com\/wordpress\/plugins\/seo\/ -->\n<title>Sicherheitskleidung - M.P. Berufsbekleidung<\/title>\n<meta name=\"description\" content=\"Sicherheitskleidung - Arbeitsschutzkleidung - Schutzkleidung und mehr - MP Berufsbekleidung versorgt Dich mit idealer Sicherheit\" \/>\n<meta name=\"robots\" content=\"index, follow, max-snippet:-1, max-image-preview:large, max-video-preview:-1\" \/>\n<link rel=\"canonical\" href=\"https:\/\/www.mp-berufsbekleidung.de\/?page_id=92\" \/>\n<meta property=\"og:locale\" content=\"de_DE\" \/>\n<meta property=\"og:type\" content=\"article\" \/>\n<meta property=\"og:title\" content=\"Sicherheitskleidung - M.P. Berufsbekleidung\" \/>\n<meta property=\"og:description\" content=\"Sicherheitskleidung - Arbeitsschutzkleidung - Schutzkleidung und mehr - MP Berufsbekleidung versorgt Dich mit idealer Sicherheit\" \/>\n<meta property=\"og:url\" content=\"https:\/\/www.mp-berufsbekleidung.de\/?page_id=92\" \/>\n<meta property=\"og:site_name\" content=\"M.P. Berufsbekleidung\" \/>\n<meta property=\"article:modified_time\" content=\"2025-09-24T14:53:22+00:00\" \/>\n<meta property=\"og:image\" content=\"https:\/\/www.mp-berufsbekleidung.de\/wp-content\/uploads\/elementor\/thumbs\/DSC05674-scaled-ra7japclhjhjf9n2abkw6bllptjccb5c798vp33jow.jpg\" \/>\n<meta name=\"twitter:card\" content=\"summary_large_image\" \/>\n<meta name=\"twitter:label1\" content=\"Gesch\u00e4tzte Lesezeit\" \/>\n\t<meta name=\"twitter:data1\" content=\"3 Minuten\" \/>\n<script type=\"application\/ld+json\" class=\"yoast-schema-graph\">{\"@context\":\"https:\/\/schema.org\",\"@graph\":[{\"@type\":\"WebPage\",\"@id\":\"https:\/\/www.mp-berufsbekleidung.de\/?page_id=92\",\"url\":\"https:\/\/www.mp-berufsbekleidung.de\/?page_id=92\",\"name\":\"Sicherheitskleidung - M.P. Berufsbekleidung\",\"isPartOf\":{\"@id\":\"https:\/\/www.mp-berufsbekleidung.de\/#website\"},\"primaryImageOfPage\":{\"@id\":\"https:\/\/www.mp-berufsbekleidung.de\/?page_id=92#primaryimage\"},\"image\":{\"@id\":\"https:\/\/www.mp-berufsbekleidung.de\/?page_id=92#primaryimage\"},\"thumbnailUrl\":\"https:\/\/www.mp-berufsbekleidung.de\/wp-content\/uploads\/elementor\/thumbs\/DSC05674-scaled-ra7japclhjhjf9n2abkw6bllptjccb5c798vp33jow.jpg\",\"datePublished\":\"2024-08-13T10:09:55+00:00\",\"dateModified\":\"2025-09-24T14:53:22+00:00\",\"description\":\"Sicherheitskleidung - Arbeitsschutzkleidung - Schutzkleidung und mehr - MP Berufsbekleidung versorgt Dich mit idealer Sicherheit\",\"breadcrumb\":{\"@id\":\"https:\/\/www.mp-berufsbekleidung.de\/?page_id=92#breadcrumb\"},\"inLanguage\":\"de-AT\",\"potentialAction\":[{\"@type\":\"ReadAction\",\"target\":[\"https:\/\/www.mp-berufsbekleidung.de\/?page_id=92\"]}]},{\"@type\":\"ImageObject\",\"inLanguage\":\"de-AT\",\"@id\":\"https:\/\/www.mp-berufsbekleidung.de\/?page_id=92#primaryimage\",\"url\":\"https:\/\/www.mp-berufsbekleidung.de\/wp-content\/uploads\/elementor\/thumbs\/DSC05674-scaled-ra7japclhjhjf9n2abkw6bllptjccb5c798vp33jow.jpg\",\"contentUrl\":\"https:\/\/www.mp-berufsbekleidung.de\/wp-content\/uploads\/elementor\/thumbs\/DSC05674-scaled-ra7japclhjhjf9n2abkw6bllptjccb5c798vp33jow.jpg\"},{\"@type\":\"BreadcrumbList\",\"@id\":\"https:\/\/www.mp-berufsbekleidung.de\/?page_id=92#breadcrumb\",\"itemListElement\":[{\"@type\":\"ListItem\",\"position\":1,\"name\":\"Startseite\",\"item\":\"https:\/\/www.mp-berufsbekleidung.de\/\"},{\"@type\":\"ListItem\",\"position\":2,\"name\":\"Sicherheitskleidung\"}]},{\"@type\":\"WebSite\",\"@id\":\"https:\/\/www.mp-berufsbekleidung.de\/#website\",\"url\":\"https:\/\/www.mp-berufsbekleidung.de\/\",\"name\":\"M.P. Berufsbekleidung\",\"description\":\"\",\"publisher\":{\"@id\":\"https:\/\/www.mp-berufsbekleidung.de\/#organization\"},\"potentialAction\":[{\"@type\":\"SearchAction\",\"target\":{\"@type\":\"EntryPoint\",\"urlTemplate\":\"https:\/\/www.mp-berufsbekleidung.de\/?s={search_term_string}\"},\"query-input\":{\"@type\":\"PropertyValueSpecification\",\"valueRequired\":true,\"valueName\":\"search_term_string\"}}],\"inLanguage\":\"de-AT\"},{\"@type\":\"Organization\",\"@id\":\"https:\/\/www.mp-berufsbekleidung.de\/#organization\",\"name\":\"M.P. Berufsbekleidung\",\"url\":\"https:\/\/www.mp-berufsbekleidung.de\/\",\"logo\":{\"@type\":\"ImageObject\",\"inLanguage\":\"de-AT\",\"@id\":\"https:\/\/www.mp-berufsbekleidung.de\/#\/schema\/logo\/image\/\",\"url\":\"https:\/\/www.mp-berufsbekleidung.de\/wp-content\/uploads\/2024\/08\/Logo-e1723541335133.png\",\"contentUrl\":\"https:\/\/www.mp-berufsbekleidung.de\/wp-content\/uploads\/2024\/08\/Logo-e1723541335133.png\",\"width\":607,\"height\":79,\"caption\":\"M.P. Berufsbekleidung\"},\"image\":{\"@id\":\"https:\/\/www.mp-berufsbekleidung.de\/#\/schema\/logo\/image\/\"}}]}<\/script>\n<!-- \/ Yoast SEO plugin. -->","yoast_head_json":{"title":"Sicherheitskleidung - M.P. Berufsbekleidung","description":"Sicherheitskleidung - Arbeitsschutzkleidung - Schutzkleidung und mehr - MP Berufsbekleidung versorgt Dich mit idealer Sicherheit","robots":{"index":"index","follow":"follow","max-snippet":"max-snippet:-1","max-image-preview":"max-image-preview:large","max-video-preview":"max-video-preview:-1"},"canonical":"https:\/\/www.mp-berufsbekleidung.de\/?page_id=92","og_locale":"de_DE","og_type":"article","og_title":"Sicherheitskleidung - M.P. Berufsbekleidung","og_description":"Sicherheitskleidung - Arbeitsschutzkleidung - Schutzkleidung und mehr - MP Berufsbekleidung versorgt Dich mit idealer Sicherheit","og_url":"https:\/\/www.mp-berufsbekleidung.de\/?page_id=92","og_site_name":"M.P. Berufsbekleidung","article_modified_time":"2025-09-24T14:53:22+00:00","og_image":[{"url":"https:\/\/www.mp-berufsbekleidung.de\/wp-content\/uploads\/elementor\/thumbs\/DSC05674-scaled-ra7japclhjhjf9n2abkw6bllptjccb5c798vp33jow.jpg","type":"","width":"","height":""}],"twitter_card":"summary_large_image","twitter_misc":{"Gesch\u00e4tzte Lesezeit":"3 Minuten"},"schema":{"@context":"https:\/\/schema.org","@graph":[{"@type":"WebPage","@id":"https:\/\/www.mp-berufsbekleidung.de\/?page_id=92","url":"https:\/\/www.mp-berufsbekleidung.de\/?page_id=92","name":"Sicherheitskleidung - M.P. Berufsbekleidung","isPartOf":{"@id":"https:\/\/www.mp-berufsbekleidung.de\/#website"},"primaryImageOfPage":{"@id":"https:\/\/www.mp-berufsbekleidung.de\/?page_id=92#primaryimage"},"image":{"@id":"https:\/\/www.mp-berufsbekleidung.de\/?page_id=92#primaryimage"},"thumbnailUrl":"https:\/\/www.mp-berufsbekleidung.de\/wp-content\/uploads\/elementor\/thumbs\/DSC05674-scaled-ra7japclhjhjf9n2abkw6bllptjccb5c798vp33jow.jpg","datePublished":"2024-08-13T10:09:55+00:00","dateModified":"2025-09-24T14:53:22+00:00","description":"Sicherheitskleidung - Arbeitsschutzkleidung - Schutzkleidung und mehr - MP Berufsbekleidung versorgt Dich mit idealer Sicherheit","breadcrumb":{"@id":"https:\/\/www.mp-berufsbekleidung.de\/?page_id=92#breadcrumb"},"inLanguage":"de-AT","potentialAction":[{"@type":"ReadAction","target":["https:\/\/www.mp-berufsbekleidung.de\/?page_id=92"]}]},{"@type":"ImageObject","inLanguage":"de-AT","@id":"https:\/\/www.mp-berufsbekleidung.de\/?page_id=92#primaryimage","url":"https:\/\/www.mp-berufsbekleidung.de\/wp-content\/uploads\/elementor\/thumbs\/DSC05674-scaled-ra7japclhjhjf9n2abkw6bllptjccb5c798vp33jow.jpg","contentUrl":"https:\/\/www.mp-berufsbekleidung.de\/wp-content\/uploads\/elementor\/thumbs\/DSC05674-scaled-ra7japclhjhjf9n2abkw6bllptjccb5c798vp33jow.jpg"},{"@type":"BreadcrumbList","@id":"https:\/\/www.mp-berufsbekleidung.de\/?page_id=92#breadcrumb","itemListElement":[{"@type":"ListItem","position":1,"name":"Startseite","item":"https:\/\/www.mp-berufsbekleidung.de\/"},{"@type":"ListItem","position":2,"name":"Sicherheitskleidung"}]},{"@type":"WebSite","@id":"https:\/\/www.mp-berufsbekleidung.de\/#website","url":"https:\/\/www.mp-berufsbekleidung.de\/","name":"M.P. Berufsbekleidung","description":"","publisher":{"@id":"https:\/\/www.mp-berufsbekleidung.de\/#organization"},"potentialAction":[{"@type":"SearchAction","target":{"@type":"EntryPoint","urlTemplate":"https:\/\/www.mp-berufsbekleidung.de\/?s={search_term_string}"},"query-input":{"@type":"PropertyValueSpecification","valueRequired":true,"valueName":"search_term_string"}}],"inLanguage":"de-AT"},{"@type":"Organization","@id":"https:\/\/www.mp-berufsbekleidung.de\/#organization","name":"M.P. Berufsbekleidung","url":"https:\/\/www.mp-berufsbekleidung.de\/","logo":{"@type":"ImageObject","inLanguage":"de-AT","@id":"https:\/\/www.mp-berufsbekleidung.de\/#\/schema\/logo\/image\/","url":"https:\/\/www.mp-berufsbekleidung.de\/wp-content\/uploads\/2024\/08\/Logo-e1723541335133.png","contentUrl":"https:\/\/www.mp-berufsbekleidung.de\/wp-content\/uploads\/2024\/08\/Logo-e1723541335133.png","width":607,"height":79,"caption":"M.P. Berufsbekleidung"},"image":{"@id":"https:\/\/www.mp-berufsbekleidung.de\/#\/schema\/logo\/image\/"}}]}},"_links":{"self":[{"href":"https:\/\/www.mp-berufsbekleidung.de\/index.php?rest_route=\/wp\/v2\/pages\/92","targetHints":{"allow":["GET"]}}],"collection":[{"href":"https:\/\/www.mp-berufsbekleidung.de\/index.php?rest_route=\/wp\/v2\/pages"}],"about":[{"href":"https:\/\/www.mp-berufsbekleidung.de\/index.php?rest_route=\/wp\/v2\/types\/page"}],"author":[{"embeddable":true,"href":"https:\/\/www.mp-berufsbekleidung.de\/index.php?rest_route=\/wp\/v2\/users\/2"}],"replies":[{"embeddable":true,"href":"https:\/\/www.mp-berufsbekleidung.de\/index.php?rest_route=%2Fwp%2Fv2%2Fcomments&post=92"}],"version-history":[{"count":115,"href":"https:\/\/www.mp-berufsbekleidung.de\/index.php?rest_route=\/wp\/v2\/pages\/92\/revisions"}],"predecessor-version":[{"id":3341,"href":"https:\/\/www.mp-berufsbekleidung.de\/index.php?rest_route=\/wp\/v2\/pages\/92\/revisions\/3341"}],"wp:attachment":[{"href":"https:\/\/www.mp-berufsbekleidung.de\/index.php?rest_route=%2Fwp%2Fv2%2Fmedia&parent=92"}],"curies":[{"name":"wp","href":"https:\/\/api.w.org\/{rel}","templated":true}]}}