{"id":96,"date":"2024-08-13T10:12:21","date_gmt":"2024-08-13T10:12:21","guid":{"rendered":"https:\/\/www.mp-berufsbekleidung.de\/?page_id=96"},"modified":"2025-09-25T06:14:32","modified_gmt":"2025-09-25T06:14:32","slug":"berufsbekleidung-medizin","status":"publish","type":"page","link":"https:\/\/www.mp-berufsbekleidung.de\/?page_id=96","title":{"rendered":"Berufsbekleidung Medizin"},"content":{"rendered":"\t\t<div data-elementor-type=\"wp-page\" data-elementor-id=\"96\" class=\"elementor elementor-96\" data-elementor-post-type=\"page\">\n\t\t\t\t<div class=\"elementor-element elementor-element-5cdb309 e-flex e-con-boxed wpr-particle-no wpr-jarallax-no wpr-parallax-no wpr-sticky-section-no e-con e-parent\" data-id=\"5cdb309\" data-element_type=\"container\" data-settings=\"{&quot;background_background&quot;:&quot;classic&quot;}\">\n\t\t\t\t\t<div class=\"e-con-inner\">\n\t\t<div class=\"elementor-element elementor-element-e02a873 e-con-full e-flex wpr-particle-no wpr-jarallax-no wpr-parallax-no wpr-sticky-section-no e-con e-child\" data-id=\"e02a873\" data-element_type=\"container\">\n\t\t\t\t<div class=\"elementor-element elementor-element-b23590a elementor-widget elementor-widget-heading\" data-id=\"b23590a\" data-element_type=\"widget\" data-widget_type=\"heading.default\">\n\t\t\t\t<div class=\"elementor-widget-container\">\n\t\t\t\t\t<h1 class=\"elementor-heading-title elementor-size-default\">Berufsbekleidung f\u00fcr den gesundheitlichen und medizinischen bereich<\/h1>\t\t\t\t<\/div>\n\t\t\t\t<\/div>\n\t\t\t\t<\/div>\n\t\t\t\t\t<\/div>\n\t\t\t\t<\/div>\n\t\t<div class=\"elementor-element elementor-element-8e14aa1 e-flex e-con-boxed wpr-particle-no wpr-jarallax-no wpr-parallax-no wpr-sticky-section-no e-con e-parent\" data-id=\"8e14aa1\" data-element_type=\"container\">\n\t\t\t\t\t<div class=\"e-con-inner\">\n\t\t<div class=\"elementor-element elementor-element-1fff648 e-con-full e-flex wpr-particle-no wpr-jarallax-no wpr-parallax-no wpr-sticky-section-no e-con e-child\" data-id=\"1fff648\" data-element_type=\"container\">\n\t\t\t\t<div class=\"elementor-element elementor-element-78aae1b elementor-widget elementor-widget-image\" data-id=\"78aae1b\" data-element_type=\"widget\" data-widget_type=\"image.default\">\n\t\t\t\t<div class=\"elementor-widget-container\">\n\t\t\t\t\t\t\t\t\t\t\t\t\t\t\t<img fetchpriority=\"high\" decoding=\"async\" width=\"800\" height=\"534\" src=\"https:\/\/www.mp-berufsbekleidung.de\/wp-content\/uploads\/2025\/07\/DSC05775-1024x683.jpg\" class=\"attachment-large size-large wp-image-2757\" alt=\"Wei\u00dfe Arztkittel und Hosen auf Kleiderb\u00fcgeln in einem Fachgesch\u00e4ft f\u00fcr Berufsbekleidung.\" srcset=\"https:\/\/www.mp-berufsbekleidung.de\/wp-content\/uploads\/2025\/07\/DSC05775-1024x683.jpg 1024w, https:\/\/www.mp-berufsbekleidung.de\/wp-content\/uploads\/2025\/07\/DSC05775-300x200.jpg 300w, https:\/\/www.mp-berufsbekleidung.de\/wp-content\/uploads\/2025\/07\/DSC05775-768x512.jpg 768w, https:\/\/www.mp-berufsbekleidung.de\/wp-content\/uploads\/2025\/07\/DSC05775-1536x1024.jpg 1536w, https:\/\/www.mp-berufsbekleidung.de\/wp-content\/uploads\/2025\/07\/DSC05775-2048x1365.jpg 2048w\" sizes=\"(max-width: 800px) 100vw, 800px\" \/>\t\t\t\t\t\t\t\t\t\t\t\t\t\t\t<\/div>\n\t\t\t\t<\/div>\n\t\t\t\t<div class=\"elementor-element elementor-element-8562e77 elementor-absolute elementor-widget elementor-widget-image\" data-id=\"8562e77\" data-element_type=\"widget\" data-settings=\"{&quot;_position&quot;:&quot;absolute&quot;}\" data-widget_type=\"image.default\">\n\t\t\t\t<div class=\"elementor-widget-container\">\n\t\t\t\t\t\t\t\t\t\t\t\t\t\t\t<img decoding=\"async\" src=\"https:\/\/www.mp-berufsbekleidung.de\/wp-content\/uploads\/2024\/08\/dots-green.png\" title=\"\" alt=\"\" loading=\"lazy\" \/>\t\t\t\t\t\t\t\t\t\t\t\t\t\t\t<\/div>\n\t\t\t\t<\/div>\n\t\t\t\t<\/div>\n\t\t<div class=\"elementor-element elementor-element-9e233ec e-con-full e-flex wpr-particle-no wpr-jarallax-no wpr-parallax-no wpr-sticky-section-no e-con e-child\" data-id=\"9e233ec\" data-element_type=\"container\">\n\t\t\t\t<div class=\"elementor-element elementor-element-2ac9ddc elementor-view-default elementor-widget elementor-widget-icon\" data-id=\"2ac9ddc\" data-element_type=\"widget\" data-widget_type=\"icon.default\">\n\t\t\t\t<div class=\"elementor-widget-container\">\n\t\t\t\t\t\t\t<div class=\"elementor-icon-wrapper\">\n\t\t\t<div class=\"elementor-icon elementor-animation-grow\">\n\t\t\t<i aria-hidden=\"true\" class=\"fas fa-quote-left\"><\/i>\t\t\t<\/div>\n\t\t<\/div>\n\t\t\t\t\t\t<\/div>\n\t\t\t\t<\/div>\n\t\t\t\t<div class=\"elementor-element elementor-element-c2e33d2 elementor-widget elementor-widget-heading\" data-id=\"c2e33d2\" data-element_type=\"widget\" data-widget_type=\"heading.default\">\n\t\t\t\t<div class=\"elementor-widget-container\">\n\t\t\t\t\t<h2 class=\"elementor-heading-title elementor-size-default\">Kleidung f\u00fcr Pflegepersonal und andere medizinische Berufe<\/h2>\t\t\t\t<\/div>\n\t\t\t\t<\/div>\n\t\t\t\t<div class=\"elementor-element elementor-element-cc4c3ac elementor-widget elementor-widget-text-editor\" data-id=\"cc4c3ac\" data-element_type=\"widget\" data-widget_type=\"text-editor.default\">\n\t\t\t\t<div class=\"elementor-widget-container\">\n\t\t\t\t\t\t\t\t\t<p>Unsere Berufsbekleidung f\u00fcr Pflegepersonal und medizinische Berufe ist speziell auf die hohen Anforderungen in diesen Bereichen zugeschnitten. Sie bietet optimalen Tragekomfort f\u00fcr lange Arbeitstage, besteht aus strapazierf\u00e4higen, hygienischen Materialien und erm\u00f6glicht volle Bewegungsfreiheit.<\/p><p>Ob Kasacks, Kittel, Hosen oder Shirts \u2013 unsere Kleidung ist robust, langlebig und unterst\u00fctzt dich optimal in deinem anspruchsvollen Berufsalltag. Zudem bieten wir personalisierte Veredelungsm\u00f6glichkeiten, damit du deine Arbeitskleidung individuell gestalten kannst.<\/p>\t\t\t\t\t\t\t\t<\/div>\n\t\t\t\t<\/div>\n\t\t\t\t<\/div>\n\t\t\t\t\t<\/div>\n\t\t\t\t<\/div>\n\t\t<div class=\"elementor-element elementor-element-69c21705 e-flex e-con-boxed wpr-particle-no wpr-jarallax-no wpr-parallax-no wpr-sticky-section-no elementor-invisible e-con e-parent\" data-id=\"69c21705\" data-element_type=\"container\" data-settings=\"{&quot;background_background&quot;:&quot;classic&quot;,&quot;animation&quot;:&quot;fadeInUp&quot;,&quot;animation_mobile&quot;:&quot;none&quot;}\">\n\t\t\t\t\t<div class=\"e-con-inner\">\n\t\t<div class=\"elementor-element elementor-element-741522f3 e-con-full e-flex wpr-particle-no wpr-jarallax-no wpr-parallax-no wpr-sticky-section-no e-con e-child\" data-id=\"741522f3\" data-element_type=\"container\">\n\t\t\t\t<div class=\"elementor-element elementor-element-3a2764a elementor-widget elementor-widget-heading\" data-id=\"3a2764a\" data-element_type=\"widget\" data-widget_type=\"heading.default\">\n\t\t\t\t<div class=\"elementor-widget-container\">\n\t\t\t\t\t<h2 class=\"elementor-heading-title elementor-size-default\">Bewegungsfreiheit im Alltag<\/h2>\t\t\t\t<\/div>\n\t\t\t\t<\/div>\n\t\t\t\t<div class=\"elementor-element elementor-element-7e06c2c8 elementor-widget elementor-widget-text-editor\" data-id=\"7e06c2c8\" data-element_type=\"widget\" data-widget_type=\"text-editor.default\">\n\t\t\t\t<div class=\"elementor-widget-container\">\n\t\t\t\t\t\t\t\t\t<p>In medizinischen Berufen ist Bewegungsfreiheit essenziell, um flexibel auf jede Situation reagieren zu k\u00f6nnen. Unsere medizinische Berufsbekleidung ist so konzipiert, dass sie dir maximale Bewegungsfreiheit bietet \u2013 sei es bei schnellen Handgriffen, langen Schichten oder anspruchsvollen T\u00e4tigkeiten.<\/p>\t\t\t\t\t\t\t\t<\/div>\n\t\t\t\t<\/div>\n\t\t<div class=\"elementor-element elementor-element-319f558c e-con-full e-flex wpr-particle-no wpr-jarallax-no wpr-parallax-no wpr-sticky-section-no e-con e-child\" data-id=\"319f558c\" data-element_type=\"container\">\n\t\t\t\t<div class=\"elementor-element elementor-element-2ec96f53 elementor-view-stacked elementor-position-left elementor-tablet-position-top elementor-shape-circle elementor-mobile-position-top elementor-widget elementor-widget-icon-box\" data-id=\"2ec96f53\" data-element_type=\"widget\" data-widget_type=\"icon-box.default\">\n\t\t\t\t<div class=\"elementor-widget-container\">\n\t\t\t\t\t\t\t<div class=\"elementor-icon-box-wrapper\">\n\n\t\t\t\t\t\t<div class=\"elementor-icon-box-icon\">\n\t\t\t\t<span  class=\"elementor-icon elementor-animation-pulse\">\n\t\t\t\t<i aria-hidden=\"true\" class=\"fas fa-dove\"><\/i>\t\t\t\t<\/span>\n\t\t\t<\/div>\n\t\t\t\n\t\t\t\t\t\t<div class=\"elementor-icon-box-content\">\n\n\t\t\t\t\t\t\t\t\t<h3 class=\"elementor-icon-box-title\">\n\t\t\t\t\t\t<span  >\n\t\t\t\t\t\t\tPflegeleicht\t\t\t\t\t\t<\/span>\n\t\t\t\t\t<\/h3>\n\t\t\t\t\n\t\t\t\t\t\t\t\t\t<p class=\"elementor-icon-box-description\">\n\t\t\t\t\t\tUnsere Berufsbekleidung l\u00e4sst sich einfach und hygienisch reinigen.\t\t\t\t\t<\/p>\n\t\t\t\t\n\t\t\t<\/div>\n\t\t\t\n\t\t<\/div>\n\t\t\t\t\t\t<\/div>\n\t\t\t\t<\/div>\n\t\t\t\t<\/div>\n\t\t<div class=\"elementor-element elementor-element-7193be89 e-con-full e-flex wpr-particle-no wpr-jarallax-no wpr-parallax-no wpr-sticky-section-no e-con e-child\" data-id=\"7193be89\" data-element_type=\"container\">\n\t\t\t\t<div class=\"elementor-element elementor-element-3bde9604 elementor-view-stacked elementor-position-left elementor-tablet-position-top elementor-shape-circle elementor-mobile-position-top elementor-widget elementor-widget-icon-box\" data-id=\"3bde9604\" data-element_type=\"widget\" data-widget_type=\"icon-box.default\">\n\t\t\t\t<div class=\"elementor-widget-container\">\n\t\t\t\t\t\t\t<div class=\"elementor-icon-box-wrapper\">\n\n\t\t\t\t\t\t<div class=\"elementor-icon-box-icon\">\n\t\t\t\t<span  class=\"elementor-icon elementor-animation-pulse\">\n\t\t\t\t<i aria-hidden=\"true\" class=\"fas fa-bed\"><\/i>\t\t\t\t<\/span>\n\t\t\t<\/div>\n\t\t\t\n\t\t\t\t\t\t<div class=\"elementor-icon-box-content\">\n\n\t\t\t\t\t\t\t\t\t<h3 class=\"elementor-icon-box-title\">\n\t\t\t\t\t\t<span  >\n\t\t\t\t\t\t\tKomfortabel\t\t\t\t\t\t<\/span>\n\t\t\t\t\t<\/h3>\n\t\t\t\t\n\t\t\t\t\t\t\t\t\t<p class=\"elementor-icon-box-description\">\n\t\t\t\t\t\tUnsere Berufsbekleidung bietet dir hohen Tragekomfort f\u00fcr lange Arbeitstage.\t\t\t\t\t<\/p>\n\t\t\t\t\n\t\t\t<\/div>\n\t\t\t\n\t\t<\/div>\n\t\t\t\t\t\t<\/div>\n\t\t\t\t<\/div>\n\t\t\t\t<\/div>\n\t\t<div class=\"elementor-element elementor-element-c0fa102 e-con-full e-flex wpr-particle-no wpr-jarallax-no wpr-parallax-no wpr-sticky-section-no e-con e-child\" data-id=\"c0fa102\" data-element_type=\"container\">\n\t\t\t\t<div class=\"elementor-element elementor-element-50153b8c elementor-view-stacked elementor-position-left elementor-tablet-position-top elementor-shape-circle elementor-mobile-position-top elementor-widget elementor-widget-icon-box\" data-id=\"50153b8c\" data-element_type=\"widget\" data-widget_type=\"icon-box.default\">\n\t\t\t\t<div class=\"elementor-widget-container\">\n\t\t\t\t\t\t\t<div class=\"elementor-icon-box-wrapper\">\n\n\t\t\t\t\t\t<div class=\"elementor-icon-box-icon\">\n\t\t\t\t<span  class=\"elementor-icon elementor-animation-pulse\">\n\t\t\t\t<i aria-hidden=\"true\" class=\"fas fa-tree\"><\/i>\t\t\t\t<\/span>\n\t\t\t<\/div>\n\t\t\t\n\t\t\t\t\t\t<div class=\"elementor-icon-box-content\">\n\n\t\t\t\t\t\t\t\t\t<h3 class=\"elementor-icon-box-title\">\n\t\t\t\t\t\t<span  >\n\t\t\t\t\t\t\tAtmungsaktiv\t\t\t\t\t\t<\/span>\n\t\t\t\t\t<\/h3>\n\t\t\t\t\n\t\t\t\t\t\t\t\t\t<p class=\"elementor-icon-box-description\">\n\t\t\t\t\t\tUnsere Berufsbekleidung sorgt f\u00fcr optimale Luftzirkulation und angenehmes Tragegef\u00fchl.\t\t\t\t\t<\/p>\n\t\t\t\t\n\t\t\t<\/div>\n\t\t\t\n\t\t<\/div>\n\t\t\t\t\t\t<\/div>\n\t\t\t\t<\/div>\n\t\t\t\t<\/div>\n\t\t\t\t<\/div>\n\t\t\t\t<div class=\"elementor-element elementor-element-457711c elementor-widget elementor-widget-image\" data-id=\"457711c\" data-element_type=\"widget\" data-widget_type=\"image.default\">\n\t\t\t\t<div class=\"elementor-widget-container\">\n\t\t\t\t\t\t\t\t\t\t\t\t\t\t\t<img decoding=\"async\" src=\"https:\/\/www.mp-berufsbekleidung.de\/wp-content\/uploads\/elementor\/thumbs\/DSC05774-scaled-ra7j41nr2sdf6pb85xz10i328kcqthpsaaw2biyxrk.jpg\" title=\"Vielfalt zum Anziehen \u2013 Berufsbekleidung, die Eindruck macht\" alt=\"Bunte Arbeitskleidung auf Kleiderb\u00fcgeln in einem modernen Ladenlokal.\" loading=\"lazy\" \/>\t\t\t\t\t\t\t\t\t\t\t\t\t\t\t<\/div>\n\t\t\t\t<\/div>\n\t\t\t\t\t<\/div>\n\t\t\t\t<\/div>\n\t\t<div class=\"elementor-element elementor-element-e9d43ab e-flex e-con-boxed wpr-particle-no wpr-jarallax-no wpr-parallax-no wpr-sticky-section-no e-con e-parent\" data-id=\"e9d43ab\" data-element_type=\"container\" data-settings=\"{&quot;background_background&quot;:&quot;classic&quot;}\">\n\t\t\t\t\t<div class=\"e-con-inner\">\n\t\t<div class=\"elementor-element elementor-element-4cf3a8b e-con-full e-flex wpr-particle-no wpr-jarallax-no wpr-parallax-no wpr-sticky-section-no e-con e-child\" data-id=\"4cf3a8b\" data-element_type=\"container\">\n\t\t\t\t<div class=\"elementor-element elementor-element-da39c6f elementor-widget elementor-widget-heading\" data-id=\"da39c6f\" data-element_type=\"widget\" data-widget_type=\"heading.default\">\n\t\t\t\t<div class=\"elementor-widget-container\">\n\t\t\t\t\t<h3 class=\"elementor-heading-title elementor-size-default\">Professioneller Schutz, perfekt gekleidet \u2013 f\u00fcr den medizinischen Bereich.<\/h3>\t\t\t\t<\/div>\n\t\t\t\t<\/div>\n\t\t\t\t<\/div>\n\t\t\t\t\t<\/div>\n\t\t\t\t<\/div>\n\t\t<div class=\"elementor-element elementor-element-b2ae399 e-flex e-con-boxed wpr-particle-no wpr-jarallax-no wpr-parallax-no wpr-sticky-section-no e-con e-parent\" data-id=\"b2ae399\" data-element_type=\"container\">\n\t\t\t\t\t<div class=\"e-con-inner\">\n\t\t<div class=\"elementor-element elementor-element-c71440c e-con-full e-flex wpr-particle-no wpr-jarallax-no wpr-parallax-no wpr-sticky-section-no e-con e-child\" data-id=\"c71440c\" data-element_type=\"container\">\n\t\t\t\t<div class=\"elementor-element elementor-element-7954259 elementor-invisible elementor-widget elementor-widget-heading\" data-id=\"7954259\" data-element_type=\"widget\" data-settings=\"{&quot;_animation&quot;:&quot;fadeInUp&quot;,&quot;_animation_delay&quot;:100}\" data-widget_type=\"heading.default\">\n\t\t\t\t<div class=\"elementor-widget-container\">\n\t\t\t\t\t<h3 class=\"elementor-heading-title elementor-size-default\">Warum ist gerade hier die richtige Kleidung so wichtig?<\/h3>\t\t\t\t<\/div>\n\t\t\t\t<\/div>\n\t\t\t\t<div class=\"elementor-element elementor-element-0ea90fa elementor-invisible elementor-widget elementor-widget-heading\" data-id=\"0ea90fa\" data-element_type=\"widget\" data-settings=\"{&quot;_animation&quot;:&quot;fadeInUp&quot;,&quot;_animation_delay&quot;:150}\" data-widget_type=\"heading.default\">\n\t\t\t\t<div class=\"elementor-widget-container\">\n\t\t\t\t\t<h4 class=\"elementor-heading-title elementor-size-default\">Berufsbekleidung, die Dich in deinem Job begleitet.<\/h4>\t\t\t\t<\/div>\n\t\t\t\t<\/div>\n\t\t\t\t<div class=\"elementor-element elementor-element-9bc9cdd elementor-invisible elementor-widget elementor-widget-text-editor\" data-id=\"9bc9cdd\" data-element_type=\"widget\" data-settings=\"{&quot;_animation&quot;:&quot;fadeInUp&quot;,&quot;_animation_delay&quot;:200}\" data-widget_type=\"text-editor.default\">\n\t\t\t\t<div class=\"elementor-widget-container\">\n\t\t\t\t\t\t\t\t\t<p>In Berufen, in denen es auf Pr\u00e4zision, Hygiene und Sicherheit ankommt, ist die richtige Berufsbekleidung unerl\u00e4sslich. Sie sch\u00fctzt nicht nur dich, sondern sorgt auch daf\u00fcr, dass du deinen Job effizient und komfortabel aus\u00fcben kannst.<\/p><p>Ob im medizinischen Bereich oder im Handwerk \u2013 die richtige Kleidung unterst\u00fctzt dich dabei, den t\u00e4glichen Herausforderungen gerecht zu werden und gleichzeitig professionell aufzutreten.<\/p>\t\t\t\t\t\t\t\t<\/div>\n\t\t\t\t<\/div>\n\t\t<div class=\"elementor-element elementor-element-2629656 e-con-full e-flex wpr-particle-no wpr-jarallax-no wpr-parallax-no wpr-sticky-section-no elementor-invisible e-con e-child\" data-id=\"2629656\" data-element_type=\"container\" data-settings=\"{&quot;animation&quot;:&quot;fadeInUp&quot;,&quot;animation_delay&quot;:250}\">\n\t\t<div class=\"elementor-element elementor-element-e74abab e-con-full e-flex wpr-particle-no wpr-jarallax-no wpr-parallax-no wpr-sticky-section-no e-con e-child\" data-id=\"e74abab\" data-element_type=\"container\">\n\t\t\t\t<div class=\"elementor-element elementor-element-2d4bb99 elementor-icon-list--layout-traditional elementor-list-item-link-full_width elementor-widget elementor-widget-icon-list\" data-id=\"2d4bb99\" data-element_type=\"widget\" data-widget_type=\"icon-list.default\">\n\t\t\t\t<div class=\"elementor-widget-container\">\n\t\t\t\t\t\t\t<ul class=\"elementor-icon-list-items\">\n\t\t\t\t\t\t\t<li class=\"elementor-icon-list-item\">\n\t\t\t\t\t\t\t\t\t\t\t<span class=\"elementor-icon-list-icon\">\n\t\t\t\t\t\t\t<i aria-hidden=\"true\" class=\"fas fa-check-square\"><\/i>\t\t\t\t\t\t<\/span>\n\t\t\t\t\t\t\t\t\t\t<span class=\"elementor-icon-list-text\">Schutz und Sicherheit<\/span>\n\t\t\t\t\t\t\t\t\t<\/li>\n\t\t\t\t\t\t\t\t<li class=\"elementor-icon-list-item\">\n\t\t\t\t\t\t\t\t\t\t\t<span class=\"elementor-icon-list-icon\">\n\t\t\t\t\t\t\t<i aria-hidden=\"true\" class=\"fas fa-check-square\"><\/i>\t\t\t\t\t\t<\/span>\n\t\t\t\t\t\t\t\t\t\t<span class=\"elementor-icon-list-text\">Bewegungsfreiheit<\/span>\n\t\t\t\t\t\t\t\t\t<\/li>\n\t\t\t\t\t\t\t\t<li class=\"elementor-icon-list-item\">\n\t\t\t\t\t\t\t\t\t\t\t<span class=\"elementor-icon-list-icon\">\n\t\t\t\t\t\t\t<i aria-hidden=\"true\" class=\"fas fa-check-square\"><\/i>\t\t\t\t\t\t<\/span>\n\t\t\t\t\t\t\t\t\t\t<span class=\"elementor-icon-list-text\">Komfort f\u00fcr lange Arbeitstage<\/span>\n\t\t\t\t\t\t\t\t\t<\/li>\n\t\t\t\t\t\t<\/ul>\n\t\t\t\t\t\t<\/div>\n\t\t\t\t<\/div>\n\t\t\t\t<\/div>\n\t\t<div class=\"elementor-element elementor-element-685e802 e-con-full e-flex wpr-particle-no wpr-jarallax-no wpr-parallax-no wpr-sticky-section-no e-con e-child\" data-id=\"685e802\" data-element_type=\"container\">\n\t\t\t\t<div class=\"elementor-element elementor-element-5c7421f elementor-icon-list--layout-traditional elementor-list-item-link-full_width elementor-widget elementor-widget-icon-list\" data-id=\"5c7421f\" data-element_type=\"widget\" data-widget_type=\"icon-list.default\">\n\t\t\t\t<div class=\"elementor-widget-container\">\n\t\t\t\t\t\t\t<ul class=\"elementor-icon-list-items\">\n\t\t\t\t\t\t\t<li class=\"elementor-icon-list-item\">\n\t\t\t\t\t\t\t\t\t\t\t<span class=\"elementor-icon-list-icon\">\n\t\t\t\t\t\t\t<i aria-hidden=\"true\" class=\"fas fa-check-square\"><\/i>\t\t\t\t\t\t<\/span>\n\t\t\t\t\t\t\t\t\t\t<span class=\"elementor-icon-list-text\">Hygienische Materialien<\/span>\n\t\t\t\t\t\t\t\t\t<\/li>\n\t\t\t\t\t\t\t\t<li class=\"elementor-icon-list-item\">\n\t\t\t\t\t\t\t\t\t\t\t<span class=\"elementor-icon-list-icon\">\n\t\t\t\t\t\t\t<i aria-hidden=\"true\" class=\"fas fa-check-square\"><\/i>\t\t\t\t\t\t<\/span>\n\t\t\t\t\t\t\t\t\t\t<span class=\"elementor-icon-list-text\">Strapazierf\u00e4higkeit<\/span>\n\t\t\t\t\t\t\t\t\t<\/li>\n\t\t\t\t\t\t\t\t<li class=\"elementor-icon-list-item\">\n\t\t\t\t\t\t\t\t\t\t\t<span class=\"elementor-icon-list-icon\">\n\t\t\t\t\t\t\t<i aria-hidden=\"true\" class=\"fas fa-check-square\"><\/i>\t\t\t\t\t\t<\/span>\n\t\t\t\t\t\t\t\t\t\t<span class=\"elementor-icon-list-text\">Leichte Pflege und Reinigung<\/span>\n\t\t\t\t\t\t\t\t\t<\/li>\n\t\t\t\t\t\t<\/ul>\n\t\t\t\t\t\t<\/div>\n\t\t\t\t<\/div>\n\t\t\t\t<\/div>\n\t\t\t\t<\/div>\n\t\t\t\t<\/div>\n\t\t<div class=\"elementor-element elementor-element-bcdbbd2 e-con-full e-flex wpr-particle-no wpr-jarallax-no wpr-parallax-no wpr-sticky-section-no e-con e-child\" data-id=\"bcdbbd2\" data-element_type=\"container\">\n\t\t\t\t<div class=\"elementor-element elementor-element-bbba7b8 elementor-widget elementor-widget-image\" data-id=\"bbba7b8\" data-element_type=\"widget\" data-widget_type=\"image.default\">\n\t\t\t\t<div class=\"elementor-widget-container\">\n\t\t\t\t\t\t\t\t\t\t\t\t\t\t\t<img decoding=\"async\" src=\"https:\/\/www.mp-berufsbekleidung.de\/wp-content\/uploads\/elementor\/thumbs\/DSC05747-scaled-ra7j6iyf41ry1ydnujwtcxguv3cprojvlbm3xak0v8.jpg\" title=\"Qualit\u00e4t in jeder Farbe\" alt=\"Nahaufnahme eines runden Kleiderst\u00e4nders mit farblich sortierten Hoodies auf Holzb\u00fcgeln; im Hintergrund gefaltete Kleidung in Regalen.\" loading=\"lazy\" \/>\t\t\t\t\t\t\t\t\t\t\t\t\t\t\t<\/div>\n\t\t\t\t<\/div>\n\t\t\t\t<\/div>\n\t\t\t\t\t<\/div>\n\t\t\t\t<\/div>\n\t\t<div class=\"elementor-element elementor-element-9da7b14 e-flex e-con-boxed wpr-particle-no wpr-jarallax-no wpr-parallax-no wpr-sticky-section-no e-con e-parent\" data-id=\"9da7b14\" data-element_type=\"container\">\n\t\t\t\t\t<div class=\"e-con-inner\">\n\t\t<div class=\"elementor-element elementor-element-c28072a e-con-full e-flex wpr-particle-no wpr-jarallax-no wpr-parallax-no wpr-sticky-section-no elementor-invisible e-con e-child\" data-id=\"c28072a\" data-element_type=\"container\" data-settings=\"{&quot;background_background&quot;:&quot;classic&quot;,&quot;animation&quot;:&quot;fadeInUp&quot;,&quot;animation_delay&quot;:50}\">\n\t\t\t\t<div class=\"elementor-element elementor-element-490419d elementor-widget elementor-widget-image\" data-id=\"490419d\" data-element_type=\"widget\" data-widget_type=\"image.default\">\n\t\t\t\t<div class=\"elementor-widget-container\">\n\t\t\t\t\t\t\t\t\t\t\t\t\t\t\t<img decoding=\"async\" width=\"800\" height=\"534\" src=\"https:\/\/www.mp-berufsbekleidung.de\/wp-content\/uploads\/2025\/07\/DSC05631-1024x683.jpg\" class=\"attachment-large size-large wp-image-2779\" alt=\"\" srcset=\"https:\/\/www.mp-berufsbekleidung.de\/wp-content\/uploads\/2025\/07\/DSC05631-1024x683.jpg 1024w, https:\/\/www.mp-berufsbekleidung.de\/wp-content\/uploads\/2025\/07\/DSC05631-300x200.jpg 300w, https:\/\/www.mp-berufsbekleidung.de\/wp-content\/uploads\/2025\/07\/DSC05631-768x512.jpg 768w, https:\/\/www.mp-berufsbekleidung.de\/wp-content\/uploads\/2025\/07\/DSC05631-1536x1024.jpg 1536w, https:\/\/www.mp-berufsbekleidung.de\/wp-content\/uploads\/2025\/07\/DSC05631-2048x1365.jpg 2048w\" sizes=\"(max-width: 800px) 100vw, 800px\" \/>\t\t\t\t\t\t\t\t\t\t\t\t\t\t\t<\/div>\n\t\t\t\t<\/div>\n\t\t\t\t<\/div>\n\t\t<div class=\"elementor-element elementor-element-b60c83c e-con-full e-flex wpr-particle-no wpr-jarallax-no wpr-parallax-no wpr-sticky-section-no e-con e-child\" data-id=\"b60c83c\" data-element_type=\"container\">\n\t\t\t\t<div class=\"elementor-element elementor-element-7ae8521 elementor-invisible elementor-widget elementor-widget-heading\" data-id=\"7ae8521\" data-element_type=\"widget\" data-settings=\"{&quot;_animation&quot;:&quot;fadeInUp&quot;,&quot;_animation_delay&quot;:100}\" data-widget_type=\"heading.default\">\n\t\t\t\t<div class=\"elementor-widget-container\">\n\t\t\t\t\t<h4 class=\"elementor-heading-title elementor-size-default\">Anprobe und m\u00f6gliche Personalisierungen<\/h4>\t\t\t\t<\/div>\n\t\t\t\t<\/div>\n\t\t\t\t<div class=\"elementor-element elementor-element-af57389 elementor-invisible elementor-widget elementor-widget-text-editor\" data-id=\"af57389\" data-element_type=\"widget\" data-settings=\"{&quot;_animation&quot;:&quot;fadeInUp&quot;,&quot;_animation_delay&quot;:150}\" data-widget_type=\"text-editor.default\">\n\t\t\t\t<div class=\"elementor-widget-container\">\n\t\t\t\t\t\t\t\t\t<p>Die Passform medizinischer Berufsbekleidung ist entscheidend f\u00fcr Komfort und Bewegungsfreiheit. Deshalb bieten wir dir die M\u00f6glichkeit, deine Kleidung vor Ort anzuprobieren, um sicherzustellen, dass sie perfekt sitzt und deine Anforderungen erf\u00fcllt. So findest du genau die Kleidung, die dich optimal im Arbeitsalltag unterst\u00fctzt.<\/p><div class=\"flex max-w-full flex-col flex-grow\"><div class=\"min-h-[20px] text-message flex w-full flex-col items-end gap-2 whitespace-normal break-words [.text-message+&amp;]:mt-5\" dir=\"auto\" data-message-author-role=\"assistant\" data-message-id=\"5a211b2d-315d-4fb3-b90d-33c1b288a277\"><div class=\"flex w-full flex-col gap-1 empty:hidden first:pt-[3px]\"><div class=\"markdown prose w-full break-words dark:prose-invert light\"><p>Wir bieten Personalisierungsoptionen wie das Aufbringen von Namen oder Logos per Stickerei oder Druck, um deine Kleidung individuell zu gestalten. So schaffst du ein einheitliches, professionelles Erscheinungsbild f\u00fcr dein Team und kombinierst Funktionalit\u00e4t mit einem pers\u00f6nlichen Touch.<\/p><\/div><\/div><\/div><\/div>\t\t\t\t\t\t\t\t<\/div>\n\t\t\t\t<\/div>\n\t\t\t\t<\/div>\n\t\t\t\t\t<\/div>\n\t\t\t\t<\/div>\n\t\t\t\t<\/div>\n\t\t","protected":false},"excerpt":{"rendered":"<p>Berufsbekleidung f\u00fcr den gesundheitlichen und medizinischen bereich Kleidung f\u00fcr Pflegepersonal und andere medizinische Berufe Unsere Berufsbekleidung f\u00fcr Pflegepersonal und medizinische Berufe ist speziell auf die hohen Anforderungen in diesen Bereichen zugeschnitten. Sie bietet optimalen Tragekomfort f\u00fcr lange Arbeitstage, besteht aus strapazierf\u00e4higen, hygienischen Materialien und erm\u00f6glicht volle Bewegungsfreiheit. Ob Kasacks, Kittel, Hosen oder Shirts \u2013 unsere Kleidung ist robust, langlebig und unterst\u00fctzt dich optimal in deinem anspruchsvollen Berufsalltag. Zudem bieten wir personalisierte Veredelungsm\u00f6glichkeiten, damit du deine Arbeitskleidung individuell gestalten kannst. Bewegungsfreiheit im Alltag In medizinischen Berufen ist Bewegungsfreiheit essenziell, um flexibel auf jede Situation reagieren zu k\u00f6nnen. Unsere medizinische Berufsbekleidung ist so konzipiert, dass sie dir maximale Bewegungsfreiheit bietet \u2013 sei es bei schnellen Handgriffen, langen Schichten oder anspruchsvollen T\u00e4tigkeiten. Pflegeleicht Unsere Berufsbekleidung l\u00e4sst sich einfach und hygienisch reinigen. Komfortabel Unsere Berufsbekleidung bietet dir hohen Tragekomfort f\u00fcr lange Arbeitstage. Atmungsaktiv Unsere Berufsbekleidung sorgt f\u00fcr optimale Luftzirkulation und angenehmes Tragegef\u00fchl. Professioneller Schutz, perfekt gekleidet \u2013 f\u00fcr den medizinischen Bereich. Warum ist gerade hier die richtige Kleidung so wichtig? Berufsbekleidung, die Dich in deinem Job begleitet. In Berufen, in denen es auf Pr\u00e4zision, Hygiene und Sicherheit ankommt, ist die richtige Berufsbekleidung unerl\u00e4sslich. Sie sch\u00fctzt nicht nur dich, sondern sorgt auch daf\u00fcr, dass du deinen Job effizient und komfortabel aus\u00fcben kannst. Ob im medizinischen Bereich oder im Handwerk \u2013 die richtige Kleidung unterst\u00fctzt dich dabei, den t\u00e4glichen Herausforderungen gerecht zu werden und gleichzeitig professionell aufzutreten. Schutz und Sicherheit Bewegungsfreiheit Komfort f\u00fcr lange Arbeitstage Hygienische Materialien Strapazierf\u00e4higkeit Leichte Pflege und Reinigung Anprobe und m\u00f6gliche Personalisierungen Die Passform medizinischer Berufsbekleidung ist entscheidend f\u00fcr Komfort und Bewegungsfreiheit. Deshalb bieten wir dir die M\u00f6glichkeit, deine Kleidung vor Ort anzuprobieren, um sicherzustellen, dass sie perfekt sitzt und deine Anforderungen erf\u00fcllt. So findest du genau die Kleidung, die dich optimal im Arbeitsalltag unterst\u00fctzt. Wir bieten Personalisierungsoptionen wie das Aufbringen von Namen oder Logos per Stickerei oder Druck, um deine Kleidung individuell zu gestalten. So schaffst du ein einheitliches, professionelles Erscheinungsbild f\u00fcr dein Team und kombinierst Funktionalit\u00e4t mit einem pers\u00f6nlichen Touch.<\/p>\n","protected":false},"author":2,"featured_media":0,"parent":0,"menu_order":0,"comment_status":"closed","ping_status":"closed","template":"elementor_header_footer","meta":{"footnotes":""},"class_list":["post-96","page","type-page","status-publish","hentry"],"yoast_head":"<!-- This site is optimized with the Yoast SEO plugin v26.3 - https:\/\/yoast.com\/wordpress\/plugins\/seo\/ -->\n<title>Berufsbekleidung Medizin - M.P. Berufsbekleidung<\/title>\n<meta name=\"description\" content=\"Berufsbekleidung Medizin | Arbeitskleidung f\u00fcr Krankenpfleger, Arzthelfer oder andere medizinische Berufe - jetzt mehr erfahren\" \/>\n<meta name=\"robots\" content=\"index, follow, max-snippet:-1, max-image-preview:large, max-video-preview:-1\" \/>\n<link rel=\"canonical\" href=\"https:\/\/www.mp-berufsbekleidung.de\/?page_id=96\" \/>\n<meta property=\"og:locale\" content=\"de_DE\" \/>\n<meta property=\"og:type\" content=\"article\" \/>\n<meta property=\"og:title\" content=\"Berufsbekleidung Medizin - M.P. Berufsbekleidung\" \/>\n<meta property=\"og:description\" content=\"Berufsbekleidung Medizin | Arbeitskleidung f\u00fcr Krankenpfleger, Arzthelfer oder andere medizinische Berufe - jetzt mehr erfahren\" \/>\n<meta property=\"og:url\" content=\"https:\/\/www.mp-berufsbekleidung.de\/?page_id=96\" \/>\n<meta property=\"og:site_name\" content=\"M.P. Berufsbekleidung\" \/>\n<meta property=\"article:modified_time\" content=\"2025-09-25T06:14:32+00:00\" \/>\n<meta property=\"og:image\" content=\"https:\/\/www.mp-berufsbekleidung.de\/wp-content\/uploads\/2025\/07\/DSC05775-scaled.jpg\" \/>\n\t<meta property=\"og:image:width\" content=\"2560\" \/>\n\t<meta property=\"og:image:height\" content=\"1707\" \/>\n\t<meta property=\"og:image:type\" content=\"image\/jpeg\" \/>\n<meta name=\"twitter:card\" content=\"summary_large_image\" \/>\n<meta name=\"twitter:label1\" content=\"Gesch\u00e4tzte Lesezeit\" \/>\n\t<meta name=\"twitter:data1\" content=\"3 Minuten\" \/>\n<script type=\"application\/ld+json\" class=\"yoast-schema-graph\">{\"@context\":\"https:\/\/schema.org\",\"@graph\":[{\"@type\":\"WebPage\",\"@id\":\"https:\/\/www.mp-berufsbekleidung.de\/?page_id=96\",\"url\":\"https:\/\/www.mp-berufsbekleidung.de\/?page_id=96\",\"name\":\"Berufsbekleidung Medizin - M.P. Berufsbekleidung\",\"isPartOf\":{\"@id\":\"https:\/\/www.mp-berufsbekleidung.de\/#website\"},\"primaryImageOfPage\":{\"@id\":\"https:\/\/www.mp-berufsbekleidung.de\/?page_id=96#primaryimage\"},\"image\":{\"@id\":\"https:\/\/www.mp-berufsbekleidung.de\/?page_id=96#primaryimage\"},\"thumbnailUrl\":\"https:\/\/www.mp-berufsbekleidung.de\/wp-content\/uploads\/2025\/07\/DSC05775-1024x683.jpg\",\"datePublished\":\"2024-08-13T10:12:21+00:00\",\"dateModified\":\"2025-09-25T06:14:32+00:00\",\"description\":\"Berufsbekleidung Medizin | Arbeitskleidung f\u00fcr Krankenpfleger, Arzthelfer oder andere medizinische Berufe - jetzt mehr erfahren\",\"breadcrumb\":{\"@id\":\"https:\/\/www.mp-berufsbekleidung.de\/?page_id=96#breadcrumb\"},\"inLanguage\":\"de-AT\",\"potentialAction\":[{\"@type\":\"ReadAction\",\"target\":[\"https:\/\/www.mp-berufsbekleidung.de\/?page_id=96\"]}]},{\"@type\":\"ImageObject\",\"inLanguage\":\"de-AT\",\"@id\":\"https:\/\/www.mp-berufsbekleidung.de\/?page_id=96#primaryimage\",\"url\":\"https:\/\/www.mp-berufsbekleidung.de\/wp-content\/uploads\/2025\/07\/DSC05775-scaled.jpg\",\"contentUrl\":\"https:\/\/www.mp-berufsbekleidung.de\/wp-content\/uploads\/2025\/07\/DSC05775-scaled.jpg\",\"width\":2560,\"height\":1707,\"caption\":\"Bei MP Berufsbekleidung findest du klassische Kittel und Hosen \u2013 passgenau und praxisbew\u00e4hrt.\"},{\"@type\":\"BreadcrumbList\",\"@id\":\"https:\/\/www.mp-berufsbekleidung.de\/?page_id=96#breadcrumb\",\"itemListElement\":[{\"@type\":\"ListItem\",\"position\":1,\"name\":\"Startseite\",\"item\":\"https:\/\/www.mp-berufsbekleidung.de\/\"},{\"@type\":\"ListItem\",\"position\":2,\"name\":\"Berufsbekleidung Medizin\"}]},{\"@type\":\"WebSite\",\"@id\":\"https:\/\/www.mp-berufsbekleidung.de\/#website\",\"url\":\"https:\/\/www.mp-berufsbekleidung.de\/\",\"name\":\"M.P. Berufsbekleidung\",\"description\":\"\",\"publisher\":{\"@id\":\"https:\/\/www.mp-berufsbekleidung.de\/#organization\"},\"potentialAction\":[{\"@type\":\"SearchAction\",\"target\":{\"@type\":\"EntryPoint\",\"urlTemplate\":\"https:\/\/www.mp-berufsbekleidung.de\/?s={search_term_string}\"},\"query-input\":{\"@type\":\"PropertyValueSpecification\",\"valueRequired\":true,\"valueName\":\"search_term_string\"}}],\"inLanguage\":\"de-AT\"},{\"@type\":\"Organization\",\"@id\":\"https:\/\/www.mp-berufsbekleidung.de\/#organization\",\"name\":\"M.P. Berufsbekleidung\",\"url\":\"https:\/\/www.mp-berufsbekleidung.de\/\",\"logo\":{\"@type\":\"ImageObject\",\"inLanguage\":\"de-AT\",\"@id\":\"https:\/\/www.mp-berufsbekleidung.de\/#\/schema\/logo\/image\/\",\"url\":\"https:\/\/www.mp-berufsbekleidung.de\/wp-content\/uploads\/2024\/08\/Logo-e1723541335133.png\",\"contentUrl\":\"https:\/\/www.mp-berufsbekleidung.de\/wp-content\/uploads\/2024\/08\/Logo-e1723541335133.png\",\"width\":607,\"height\":79,\"caption\":\"M.P. Berufsbekleidung\"},\"image\":{\"@id\":\"https:\/\/www.mp-berufsbekleidung.de\/#\/schema\/logo\/image\/\"}}]}<\/script>\n<!-- \/ Yoast SEO plugin. -->","yoast_head_json":{"title":"Berufsbekleidung Medizin - M.P. Berufsbekleidung","description":"Berufsbekleidung Medizin | Arbeitskleidung f\u00fcr Krankenpfleger, Arzthelfer oder andere medizinische Berufe - jetzt mehr erfahren","robots":{"index":"index","follow":"follow","max-snippet":"max-snippet:-1","max-image-preview":"max-image-preview:large","max-video-preview":"max-video-preview:-1"},"canonical":"https:\/\/www.mp-berufsbekleidung.de\/?page_id=96","og_locale":"de_DE","og_type":"article","og_title":"Berufsbekleidung Medizin - M.P. Berufsbekleidung","og_description":"Berufsbekleidung Medizin | Arbeitskleidung f\u00fcr Krankenpfleger, Arzthelfer oder andere medizinische Berufe - jetzt mehr erfahren","og_url":"https:\/\/www.mp-berufsbekleidung.de\/?page_id=96","og_site_name":"M.P. Berufsbekleidung","article_modified_time":"2025-09-25T06:14:32+00:00","og_image":[{"width":2560,"height":1707,"url":"https:\/\/www.mp-berufsbekleidung.de\/wp-content\/uploads\/2025\/07\/DSC05775-scaled.jpg","type":"image\/jpeg"}],"twitter_card":"summary_large_image","twitter_misc":{"Gesch\u00e4tzte Lesezeit":"3 Minuten"},"schema":{"@context":"https:\/\/schema.org","@graph":[{"@type":"WebPage","@id":"https:\/\/www.mp-berufsbekleidung.de\/?page_id=96","url":"https:\/\/www.mp-berufsbekleidung.de\/?page_id=96","name":"Berufsbekleidung Medizin - M.P. Berufsbekleidung","isPartOf":{"@id":"https:\/\/www.mp-berufsbekleidung.de\/#website"},"primaryImageOfPage":{"@id":"https:\/\/www.mp-berufsbekleidung.de\/?page_id=96#primaryimage"},"image":{"@id":"https:\/\/www.mp-berufsbekleidung.de\/?page_id=96#primaryimage"},"thumbnailUrl":"https:\/\/www.mp-berufsbekleidung.de\/wp-content\/uploads\/2025\/07\/DSC05775-1024x683.jpg","datePublished":"2024-08-13T10:12:21+00:00","dateModified":"2025-09-25T06:14:32+00:00","description":"Berufsbekleidung Medizin | Arbeitskleidung f\u00fcr Krankenpfleger, Arzthelfer oder andere medizinische Berufe - jetzt mehr erfahren","breadcrumb":{"@id":"https:\/\/www.mp-berufsbekleidung.de\/?page_id=96#breadcrumb"},"inLanguage":"de-AT","potentialAction":[{"@type":"ReadAction","target":["https:\/\/www.mp-berufsbekleidung.de\/?page_id=96"]}]},{"@type":"ImageObject","inLanguage":"de-AT","@id":"https:\/\/www.mp-berufsbekleidung.de\/?page_id=96#primaryimage","url":"https:\/\/www.mp-berufsbekleidung.de\/wp-content\/uploads\/2025\/07\/DSC05775-scaled.jpg","contentUrl":"https:\/\/www.mp-berufsbekleidung.de\/wp-content\/uploads\/2025\/07\/DSC05775-scaled.jpg","width":2560,"height":1707,"caption":"Bei MP Berufsbekleidung findest du klassische Kittel und Hosen \u2013 passgenau und praxisbew\u00e4hrt."},{"@type":"BreadcrumbList","@id":"https:\/\/www.mp-berufsbekleidung.de\/?page_id=96#breadcrumb","itemListElement":[{"@type":"ListItem","position":1,"name":"Startseite","item":"https:\/\/www.mp-berufsbekleidung.de\/"},{"@type":"ListItem","position":2,"name":"Berufsbekleidung Medizin"}]},{"@type":"WebSite","@id":"https:\/\/www.mp-berufsbekleidung.de\/#website","url":"https:\/\/www.mp-berufsbekleidung.de\/","name":"M.P. Berufsbekleidung","description":"","publisher":{"@id":"https:\/\/www.mp-berufsbekleidung.de\/#organization"},"potentialAction":[{"@type":"SearchAction","target":{"@type":"EntryPoint","urlTemplate":"https:\/\/www.mp-berufsbekleidung.de\/?s={search_term_string}"},"query-input":{"@type":"PropertyValueSpecification","valueRequired":true,"valueName":"search_term_string"}}],"inLanguage":"de-AT"},{"@type":"Organization","@id":"https:\/\/www.mp-berufsbekleidung.de\/#organization","name":"M.P. Berufsbekleidung","url":"https:\/\/www.mp-berufsbekleidung.de\/","logo":{"@type":"ImageObject","inLanguage":"de-AT","@id":"https:\/\/www.mp-berufsbekleidung.de\/#\/schema\/logo\/image\/","url":"https:\/\/www.mp-berufsbekleidung.de\/wp-content\/uploads\/2024\/08\/Logo-e1723541335133.png","contentUrl":"https:\/\/www.mp-berufsbekleidung.de\/wp-content\/uploads\/2024\/08\/Logo-e1723541335133.png","width":607,"height":79,"caption":"M.P. Berufsbekleidung"},"image":{"@id":"https:\/\/www.mp-berufsbekleidung.de\/#\/schema\/logo\/image\/"}}]}},"_links":{"self":[{"href":"https:\/\/www.mp-berufsbekleidung.de\/index.php?rest_route=\/wp\/v2\/pages\/96","targetHints":{"allow":["GET"]}}],"collection":[{"href":"https:\/\/www.mp-berufsbekleidung.de\/index.php?rest_route=\/wp\/v2\/pages"}],"about":[{"href":"https:\/\/www.mp-berufsbekleidung.de\/index.php?rest_route=\/wp\/v2\/types\/page"}],"author":[{"embeddable":true,"href":"https:\/\/www.mp-berufsbekleidung.de\/index.php?rest_route=\/wp\/v2\/users\/2"}],"replies":[{"embeddable":true,"href":"https:\/\/www.mp-berufsbekleidung.de\/index.php?rest_route=%2Fwp%2Fv2%2Fcomments&post=96"}],"version-history":[{"count":109,"href":"https:\/\/www.mp-berufsbekleidung.de\/index.php?rest_route=\/wp\/v2\/pages\/96\/revisions"}],"predecessor-version":[{"id":3371,"href":"https:\/\/www.mp-berufsbekleidung.de\/index.php?rest_route=\/wp\/v2\/pages\/96\/revisions\/3371"}],"wp:attachment":[{"href":"https:\/\/www.mp-berufsbekleidung.de\/index.php?rest_route=%2Fwp%2Fv2%2Fmedia&parent=96"}],"curies":[{"name":"wp","href":"https:\/\/api.w.org\/{rel}","templated":true}]}}